{"id":2591,"date":"2023-10-29T15:43:15","date_gmt":"2023-10-29T14:43:15","guid":{"rendered":"https:\/\/www.foodroom.es\/chef-privado\/"},"modified":"2024-12-11T19:30:43","modified_gmt":"2024-12-11T18:30:43","slug":"chef-privado","status":"publish","type":"page","link":"https:\/\/www.foodroom.es\/es\/chef-privado\/","title":{"rendered":"Chef privado"},"content":{"rendered":"\t\t<div data-elementor-type=\"wp-page\" data-elementor-id=\"2591\" class=\"elementor elementor-2591 elementor-169\" data-elementor-post-type=\"page\">\n\t\t\t\t\t\t<section class=\"elementor-section elementor-top-section elementor-element elementor-element-50ce08d elementor-section-height-min-height elementor-section-boxed elementor-section-height-default elementor-section-items-middle\" data-id=\"50ce08d\" data-element_type=\"section\" data-e-type=\"section\" data-settings=\"{&quot;background_background&quot;:&quot;classic&quot;}\">\n\t\t\t\t\t\t\t<div class=\"elementor-background-overlay\"><\/div>\n\t\t\t\t\t\t\t<div class=\"elementor-container elementor-column-gap-default\">\n\t\t\t\t\t<div class=\"elementor-column elementor-col-100 elementor-top-column elementor-element elementor-element-471e23b\" data-id=\"471e23b\" data-element_type=\"column\" data-e-type=\"column\">\n\t\t\t<div class=\"elementor-widget-wrap elementor-element-populated\">\n\t\t\t\t\t\t<section class=\"elementor-section elementor-inner-section elementor-element elementor-element-11b58da elementor-section-boxed elementor-section-height-default elementor-section-height-default\" data-id=\"11b58da\" data-element_type=\"section\" data-e-type=\"section\">\n\t\t\t\t\t\t<div class=\"elementor-container elementor-column-gap-default\">\n\t\t\t\t\t<div class=\"elementor-column elementor-col-100 elementor-inner-column elementor-element elementor-element-22226d2d\" data-id=\"22226d2d\" data-element_type=\"column\" data-e-type=\"column\">\n\t\t\t<div class=\"elementor-widget-wrap elementor-element-populated\">\n\t\t\t\t\t\t<div class=\"elementor-element elementor-element-37e2d3c4 elementor-widget elementor-widget-heading\" data-id=\"37e2d3c4\" data-element_type=\"widget\" data-e-type=\"widget\" data-widget_type=\"heading.default\">\n\t\t\t\t\t<p class=\"elementor-heading-title elementor-size-default\">Chef Privado en Marbella<\/p>\t\t\t\t<\/div>\n\t\t\t\t<div class=\"elementor-element elementor-element-587250f0 elementor-widget elementor-widget-heading\" data-id=\"587250f0\" data-element_type=\"widget\" data-e-type=\"widget\" data-widget_type=\"heading.default\">\n\t\t\t\t\t<p class=\"elementor-heading-title elementor-size-default\">Experiencias culinarias personalizadas \nen tu casa<\/p>\t\t\t\t<\/div>\n\t\t\t\t\t<\/div>\n\t\t<\/div>\n\t\t\t\t\t<\/div>\n\t\t<\/section>\n\t\t\t\t\t<\/div>\n\t\t<\/div>\n\t\t\t\t\t<\/div>\n\t\t<\/section>\n\t\t<div class=\"elementor-element elementor-element-48410797 e-con-full e-flex e-con e-parent\" data-id=\"48410797\" data-element_type=\"container\" data-e-type=\"container\">\n\t\t\t\t<div class=\"elementor-element elementor-element-a29ec0f elementor-widget elementor-widget-spacer\" data-id=\"a29ec0f\" data-element_type=\"widget\" data-e-type=\"widget\" data-widget_type=\"spacer.default\">\n\t\t\t\t\t\t\t<div class=\"elementor-spacer\">\n\t\t\t<div class=\"elementor-spacer-inner\"><\/div>\n\t\t<\/div>\n\t\t\t\t\t\t<\/div>\n\t\t\t\t<\/div>\n\t\t\t\t<section class=\"elementor-section elementor-top-section elementor-element elementor-element-358a8ba2 elementor-section-boxed elementor-section-height-default elementor-section-height-default\" data-id=\"358a8ba2\" data-element_type=\"section\" data-e-type=\"section\">\n\t\t\t\t\t\t<div class=\"elementor-container elementor-column-gap-default\">\n\t\t\t\t\t<div class=\"elementor-column elementor-col-100 elementor-top-column elementor-element elementor-element-662a3e39\" data-id=\"662a3e39\" data-element_type=\"column\" data-e-type=\"column\">\n\t\t\t<div class=\"elementor-widget-wrap elementor-element-populated\">\n\t\t\t\t\t\t<section class=\"elementor-section elementor-inner-section elementor-element elementor-element-43e45c70 elementor-section-boxed elementor-section-height-default elementor-section-height-default\" data-id=\"43e45c70\" data-element_type=\"section\" data-e-type=\"section\">\n\t\t\t\t\t\t<div class=\"elementor-container elementor-column-gap-default\">\n\t\t\t\t\t<div class=\"elementor-column elementor-col-100 elementor-inner-column elementor-element elementor-element-190bbd47\" data-id=\"190bbd47\" data-element_type=\"column\" data-e-type=\"column\">\n\t\t\t<div class=\"elementor-widget-wrap elementor-element-populated\">\n\t\t\t\t\t\t<div class=\"elementor-element elementor-element-462200c elementor-widget elementor-widget-heading\" data-id=\"462200c\" data-element_type=\"widget\" data-e-type=\"widget\" data-widget_type=\"heading.default\">\n\t\t\t\t\t<h2 class=\"elementor-heading-title elementor-size-default\">Disfruta de tus vacaciones en Marbella<\/h2>\t\t\t\t<\/div>\n\t\t\t\t<div class=\"elementor-element elementor-element-25935243 elementor-widget elementor-widget-heading\" data-id=\"25935243\" data-element_type=\"widget\" data-e-type=\"widget\" data-widget_type=\"heading.default\">\n\t\t\t\t\t<h3 class=\"elementor-heading-title elementor-size-default\">con nuestros chefs<\/h3>\t\t\t\t<\/div>\n\t\t\t\t<div class=\"elementor-element elementor-element-2ec6d92a elementor-widget elementor-widget-text-editor\" data-id=\"2ec6d92a\" data-element_type=\"widget\" data-e-type=\"widget\" data-widget_type=\"text-editor.default\">\n\t\t\t\t\t\t\t\t\t<p>Convierte tu hogar en un restaurante de lujo sin salir de casa. Nuestro chef privado se desplaza hasta tu domicilio para ofrecerte un servicio personalizado y exclusivo, adapt\u00e1ndose a tus preferencias y necesidades. Pasa sus vacaciones saboreando exquisitas comidas sin la molestia de cocinar ni la necesidad de acudir a restaurantes. Disfruta del lujo y la exclusividad de un servicio gastron\u00f3mico personalizado. D\u00e9jate sorprender por las creaciones gourmet de nuestro chef privado, quien se encargar\u00e1 de crear un men\u00fa \u00fanico e irrepetible para que tus vacaciones sean realmente inolvidables.<\/p>\n\t\t\t\t\t\t\t\t<\/div>\n\t\t\t\t<div class=\"elementor-element elementor-element-731c9220 elementor-widget elementor-widget-heading\" data-id=\"731c9220\" data-element_type=\"widget\" data-e-type=\"widget\" data-widget_type=\"heading.default\">\n\t\t\t\t\t<h2 class=\"elementor-heading-title elementor-size-default\">Un fest\u00edn para la vista<\/h2>\t\t\t\t<\/div>\n\t\t\t\t\t<\/div>\n\t\t<\/div>\n\t\t\t\t\t<\/div>\n\t\t<\/section>\n\t\t\t\t<section class=\"elementor-section elementor-inner-section elementor-element elementor-element-107a56f5 elementor-section-boxed elementor-section-height-default elementor-section-height-default\" data-id=\"107a56f5\" data-element_type=\"section\" data-e-type=\"section\">\n\t\t\t\t\t\t<div class=\"elementor-container elementor-column-gap-default\">\n\t\t\t\t\t<div class=\"elementor-column elementor-col-100 elementor-inner-column elementor-element elementor-element-50d80363\" data-id=\"50d80363\" data-element_type=\"column\" data-e-type=\"column\">\n\t\t\t<div class=\"elementor-widget-wrap elementor-element-populated\">\n\t\t\t\t\t\t<div class=\"elementor-element elementor-element-5f22c403 elementor-pagination-position-outside elementor-widget elementor-widget-image-carousel\" data-id=\"5f22c403\" data-element_type=\"widget\" data-e-type=\"widget\" data-settings=\"{&quot;slides_to_show&quot;:&quot;3&quot;,&quot;navigation&quot;:&quot;dots&quot;,&quot;autoplay&quot;:&quot;yes&quot;,&quot;pause_on_hover&quot;:&quot;yes&quot;,&quot;pause_on_interaction&quot;:&quot;yes&quot;,&quot;autoplay_speed&quot;:5000,&quot;infinite&quot;:&quot;yes&quot;,&quot;speed&quot;:500,&quot;image_spacing_custom&quot;:{&quot;unit&quot;:&quot;px&quot;,&quot;size&quot;:20,&quot;sizes&quot;:[]},&quot;image_spacing_custom_tablet&quot;:{&quot;unit&quot;:&quot;px&quot;,&quot;size&quot;:&quot;&quot;,&quot;sizes&quot;:[]},&quot;image_spacing_custom_mobile&quot;:{&quot;unit&quot;:&quot;px&quot;,&quot;size&quot;:&quot;&quot;,&quot;sizes&quot;:[]}}\" data-widget_type=\"image-carousel.default\">\n\t\t\t\t\t\t\t<div class=\"elementor-image-carousel-wrapper swiper\" role=\"region\" aria-roledescription=\"carousel\" aria-label=\"Carrusel de im\u00e1genes\" dir=\"ltr\">\n\t\t\t<div class=\"elementor-image-carousel swiper-wrapper\" aria-live=\"off\">\n\t\t\t\t\t\t\t\t<div class=\"swiper-slide\" role=\"group\" aria-roledescription=\"slide\" aria-label=\"1 de 6\"><figure class=\"swiper-slide-inner\"><img decoding=\"async\" class=\"swiper-slide-image\" src=\"https:\/\/www.foodroom.es\/wp-content\/uploads\/2023\/12\/361611629_746578860805790_9106155905689546971_n.jpg\" alt=\"marbella-private-chef-veggies\" \/><\/figure><\/div><div class=\"swiper-slide\" role=\"group\" aria-roledescription=\"slide\" aria-label=\"2 de 6\"><figure class=\"swiper-slide-inner\"><img decoding=\"async\" class=\"swiper-slide-image\" src=\"https:\/\/www.foodroom.es\/wp-content\/uploads\/2023\/12\/363020981_746578864139123_7323744313479923154_n.jpg\" alt=\"marbella-private-chef-fruits\" \/><\/figure><\/div><div class=\"swiper-slide\" role=\"group\" aria-roledescription=\"slide\" aria-label=\"3 de 6\"><figure class=\"swiper-slide-inner\"><img decoding=\"async\" class=\"swiper-slide-image\" src=\"https:\/\/www.foodroom.es\/wp-content\/uploads\/2023\/12\/363317504_746578850805791_7654917389389097307_n.jpg\" alt=\"marbella-private-chef-taboule\" \/><\/figure><\/div><div class=\"swiper-slide\" role=\"group\" aria-roledescription=\"slide\" aria-label=\"4 de 6\"><figure class=\"swiper-slide-inner\"><img decoding=\"async\" class=\"swiper-slide-image\" src=\"https:\/\/www.foodroom.es\/wp-content\/uploads\/2023\/12\/363317883_746578867472456_8509732192312186283_n.jpg\" alt=\"marbella-private-chef-spanish-ham-and-piquitos\" \/><\/figure><\/div><div class=\"swiper-slide\" role=\"group\" aria-roledescription=\"slide\" aria-label=\"5 de 6\"><figure class=\"swiper-slide-inner\"><img decoding=\"async\" class=\"swiper-slide-image\" src=\"https:\/\/www.foodroom.es\/wp-content\/uploads\/2023\/12\/363331335_746578854139124_7908338940627022287_n.jpg\" alt=\"marbella-private-chef-donuts\" \/><\/figure><\/div><div class=\"swiper-slide\" role=\"group\" aria-roledescription=\"slide\" aria-label=\"6 de 6\"><figure class=\"swiper-slide-inner\"><img decoding=\"async\" class=\"swiper-slide-image\" src=\"https:\/\/www.foodroom.es\/wp-content\/uploads\/2023\/12\/363368124_746578857472457_359689457243131032_n.jpg\" alt=\"marbella-private-chef-muffins\" \/><\/figure><\/div>\t\t\t<\/div>\n\t\t\t\t\t\t\t\n\t\t\t\t\t\t\t\t\t<div class=\"swiper-pagination\"><\/div>\n\t\t\t\t\t\t\t\t\t<\/div>\n\t\t\t\t\t\t<\/div>\n\t\t\t\t\t<\/div>\n\t\t<\/div>\n\t\t\t\t\t<\/div>\n\t\t<\/section>\n\t\t\t\t\t<\/div>\n\t\t<\/div>\n\t\t\t\t\t<\/div>\n\t\t<\/section>\n\t\t\t\t<section class=\"elementor-section elementor-top-section elementor-element elementor-element-5bcedffe elementor-section-boxed elementor-section-height-default elementor-section-height-default\" data-id=\"5bcedffe\" data-element_type=\"section\" data-e-type=\"section\">\n\t\t\t\t\t\t<div class=\"elementor-container elementor-column-gap-default\">\n\t\t\t\t\t<div class=\"elementor-column elementor-col-100 elementor-top-column elementor-element elementor-element-6c6af3f0\" data-id=\"6c6af3f0\" data-element_type=\"column\" data-e-type=\"column\">\n\t\t\t<div class=\"elementor-widget-wrap elementor-element-populated\">\n\t\t\t\t\t\t<section class=\"elementor-section elementor-inner-section elementor-element elementor-element-65305049 elementor-section-boxed elementor-section-height-default elementor-section-height-default\" data-id=\"65305049\" data-element_type=\"section\" data-e-type=\"section\">\n\t\t\t\t\t\t<div class=\"elementor-container elementor-column-gap-default\">\n\t\t\t\t\t<div class=\"elementor-column elementor-col-100 elementor-inner-column elementor-element elementor-element-37006bba\" data-id=\"37006bba\" data-element_type=\"column\" data-e-type=\"column\">\n\t\t\t<div class=\"elementor-widget-wrap elementor-element-populated\">\n\t\t\t\t\t\t<div class=\"elementor-element elementor-element-84f5a42 elementor-widget elementor-widget-heading\" data-id=\"84f5a42\" data-element_type=\"widget\" data-e-type=\"widget\" data-widget_type=\"heading.default\">\n\t\t\t\t\t<h2 class=\"elementor-heading-title elementor-size-default\">Delicias gourmet a la puerta de tu casa\n<\/h2>\t\t\t\t<\/div>\n\t\t\t\t<div class=\"elementor-element elementor-element-2b574e16 elementor-widget elementor-widget-text-editor\" data-id=\"2b574e16\" data-element_type=\"widget\" data-e-type=\"widget\" data-widget_type=\"text-editor.default\">\n\t\t\t\t\t\t\t\t\t<p data-sourcepos=\"7:1-7:320\">Marbella Private Chef es un servicio premium que le ofrece un chef personal para crear experiencias culinarias \u00fanicas e irrepetibles, adaptadas a sus gustos y necesidades. Ofrecemos una variedad de servicios para satisfacer tus necesidades, ya sea que est\u00e9 buscando una cena \u00fanica para una ocasi\u00f3n especial o un chef de servicio completo para la duraci\u00f3n de tu estancia en Marbella.<\/p>\n<p data-sourcepos=\"9:1-9:264\"><strong>A nuestros chefs les apasiona la comida y la cocina, y se comprometen a ofrecerte una experiencia culinaria excepcional. S\u00f3lo utilizamos los ingredientes m\u00e1s frescos y de temporada, y creamos men\u00fas adaptados a tus gustos y necesidades diet\u00e9ticas.<\/strong><\/p>\n\t\t\t\t\t\t\t\t<\/div>\n\t\t\t\t\t<\/div>\n\t\t<\/div>\n\t\t\t\t\t<\/div>\n\t\t<\/section>\n\t\t\t\t\t<\/div>\n\t\t<\/div>\n\t\t\t\t\t<\/div>\n\t\t<\/section>\n\t\t<div class=\"elementor-element elementor-element-2e11263b e-con-full e-flex e-con e-parent\" data-id=\"2e11263b\" data-element_type=\"container\" data-e-type=\"container\">\n\t\t<div class=\"elementor-element elementor-element-4e276055 e-con-full e-flex e-con e-child\" data-id=\"4e276055\" data-element_type=\"container\" data-e-type=\"container\" data-settings=\"{&quot;background_background&quot;:&quot;classic&quot;}\">\n\t\t<div class=\"elementor-element elementor-element-f6e9891 e-con-full e-flex e-con e-child\" data-id=\"f6e9891\" data-element_type=\"container\" data-e-type=\"container\">\n\t\t<div class=\"elementor-element elementor-element-2a3ede82 e-con-full e-flex e-con e-child\" data-id=\"2a3ede82\" data-element_type=\"container\" data-e-type=\"container\">\n\t\t\t\t<div class=\"elementor-element elementor-element-2f0a126c elementor-cta--layout-image-above elementor-cta--skin-classic elementor-animated-content elementor-bg-transform elementor-bg-transform-zoom-in elementor-widget elementor-widget-call-to-action\" data-id=\"2f0a126c\" data-element_type=\"widget\" data-e-type=\"widget\" data-widget_type=\"call-to-action.default\">\n\t\t\t\t\t\t\t<div class=\"elementor-cta\">\n\t\t\t\t\t<div class=\"elementor-cta__bg-wrapper\">\n\t\t\t\t<div class=\"elementor-cta__bg elementor-bg\" style=\"background-image: url(https:\/\/www.foodroom.es\/wp-content\/uploads\/2023\/12\/402622381_18300408046130211_4632319781622681892_n-650x650.jpg);\" role=\"img\" aria-label=\"marbella-private-chef-mortadella\"><\/div>\n\t\t\t\t<div class=\"elementor-cta__bg-overlay\"><\/div>\n\t\t\t<\/div>\n\t\t\t\t\t\t\t<div class=\"elementor-cta__content\">\n\t\t\t\t\n\t\t\t\t\t\t\t\t\t<h2 class=\"elementor-cta__title elementor-cta__content-item elementor-content-item\">\n\t\t\t\t\t\tDesayunos\t\t\t\t\t<\/h2>\n\t\t\t\t\n\t\t\t\t\t\t\t\t\t<div class=\"elementor-cta__description elementor-cta__content-item elementor-content-item\">\n\t\t\t\t\t\t<p>Comienza tus vacaciones en Marbella con un desayuno tradicional espa\u00f1ol o m\u00e1s internacional, elaborado con ingredientes frescos de la zona. Desde pan y boller\u00eda reci\u00e9n horneados hasta tortillas y boles de granola, nuestros desayunos ofrecen una gran variedad de opciones para todos los paladares.<\/p>\n\t\t\t\t\t<\/div>\n\t\t\t\t\n\t\t\t\t\t\t\t<\/div>\n\t\t\t\t\t\t<\/div>\n\t\t\t\t\t\t<\/div>\n\t\t\t\t<\/div>\n\t\t<div class=\"elementor-element elementor-element-18a1b373 e-con-full e-flex e-con e-child\" data-id=\"18a1b373\" data-element_type=\"container\" data-e-type=\"container\">\n\t\t\t\t<div class=\"elementor-element elementor-element-40646738 elementor-cta--layout-image-above elementor-widget__width-inherit elementor-cta--skin-classic elementor-animated-content elementor-bg-transform elementor-bg-transform-zoom-in elementor-widget elementor-widget-call-to-action\" data-id=\"40646738\" data-element_type=\"widget\" data-e-type=\"widget\" data-widget_type=\"call-to-action.default\">\n\t\t\t\t\t\t\t<div class=\"elementor-cta\">\n\t\t\t\t\t<div class=\"elementor-cta__bg-wrapper\">\n\t\t\t\t<div class=\"elementor-cta__bg elementor-bg\" style=\"background-image: url(https:\/\/www.foodroom.es\/wp-content\/uploads\/elementor\/thumbs\/363331335_746578854139124_7908338940627022287_n-1-qjlyfdgvog3tw99ow5quf8ivszkfssjw02smowrdkg.jpg);\" role=\"img\" aria-label=\"marbella-private-chef-donuts-2\"><\/div>\n\t\t\t\t<div class=\"elementor-cta__bg-overlay\"><\/div>\n\t\t\t<\/div>\n\t\t\t\t\t\t\t<div class=\"elementor-cta__content\">\n\t\t\t\t\n\t\t\t\t\t\t\t\t\t<h2 class=\"elementor-cta__title elementor-cta__content-item elementor-content-item\">\n\t\t\t\t\t\tBrunch\t\t\t\t\t<\/h2>\n\t\t\t\t\n\t\t\t\t\t\t\t\t\t<div class=\"elementor-cta__description elementor-cta__content-item elementor-content-item\">\n\t\t\t\t\t\t<p>Empieza el d\u00eda con un toque de lujo, deleit\u00e1ndote con nuestros deliciosos men\u00fas de brunch. Nuestros chefs crear\u00e1n un fest\u00edn de sabores para dar el tono a un d\u00eda inolvidable en Marbella. Desde boller\u00eda y cruasanes hasta tortillas y pescado, nuestros brunchs ofrecen el sabor del Mediterr\u00e1neo y m\u00e1s all\u00e1.<\/p>\n\t\t\t\t\t<\/div>\n\t\t\t\t\n\t\t\t\t\t\t\t<\/div>\n\t\t\t\t\t\t<\/div>\n\t\t\t\t\t\t<\/div>\n\t\t\t\t<\/div>\n\t\t<div class=\"elementor-element elementor-element-71c9983 e-con-full e-flex e-con e-child\" data-id=\"71c9983\" data-element_type=\"container\" data-e-type=\"container\">\n\t\t\t\t<div class=\"elementor-element elementor-element-46285f26 elementor-cta--layout-image-above elementor-widget__width-inherit elementor-cta--skin-classic elementor-animated-content elementor-bg-transform elementor-bg-transform-zoom-in elementor-widget elementor-widget-call-to-action\" data-id=\"46285f26\" data-element_type=\"widget\" data-e-type=\"widget\" data-widget_type=\"call-to-action.default\">\n\t\t\t\t\t\t\t<div class=\"elementor-cta\">\n\t\t\t\t\t<div class=\"elementor-cta__bg-wrapper\">\n\t\t\t\t<div class=\"elementor-cta__bg elementor-bg\" style=\"background-image: url(https:\/\/www.foodroom.es\/wp-content\/uploads\/2023\/12\/358688804_737729735024036_1916173426003564867_n.jpg);\" role=\"img\" aria-label=\"marbella-private-chef-mussels\"><\/div>\n\t\t\t\t<div class=\"elementor-cta__bg-overlay\"><\/div>\n\t\t\t<\/div>\n\t\t\t\t\t\t\t<div class=\"elementor-cta__content\">\n\t\t\t\t\n\t\t\t\t\t\t\t\t\t<h2 class=\"elementor-cta__title elementor-cta__content-item elementor-content-item\">\n\t\t\t\t\t\tComida\t\t\t\t\t<\/h2>\n\t\t\t\t\n\t\t\t\t\t\t\t\t\t<div class=\"elementor-cta__description elementor-cta__content-item elementor-content-item\">\n\t\t\t\t\t\t<p>Alim\u00e9ntate y revital\u00edzate con nuestros almuerzos gourmet, dise\u00f1ados para satisfacer tus antojos y dejarle una sensaci\u00f3n de frescor. Nuestros chefs elaborar\u00e1n almuerzos ligeros o copiosos, desde ensaladas frescas hasta pescado a la parrilla, para satisfacer todas tus necesidades.<\/p>\n\t\t\t\t\t<\/div>\n\t\t\t\t\n\t\t\t\t\t\t\t<\/div>\n\t\t\t\t\t\t<\/div>\n\t\t\t\t\t\t<\/div>\n\t\t\t\t<\/div>\n\t\t<div class=\"elementor-element elementor-element-8b50b35 e-con-full e-flex e-con e-child\" data-id=\"8b50b35\" data-element_type=\"container\" data-e-type=\"container\">\n\t\t\t\t<div class=\"elementor-element elementor-element-4c80c0e elementor-cta--layout-image-above elementor-widget__width-inherit elementor-cta--skin-classic elementor-animated-content elementor-bg-transform elementor-bg-transform-zoom-in elementor-widget elementor-widget-call-to-action\" data-id=\"4c80c0e\" data-element_type=\"widget\" data-e-type=\"widget\" data-widget_type=\"call-to-action.default\">\n\t\t\t\t\t\t\t<div class=\"elementor-cta\">\n\t\t\t\t\t<div class=\"elementor-cta__bg-wrapper\">\n\t\t\t\t<div class=\"elementor-cta__bg elementor-bg\" style=\"background-image: url(https:\/\/www.foodroom.es\/wp-content\/uploads\/2023\/12\/380904619_785694733560869_6609939833381123109_n-819x1024.jpg);\" role=\"img\" aria-label=\"marbella-private-chef-plate-set-up\"><\/div>\n\t\t\t\t<div class=\"elementor-cta__bg-overlay\"><\/div>\n\t\t\t<\/div>\n\t\t\t\t\t\t\t<div class=\"elementor-cta__content\">\n\t\t\t\t\n\t\t\t\t\t\t\t\t\t<h2 class=\"elementor-cta__title elementor-cta__content-item elementor-content-item\">\n\t\t\t\t\t\tCenas\t\t\t\t\t<\/h2>\n\t\t\t\t\n\t\t\t\t\t\t\t\t\t<div class=\"elementor-cta__description elementor-cta__content-item elementor-content-item\">\n\t\t\t\t\t\t<p> Convierta cada cena en un viaje culinario inolvidable. Descubra nuestros men\u00fas personalizados, dise\u00f1ados para elevar sus experiencias gastron\u00f3micas a un nuevo nivel, adapt\u00e1ndose a sus preferencias y creando momentos \u00fanicos para cada ocasi\u00f3n especial. Nuestros chefs crear\u00e1n una sinfon\u00eda culinaria que deleitar\u00e1 tus papilas gustativas, desde el tentador marisco mediterr\u00e1neo hasta la abundante comida tradicional espa\u00f1ola.<\/p>\n\t\t\t\t\t<\/div>\n\t\t\t\t\n\t\t\t\t\t\t\t<\/div>\n\t\t\t\t\t\t<\/div>\n\t\t\t\t\t\t<\/div>\n\t\t\t\t<\/div>\n\t\t\t\t<\/div>\n\t\t\t\t<\/div>\n\t\t\t\t<\/div>\n\t\t\t\t<section class=\"elementor-section elementor-top-section elementor-element elementor-element-5111a995 elementor-section-boxed elementor-section-height-default elementor-section-height-default\" data-id=\"5111a995\" data-element_type=\"section\" data-e-type=\"section\">\n\t\t\t\t\t\t<div class=\"elementor-container elementor-column-gap-default\">\n\t\t\t\t\t<div class=\"elementor-column elementor-col-100 elementor-top-column elementor-element elementor-element-299031b2\" data-id=\"299031b2\" data-element_type=\"column\" data-e-type=\"column\">\n\t\t\t<div class=\"elementor-widget-wrap elementor-element-populated\">\n\t\t\t\t\t\t<div class=\"elementor-element elementor-element-34bafc72 elementor-widget elementor-widget-text-editor\" data-id=\"34bafc72\" data-element_type=\"widget\" data-e-type=\"widget\" data-widget_type=\"text-editor.default\">\n\t\t\t\t\t\t\t\t\t<p data-sourcepos=\"3:1-3:107\">Prep\u00e1rate para embarcarte en un tentador viaje a trav\u00e9s del paisaje culinario de Marbella con nuestro Servicio de Chef Privado. Nuestro equipo de apasionados chefs ha escogido una exquisita selecci\u00f3n de platos, elaborados con los mejores ingredientes e impregnados de los vibrantes sabores de Espa\u00f1a.<\/p>\n<p data-sourcepos=\"5:1-5:181\">Desde los manjares m\u00e1s frescos del mar hasta la comida tradicional espa\u00f1ola m\u00e1s sustanciosa, nuestra galer\u00eda muestra la diversidad y el arte de nuestras creaciones culinarias. Deja volar tu imaginaci\u00f3n mientras disfrutas con estas obras maestras culinarias y prep\u00e1rate para saborear la sinfon\u00eda de sabores que te espera.<\/p>\n\t\t\t\t\t\t\t\t<\/div>\n\t\t\t\t<section class=\"elementor-section elementor-inner-section elementor-element elementor-element-7a415546 elementor-section-boxed elementor-section-height-default elementor-section-height-default\" data-id=\"7a415546\" data-element_type=\"section\" data-e-type=\"section\">\n\t\t\t\t\t\t<div class=\"elementor-container elementor-column-gap-default\">\n\t\t\t\t\t<div class=\"elementor-column elementor-col-100 elementor-inner-column elementor-element elementor-element-147d127a\" data-id=\"147d127a\" data-element_type=\"column\" data-e-type=\"column\">\n\t\t\t<div class=\"elementor-widget-wrap\">\n\t\t\t\t\t\t\t<\/div>\n\t\t<\/div>\n\t\t\t\t\t<\/div>\n\t\t<\/section>\n\t\t\t\t<div class=\"elementor-element elementor-element-17a9b56a gallery-spacing-custom elementor-widget elementor-widget-image-gallery\" data-id=\"17a9b56a\" data-element_type=\"widget\" data-e-type=\"widget\" data-widget_type=\"image-gallery.default\">\n\t\t\t\t\t\t\t<div class=\"elementor-image-gallery\">\n\t\t\t<div id='gallery-1' class='gallery galleryid-2591 gallery-columns-4 gallery-size-full'><figure class='gallery-item'>\n\t\t\t<div class='gallery-icon portrait'>\n\t\t\t\t<a data-elementor-open-lightbox=\"yes\" data-elementor-lightbox-slideshow=\"17a9b56a\" data-elementor-lightbox-title=\"marbella-private-chef-breakfast-at-private-venue\" data-elementor-lightbox-description=\"marbella-private-chef-breakfast-at-private-venue\" data-e-action-hash=\"#elementor-action%3Aaction%3Dlightbox%26settings%3DeyJpZCI6MjQ0NiwidXJsIjoiaHR0cHM6XC9cL3d3dy5mb29kcm9vbS5lc1wvd3AtY29udGVudFwvdXBsb2Fkc1wvMjAyM1wvMTJcLzM3NjcyNjkzOV83Nzg3NDA0Mjc1ODk2MzNfNjU2MTQwNTk2MjQ3MjIwMjk4M19uLmpwZyIsInNsaWRlc2hvdyI6IjE3YTliNTZhIn0%3D\" href='https:\/\/www.foodroom.es\/wp-content\/uploads\/2023\/12\/376726939_778740427589633_6561405962472202983_n.jpg'><img fetchpriority=\"high\" decoding=\"async\" width=\"1440\" height=\"1800\" src=\"https:\/\/www.foodroom.es\/wp-content\/uploads\/2023\/12\/376726939_778740427589633_6561405962472202983_n.jpg\" class=\"attachment-full size-full\" alt=\"\" srcset=\"https:\/\/www.foodroom.es\/wp-content\/uploads\/2023\/12\/376726939_778740427589633_6561405962472202983_n.jpg 1440w, https:\/\/www.foodroom.es\/wp-content\/uploads\/2023\/12\/376726939_778740427589633_6561405962472202983_n-240x300.jpg 240w, https:\/\/www.foodroom.es\/wp-content\/uploads\/2023\/12\/376726939_778740427589633_6561405962472202983_n-819x1024.jpg 819w, https:\/\/www.foodroom.es\/wp-content\/uploads\/2023\/12\/376726939_778740427589633_6561405962472202983_n-768x960.jpg 768w, https:\/\/www.foodroom.es\/wp-content\/uploads\/2023\/12\/376726939_778740427589633_6561405962472202983_n-1229x1536.jpg 1229w, https:\/\/www.foodroom.es\/wp-content\/uploads\/2023\/12\/376726939_778740427589633_6561405962472202983_n-600x750.jpg 600w\" sizes=\"(max-width: 1440px) 100vw, 1440px\" \/><\/a>\n\t\t\t<\/div><\/figure><figure class='gallery-item'>\n\t\t\t<div class='gallery-icon portrait'>\n\t\t\t\t<a data-elementor-open-lightbox=\"yes\" data-elementor-lightbox-slideshow=\"17a9b56a\" data-elementor-lightbox-title=\"marbella-private-chef-paella-at-private-venue\" data-elementor-lightbox-description=\"marbella-private-chef-paella-at-private-venue\" data-e-action-hash=\"#elementor-action%3Aaction%3Dlightbox%26settings%3DeyJpZCI6MjQ1MSwidXJsIjoiaHR0cHM6XC9cL3d3dy5mb29kcm9vbS5lc1wvd3AtY29udGVudFwvdXBsb2Fkc1wvMjAyM1wvMTJcLzM3ODY5MjM5MV83ODAxNjA1NDc0NDc2MjFfNTQwMzgwOTMyMDYwMTE3Njg5X24uanBnIiwic2xpZGVzaG93IjoiMTdhOWI1NmEifQ%3D%3D\" href='https:\/\/www.foodroom.es\/wp-content\/uploads\/2023\/12\/378692391_780160547447621_540380932060117689_n.jpg'><img decoding=\"async\" width=\"720\" height=\"900\" src=\"https:\/\/www.foodroom.es\/wp-content\/uploads\/2023\/12\/378692391_780160547447621_540380932060117689_n.jpg\" class=\"attachment-full size-full\" alt=\"\" srcset=\"https:\/\/www.foodroom.es\/wp-content\/uploads\/2023\/12\/378692391_780160547447621_540380932060117689_n.jpg 720w, https:\/\/www.foodroom.es\/wp-content\/uploads\/2023\/12\/378692391_780160547447621_540380932060117689_n-240x300.jpg 240w, https:\/\/www.foodroom.es\/wp-content\/uploads\/2023\/12\/378692391_780160547447621_540380932060117689_n-600x750.jpg 600w\" sizes=\"(max-width: 720px) 100vw, 720px\" \/><\/a>\n\t\t\t<\/div><\/figure><figure class='gallery-item'>\n\t\t\t<div class='gallery-icon portrait'>\n\t\t\t\t<a data-elementor-open-lightbox=\"yes\" data-elementor-lightbox-slideshow=\"17a9b56a\" data-elementor-lightbox-title=\"marbella-private-chef-aubergines-at-private-venue\" data-elementor-lightbox-description=\"marbella-private-chef-aubergines-at-private-venue\" data-e-action-hash=\"#elementor-action%3Aaction%3Dlightbox%26settings%3DeyJpZCI6MjQ0NywidXJsIjoiaHR0cHM6XC9cL3d3dy5mb29kcm9vbS5lc1wvd3AtY29udGVudFwvdXBsb2Fkc1wvMjAyM1wvMTJcLzM3NjgxOTcyM183Nzg3NDA0MTA5MjI5NjhfODA1NTk1MTI3NTgxNzI2MDMxNl9uLmpwZyIsInNsaWRlc2hvdyI6IjE3YTliNTZhIn0%3D\" href='https:\/\/www.foodroom.es\/wp-content\/uploads\/2023\/12\/376819723_778740410922968_8055951275817260316_n.jpg'><img decoding=\"async\" width=\"1440\" height=\"1800\" src=\"https:\/\/www.foodroom.es\/wp-content\/uploads\/2023\/12\/376819723_778740410922968_8055951275817260316_n.jpg\" class=\"attachment-full size-full\" alt=\"\" srcset=\"https:\/\/www.foodroom.es\/wp-content\/uploads\/2023\/12\/376819723_778740410922968_8055951275817260316_n.jpg 1440w, https:\/\/www.foodroom.es\/wp-content\/uploads\/2023\/12\/376819723_778740410922968_8055951275817260316_n-240x300.jpg 240w, https:\/\/www.foodroom.es\/wp-content\/uploads\/2023\/12\/376819723_778740410922968_8055951275817260316_n-819x1024.jpg 819w, https:\/\/www.foodroom.es\/wp-content\/uploads\/2023\/12\/376819723_778740410922968_8055951275817260316_n-768x960.jpg 768w, https:\/\/www.foodroom.es\/wp-content\/uploads\/2023\/12\/376819723_778740410922968_8055951275817260316_n-1229x1536.jpg 1229w, https:\/\/www.foodroom.es\/wp-content\/uploads\/2023\/12\/376819723_778740410922968_8055951275817260316_n-600x750.jpg 600w\" sizes=\"(max-width: 1440px) 100vw, 1440px\" \/><\/a>\n\t\t\t<\/div><\/figure><figure class='gallery-item'>\n\t\t\t<div class='gallery-icon portrait'>\n\t\t\t\t<a data-elementor-open-lightbox=\"yes\" data-elementor-lightbox-slideshow=\"17a9b56a\" data-elementor-lightbox-title=\"marbella-private-chef-breakfast-bocadillos\" data-elementor-lightbox-description=\"marbella-private-chef-breakfast-bocadillos\" data-e-action-hash=\"#elementor-action%3Aaction%3Dlightbox%26settings%3DeyJpZCI6MjQ0OCwidXJsIjoiaHR0cHM6XC9cL3d3dy5mb29kcm9vbS5lc1wvd3AtY29udGVudFwvdXBsb2Fkc1wvMjAyM1wvMTJcLzM3NjgyMDEzN183Nzg3NDA0MzA5MjI5NjZfNjEzMzM2NTcyNjcwOTg0MDc0NV9uLmpwZyIsInNsaWRlc2hvdyI6IjE3YTliNTZhIn0%3D\" href='https:\/\/www.foodroom.es\/wp-content\/uploads\/2023\/12\/376820137_778740430922966_6133365726709840745_n.jpg'><img loading=\"lazy\" decoding=\"async\" width=\"1440\" height=\"1800\" src=\"https:\/\/www.foodroom.es\/wp-content\/uploads\/2023\/12\/376820137_778740430922966_6133365726709840745_n.jpg\" class=\"attachment-full size-full\" alt=\"\" srcset=\"https:\/\/www.foodroom.es\/wp-content\/uploads\/2023\/12\/376820137_778740430922966_6133365726709840745_n.jpg 1440w, https:\/\/www.foodroom.es\/wp-content\/uploads\/2023\/12\/376820137_778740430922966_6133365726709840745_n-240x300.jpg 240w, https:\/\/www.foodroom.es\/wp-content\/uploads\/2023\/12\/376820137_778740430922966_6133365726709840745_n-819x1024.jpg 819w, https:\/\/www.foodroom.es\/wp-content\/uploads\/2023\/12\/376820137_778740430922966_6133365726709840745_n-768x960.jpg 768w, https:\/\/www.foodroom.es\/wp-content\/uploads\/2023\/12\/376820137_778740430922966_6133365726709840745_n-1229x1536.jpg 1229w, https:\/\/www.foodroom.es\/wp-content\/uploads\/2023\/12\/376820137_778740430922966_6133365726709840745_n-600x750.jpg 600w\" sizes=\"(max-width: 1440px) 100vw, 1440px\" \/><\/a>\n\t\t\t<\/div><\/figure><figure class='gallery-item'>\n\t\t\t<div class='gallery-icon portrait'>\n\t\t\t\t<a data-elementor-open-lightbox=\"yes\" data-elementor-lightbox-slideshow=\"17a9b56a\" data-elementor-lightbox-title=\"marbella-private-chef-breakfast-tortilla\" data-elementor-lightbox-description=\"marbella-private-chef-breakfast-tortilla\" data-e-action-hash=\"#elementor-action%3Aaction%3Dlightbox%26settings%3DeyJpZCI6MjQ0OSwidXJsIjoiaHR0cHM6XC9cL3d3dy5mb29kcm9vbS5lc1wvd3AtY29udGVudFwvdXBsb2Fkc1wvMjAyM1wvMTJcLzM3ODY3NjQ3MV83ODAxNjA1NTQxMTQyODdfODQ3OTEzODE2NTU4NjQ4MzI0OF9uLmpwZyIsInNsaWRlc2hvdyI6IjE3YTliNTZhIn0%3D\" href='https:\/\/www.foodroom.es\/wp-content\/uploads\/2023\/12\/378676471_780160554114287_8479138165586483248_n.jpg'><img loading=\"lazy\" decoding=\"async\" width=\"720\" height=\"900\" src=\"https:\/\/www.foodroom.es\/wp-content\/uploads\/2023\/12\/378676471_780160554114287_8479138165586483248_n.jpg\" class=\"attachment-full size-full\" alt=\"\" srcset=\"https:\/\/www.foodroom.es\/wp-content\/uploads\/2023\/12\/378676471_780160554114287_8479138165586483248_n.jpg 720w, https:\/\/www.foodroom.es\/wp-content\/uploads\/2023\/12\/378676471_780160554114287_8479138165586483248_n-240x300.jpg 240w, https:\/\/www.foodroom.es\/wp-content\/uploads\/2023\/12\/378676471_780160554114287_8479138165586483248_n-600x750.jpg 600w\" sizes=\"(max-width: 720px) 100vw, 720px\" \/><\/a>\n\t\t\t<\/div><\/figure><figure class='gallery-item'>\n\t\t\t<div class='gallery-icon portrait'>\n\t\t\t\t<a data-elementor-open-lightbox=\"yes\" data-elementor-lightbox-slideshow=\"17a9b56a\" data-elementor-lightbox-title=\"marbella-private-chef-dessert\" data-elementor-lightbox-description=\"marbella-private-chef-dessert\" data-e-action-hash=\"#elementor-action%3Aaction%3Dlightbox%26settings%3DeyJpZCI6MjQ1MCwidXJsIjoiaHR0cHM6XC9cL3d3dy5mb29kcm9vbS5lc1wvd3AtY29udGVudFwvdXBsb2Fkc1wvMjAyM1wvMTJcLzM3ODY5MTA1NF83ODAxNjA1NTA3ODA5NTRfMTMyOTM5MDkzMzgxMDMzNzE2NV9uLmpwZyIsInNsaWRlc2hvdyI6IjE3YTliNTZhIn0%3D\" href='https:\/\/www.foodroom.es\/wp-content\/uploads\/2023\/12\/378691054_780160550780954_1329390933810337165_n.jpg'><img loading=\"lazy\" decoding=\"async\" width=\"1440\" height=\"1791\" src=\"https:\/\/www.foodroom.es\/wp-content\/uploads\/2023\/12\/378691054_780160550780954_1329390933810337165_n.jpg\" class=\"attachment-full size-full\" alt=\"\" srcset=\"https:\/\/www.foodroom.es\/wp-content\/uploads\/2023\/12\/378691054_780160550780954_1329390933810337165_n.jpg 1440w, https:\/\/www.foodroom.es\/wp-content\/uploads\/2023\/12\/378691054_780160550780954_1329390933810337165_n-241x300.jpg 241w, https:\/\/www.foodroom.es\/wp-content\/uploads\/2023\/12\/378691054_780160550780954_1329390933810337165_n-823x1024.jpg 823w, https:\/\/www.foodroom.es\/wp-content\/uploads\/2023\/12\/378691054_780160550780954_1329390933810337165_n-768x955.jpg 768w, https:\/\/www.foodroom.es\/wp-content\/uploads\/2023\/12\/378691054_780160550780954_1329390933810337165_n-1235x1536.jpg 1235w, https:\/\/www.foodroom.es\/wp-content\/uploads\/2023\/12\/378691054_780160550780954_1329390933810337165_n-600x746.jpg 600w\" sizes=\"(max-width: 1440px) 100vw, 1440px\" \/><\/a>\n\t\t\t<\/div><\/figure><figure class='gallery-item'>\n\t\t\t<div class='gallery-icon portrait'>\n\t\t\t\t<a data-elementor-open-lightbox=\"yes\" data-elementor-lightbox-slideshow=\"17a9b56a\" data-elementor-lightbox-title=\"marbella-private-chef-salad\" data-elementor-lightbox-description=\"marbella-private-chef-salad\" data-e-action-hash=\"#elementor-action%3Aaction%3Dlightbox%26settings%3DeyJpZCI6MjQ1MiwidXJsIjoiaHR0cHM6XC9cL3d3dy5mb29kcm9vbS5lc1wvd3AtY29udGVudFwvdXBsb2Fkc1wvMjAyM1wvMTJcLzM4MDkyMDUwOF83ODU2OTQ3NDAyMjc1MzVfNTc1OTIxNTMzODU4NDYzNTQ4Ml9uLmpwZyIsInNsaWRlc2hvdyI6IjE3YTliNTZhIn0%3D\" href='https:\/\/www.foodroom.es\/wp-content\/uploads\/2023\/12\/380920508_785694740227535_5759215338584635482_n.jpg'><img loading=\"lazy\" decoding=\"async\" width=\"1440\" height=\"1800\" src=\"https:\/\/www.foodroom.es\/wp-content\/uploads\/2023\/12\/380920508_785694740227535_5759215338584635482_n.jpg\" class=\"attachment-full size-full\" alt=\"\" srcset=\"https:\/\/www.foodroom.es\/wp-content\/uploads\/2023\/12\/380920508_785694740227535_5759215338584635482_n.jpg 1440w, https:\/\/www.foodroom.es\/wp-content\/uploads\/2023\/12\/380920508_785694740227535_5759215338584635482_n-240x300.jpg 240w, https:\/\/www.foodroom.es\/wp-content\/uploads\/2023\/12\/380920508_785694740227535_5759215338584635482_n-819x1024.jpg 819w, https:\/\/www.foodroom.es\/wp-content\/uploads\/2023\/12\/380920508_785694740227535_5759215338584635482_n-768x960.jpg 768w, https:\/\/www.foodroom.es\/wp-content\/uploads\/2023\/12\/380920508_785694740227535_5759215338584635482_n-1229x1536.jpg 1229w, https:\/\/www.foodroom.es\/wp-content\/uploads\/2023\/12\/380920508_785694740227535_5759215338584635482_n-600x750.jpg 600w\" sizes=\"(max-width: 1440px) 100vw, 1440px\" \/><\/a>\n\t\t\t<\/div><\/figure><figure class='gallery-item'>\n\t\t\t<div class='gallery-icon portrait'>\n\t\t\t\t<a data-elementor-open-lightbox=\"yes\" data-elementor-lightbox-slideshow=\"17a9b56a\" data-elementor-lightbox-title=\"marbella-private-chef-meat-cut\" data-elementor-lightbox-description=\"marbella-private-chef-meat-cut\" data-e-action-hash=\"#elementor-action%3Aaction%3Dlightbox%26settings%3DeyJpZCI6MjQ1MywidXJsIjoiaHR0cHM6XC9cL3d3dy5mb29kcm9vbS5lc1wvd3AtY29udGVudFwvdXBsb2Fkc1wvMjAyM1wvMTJcLzM4MDkzOTIyNF83ODU2OTQ3MjY4OTQyMDNfMTgzNTM3NjEyMzQyODQ5NDM2NF9uLmpwZyIsInNsaWRlc2hvdyI6IjE3YTliNTZhIn0%3D\" href='https:\/\/www.foodroom.es\/wp-content\/uploads\/2023\/12\/380939224_785694726894203_1835376123428494364_n.jpg'><img loading=\"lazy\" decoding=\"async\" width=\"1440\" height=\"1791\" src=\"https:\/\/www.foodroom.es\/wp-content\/uploads\/2023\/12\/380939224_785694726894203_1835376123428494364_n.jpg\" class=\"attachment-full size-full\" alt=\"\" srcset=\"https:\/\/www.foodroom.es\/wp-content\/uploads\/2023\/12\/380939224_785694726894203_1835376123428494364_n.jpg 1440w, https:\/\/www.foodroom.es\/wp-content\/uploads\/2023\/12\/380939224_785694726894203_1835376123428494364_n-241x300.jpg 241w, https:\/\/www.foodroom.es\/wp-content\/uploads\/2023\/12\/380939224_785694726894203_1835376123428494364_n-823x1024.jpg 823w, https:\/\/www.foodroom.es\/wp-content\/uploads\/2023\/12\/380939224_785694726894203_1835376123428494364_n-768x955.jpg 768w, https:\/\/www.foodroom.es\/wp-content\/uploads\/2023\/12\/380939224_785694726894203_1835376123428494364_n-1235x1536.jpg 1235w, https:\/\/www.foodroom.es\/wp-content\/uploads\/2023\/12\/380939224_785694726894203_1835376123428494364_n-600x746.jpg 600w\" sizes=\"(max-width: 1440px) 100vw, 1440px\" \/><\/a>\n\t\t\t<\/div><\/figure>\n\t\t<\/div>\n\t\t<\/div>\n\t\t\t\t\t\t<\/div>\n\t\t\t\t<section class=\"elementor-section elementor-inner-section elementor-element elementor-element-476a9950 elementor-reverse-tablet elementor-reverse-mobile elementor-section-boxed elementor-section-height-default elementor-section-height-default\" data-id=\"476a9950\" data-element_type=\"section\" data-e-type=\"section\">\n\t\t\t\t\t\t<div class=\"elementor-container elementor-column-gap-no\">\n\t\t\t\t\t<div class=\"elementor-column elementor-col-50 elementor-inner-column elementor-element elementor-element-3489b382\" data-id=\"3489b382\" data-element_type=\"column\" data-e-type=\"column\">\n\t\t\t<div class=\"elementor-widget-wrap elementor-element-populated\">\n\t\t\t\t\t\t<div class=\"elementor-element elementor-element-237746c8 elementor-widget elementor-widget-heading\" data-id=\"237746c8\" data-element_type=\"widget\" data-e-type=\"widget\" data-widget_type=\"heading.default\">\n\t\t\t\t\t<h2 class=\"elementor-heading-title elementor-size-default\">Beneficios de un Chef Privado en Marbella<\/h2>\t\t\t\t<\/div>\n\t\t\t\t<div class=\"elementor-element elementor-element-23f86a95 elementor-widget elementor-widget-heading\" data-id=\"23f86a95\" data-element_type=\"widget\" data-e-type=\"widget\" data-widget_type=\"heading.default\">\n\t\t\t\t\t<h2 class=\"elementor-heading-title elementor-size-default\">\u00bfPor qu\u00e9 elegir nuestro servicio de chef privado?<\/h2>\t\t\t\t<\/div>\n\t\t\t\t<div class=\"elementor-element elementor-element-9edce1c elementor-widget elementor-widget-icon-box\" data-id=\"9edce1c\" data-element_type=\"widget\" data-e-type=\"widget\" data-widget_type=\"icon-box.default\">\n\t\t\t\t\t\t\t<div class=\"elementor-icon-box-wrapper\">\n\n\t\t\t\n\t\t\t\t\t\t<div class=\"elementor-icon-box-content\">\n\n\t\t\t\t\t\t\t\t\t<h3 class=\"elementor-icon-box-title\">\n\t\t\t\t\t\t<span  >\n\t\t\t\t\t\t\tExquisitas experiencias culinarias\t\t\t\t\t\t<\/span>\n\t\t\t\t\t<\/h3>\n\t\t\t\t\n\t\t\t\t\t\t\t\t\t<p class=\"elementor-icon-box-description\">\n\t\t\t\t\t\tDeleite su paladar con una variedad de exquisitas experiencias culinarias elaboradas por nuestros apasionados chefs. Desde el apetitoso marisco mediterr\u00e1neo hasta la abundante comida tradicional espa\u00f1ola, nuestros men\u00fas est\u00e1n dise\u00f1ados para deleitar sus sentidos y dejarle con ganas de m\u00e1s.\t\t\t\t\t<\/p>\n\t\t\t\t\n\t\t\t<\/div>\n\t\t\t\n\t\t<\/div>\n\t\t\t\t\t\t<\/div>\n\t\t\t\t<div class=\"elementor-element elementor-element-8ad19ed elementor-widget elementor-widget-icon-box\" data-id=\"8ad19ed\" data-element_type=\"widget\" data-e-type=\"widget\" data-widget_type=\"icon-box.default\">\n\t\t\t\t\t\t\t<div class=\"elementor-icon-box-wrapper\">\n\n\t\t\t\n\t\t\t\t\t\t<div class=\"elementor-icon-box-content\">\n\n\t\t\t\t\t\t\t\t\t<h3 class=\"elementor-icon-box-title\">\n\t\t\t\t\t\t<span  >\n\t\t\t\t\t\t\tAtenci\u00f3n personalizada\t\t\t\t\t\t<\/span>\n\t\t\t\t\t<\/h3>\n\t\t\t\t\n\t\t\t\t\t\t\t\t\t<p class=\"elementor-icon-box-description\">\n\t\t\t\t\t\tNuestros chefs se toman el tiempo necesario para entender sus preferencias y necesidades diet\u00e9ticas, asegur\u00e1ndose de que cada plato se adapte a su paladar individual. Creemos que la verdadera esencia de la buena mesa reside en el servicio personalizado, y nos comprometemos a ofrecerle un viaje culinario inolvidable.\t\t\t\t\t<\/p>\n\t\t\t\t\n\t\t\t<\/div>\n\t\t\t\n\t\t<\/div>\n\t\t\t\t\t\t<\/div>\n\t\t\t\t<div class=\"elementor-element elementor-element-70d71fc0 elementor-widget elementor-widget-icon-box\" data-id=\"70d71fc0\" data-element_type=\"widget\" data-e-type=\"widget\" data-widget_type=\"icon-box.default\">\n\t\t\t\t\t\t\t<div class=\"elementor-icon-box-wrapper\">\n\n\t\t\t\n\t\t\t\t\t\t<div class=\"elementor-icon-box-content\">\n\n\t\t\t\t\t\t\t\t\t<h3 class=\"elementor-icon-box-title\">\n\t\t\t\t\t\t<span  >\n\t\t\t\t\t\t\tLujo sin esfuerzo\t\t\t\t\t\t<\/span>\n\t\t\t\t\t<\/h3>\n\t\t\t\t\n\t\t\t\t\t\t\t\t\t<p class=\"elementor-icon-box-description\">\n\t\t\t\t\t\tDesp\u00eddase de las molestias de cocinar y hacer la compra, y deje que nuestros chefs le mimen con una experiencia gastron\u00f3mica sin complicaciones. Nos encargamos de todo, desde la adquisici\u00f3n de los ingredientes m\u00e1s frescos hasta la limpieza despu\u00e9s de la comida, para que usted pueda relajarse y disfrutar de su tiempo libre.\t\t\t\t\t<\/p>\n\t\t\t\t\n\t\t\t<\/div>\n\t\t\t\n\t\t<\/div>\n\t\t\t\t\t\t<\/div>\n\t\t\t\t<div class=\"elementor-element elementor-element-7af44b6 elementor-widget elementor-widget-icon-box\" data-id=\"7af44b6\" data-element_type=\"widget\" data-e-type=\"widget\" data-widget_type=\"icon-box.default\">\n\t\t\t\t\t\t\t<div class=\"elementor-icon-box-wrapper\">\n\n\t\t\t\n\t\t\t\t\t\t<div class=\"elementor-icon-box-content\">\n\n\t\t\t\t\t\t\t\t\t<h3 class=\"elementor-icon-box-title\">\n\t\t\t\t\t\t<span  >\n\t\t\t\t\t\t\tExperiencias vacacionales elevadas\t\t\t\t\t\t<\/span>\n\t\t\t\t\t<\/h3>\n\t\t\t\t\n\t\t\t\t\t\t\t\t\t<p class=\"elementor-icon-box-description\">\n\t\t\t\t\t\tMarbella Private Chef es el complemento perfecto para sus vacaciones en Marbella. Nuestro servicio le permite saborear los sabores de Espa\u00f1a sin sacrificar su valioso tiempo ni su energ\u00eda. Tanto si busca una cena rom\u00e1ntica para dos como un banquete memorable con amigos, nuestros chefs superar\u00e1n sus expectativas.\t\t\t\t\t<\/p>\n\t\t\t\t\n\t\t\t<\/div>\n\t\t\t\n\t\t<\/div>\n\t\t\t\t\t\t<\/div>\n\t\t\t\t\t<\/div>\n\t\t<\/div>\n\t\t\t\t<div class=\"elementor-column elementor-col-50 elementor-inner-column elementor-element elementor-element-31b2f1b4\" data-id=\"31b2f1b4\" data-element_type=\"column\" data-e-type=\"column\">\n\t\t\t<div class=\"elementor-widget-wrap elementor-element-populated\">\n\t\t\t\t\t\t<div class=\"elementor-element elementor-element-4d364bd2 elementor-widget elementor-widget-image\" data-id=\"4d364bd2\" data-element_type=\"widget\" data-e-type=\"widget\" data-widget_type=\"image.default\">\n\t\t\t\t\t\t\t\t\t\t\t\t\t\t\t<img loading=\"lazy\" decoding=\"async\" width=\"800\" height=\"1000\" src=\"https:\/\/www.foodroom.es\/wp-content\/uploads\/2024\/03\/348576434_199556739671994_3384103992090309162_n-819x1024.jpg\" class=\"attachment-large size-large wp-image-2258\" alt=\"\" srcset=\"https:\/\/www.foodroom.es\/wp-content\/uploads\/2024\/03\/348576434_199556739671994_3384103992090309162_n-819x1024.jpg 819w, https:\/\/www.foodroom.es\/wp-content\/uploads\/2024\/03\/348576434_199556739671994_3384103992090309162_n-240x300.jpg 240w, https:\/\/www.foodroom.es\/wp-content\/uploads\/2024\/03\/348576434_199556739671994_3384103992090309162_n-768x960.jpg 768w, https:\/\/www.foodroom.es\/wp-content\/uploads\/2024\/03\/348576434_199556739671994_3384103992090309162_n-1229x1536.jpg 1229w, https:\/\/www.foodroom.es\/wp-content\/uploads\/2024\/03\/348576434_199556739671994_3384103992090309162_n-1320x1650.jpg 1320w, https:\/\/www.foodroom.es\/wp-content\/uploads\/2024\/03\/348576434_199556739671994_3384103992090309162_n-600x750.jpg 600w, https:\/\/www.foodroom.es\/wp-content\/uploads\/2024\/03\/348576434_199556739671994_3384103992090309162_n.jpg 1440w\" sizes=\"(max-width: 800px) 100vw, 800px\" \/>\t\t\t\t\t\t\t\t\t\t\t\t\t\t\t<\/div>\n\t\t\t\t\t<\/div>\n\t\t<\/div>\n\t\t\t\t\t<\/div>\n\t\t<\/section>\n\t\t\t\t\t<\/div>\n\t\t<\/div>\n\t\t\t\t\t<\/div>\n\t\t<\/section>\n\t\t<div class=\"elementor-element elementor-element-79081354 e-con-full e-flex e-con e-parent\" data-id=\"79081354\" data-element_type=\"container\" data-e-type=\"container\">\n\t\t\t\t<div class=\"elementor-element elementor-element-248a32fb elementor-widget elementor-widget-heading\" data-id=\"248a32fb\" data-element_type=\"widget\" data-e-type=\"widget\" data-widget_type=\"heading.default\">\n\t\t\t\t\t<h2 class=\"elementor-heading-title elementor-size-default\">PREGUNTAS M\u00c1S FRECUENTES <\/h2>\t\t\t\t<\/div>\n\t\t\t\t<\/div>\n\t\t<div class=\"elementor-element elementor-element-2911d5c1 e-flex e-con-boxed e-con e-parent\" data-id=\"2911d5c1\" data-element_type=\"container\" data-e-type=\"container\">\n\t\t\t\t\t<div class=\"e-con-inner\">\n\t\t\t\t<div class=\"elementor-element elementor-element-78475e33 elementor-widget elementor-widget-heading\" data-id=\"78475e33\" data-element_type=\"widget\" data-e-type=\"widget\" data-widget_type=\"heading.default\">\n\t\t\t\t\t<h2 class=\"elementor-heading-title elementor-size-default\">Todo lo que necesita saber sobre nuestro servicio de chef privado<\/h2>\t\t\t\t<\/div>\n\t\t\t\t\t<\/div>\n\t\t\t\t<\/div>\n\t\t<div class=\"elementor-element elementor-element-1cdaa226 e-flex e-con-boxed e-con e-parent\" data-id=\"1cdaa226\" data-element_type=\"container\" data-e-type=\"container\">\n\t\t\t\t\t<div class=\"e-con-inner\">\n\t\t<div class=\"elementor-element elementor-element-2ffa365c e-con-full e-flex e-con e-child\" data-id=\"2ffa365c\" data-element_type=\"container\" data-e-type=\"container\">\n\t\t\t\t<div class=\"elementor-element elementor-element-6e0fbfad elementor-widget elementor-widget-heading\" data-id=\"6e0fbfad\" data-element_type=\"widget\" data-e-type=\"widget\" data-widget_type=\"heading.default\">\n\t\t\t\t\t<h3 class=\"elementor-heading-title elementor-size-default\">\u00bfEs el servicio de chef privado de Food Room una buena opci\u00f3n para alguien que quiere disfrutar de comida gourmet sin tener que cocinar?<\/h3>\t\t\t\t<\/div>\n\t\t\t\t<div class=\"elementor-element elementor-element-4c4d6472 elementor-widget elementor-widget-text-editor\" data-id=\"4c4d6472\" data-element_type=\"widget\" data-e-type=\"widget\" data-widget_type=\"text-editor.default\">\n\t\t\t\t\t\t\t\t\t<p data-sourcepos=\"58:1-58:82\">S\u00ed, el Servicio de Chef Privado de Food Room es una excelente opci\u00f3n para cualquiera que quiera experimentar los sabores de Marbella sin tener que pasar tiempo en la cocina. A nuestros chefs les apasiona crear platos deliciosos y nutritivos que har\u00e1n las delicias de su paladar. Tambi\u00e9n nos encargamos de todo, desde comprar los ingredientes hasta poner la mesa, para que usted pueda relajarse y disfrutar de su comida.<\/p>\n\t\t\t\t\t\t\t\t<\/div>\n\t\t\t\t<div class=\"elementor-element elementor-element-72a82f56 elementor-widget elementor-widget-spacer\" data-id=\"72a82f56\" data-element_type=\"widget\" data-e-type=\"widget\" data-widget_type=\"spacer.default\">\n\t\t\t\t\t\t\t<div class=\"elementor-spacer\">\n\t\t\t<div class=\"elementor-spacer-inner\"><\/div>\n\t\t<\/div>\n\t\t\t\t\t\t<\/div>\n\t\t\t\t<div class=\"elementor-element elementor-element-72297702 elementor-widget elementor-widget-heading\" data-id=\"72297702\" data-element_type=\"widget\" data-e-type=\"widget\" data-widget_type=\"heading.default\">\n\t\t\t\t\t<h3 class=\"elementor-heading-title elementor-size-default\">\u00bfQu\u00e9 tipo de men\u00fas ofrece el Servicio de Chef Privado de Food Room?<\/h3>\t\t\t\t<\/div>\n\t\t\t\t<div class=\"elementor-element elementor-element-3b69f029 elementor-widget elementor-widget-text-editor\" data-id=\"3b69f029\" data-element_type=\"widget\" data-e-type=\"widget\" data-widget_type=\"text-editor.default\">\n\t\t\t\t\t\t\t\t\t<p data-sourcepos=\"31:1-31:92\">Ofrecemos una variedad de men\u00fas que se adaptan a diferentes ocasiones y necesidades diet\u00e9ticas. Tanto si busca una cena rom\u00e1ntica para dos, un brunch para toda la familia o un almuerzo sano y nutritivo, tenemos algo para todos los gustos. Nuestros chefs tambi\u00e9n estar\u00e1n encantados de crear men\u00fas personalizados para satisfacer sus preferencias espec\u00edficas.<\/p>\n\t\t\t\t\t\t\t\t<\/div>\n\t\t\t\t<div class=\"elementor-element elementor-element-29f6a892 elementor-widget elementor-widget-heading\" data-id=\"29f6a892\" data-element_type=\"widget\" data-e-type=\"widget\" data-widget_type=\"heading.default\">\n\t\t\t\t\t<h3 class=\"elementor-heading-title elementor-size-default\">\u00bfC\u00f3mo reservo una comida con el servicio de chef privado de Food Room?<\/h3>\t\t\t\t<\/div>\n\t\t\t\t<div class=\"elementor-element elementor-element-7d837c31 elementor-widget elementor-widget-text-editor\" data-id=\"7d837c31\" data-element_type=\"widget\" data-e-type=\"widget\" data-widget_type=\"text-editor.default\">\n\t\t\t\t\t\t\t\t\t<p data-sourcepos=\"31:1-31:92\">Es f\u00e1cil reservar una comida con el servicio de chef privado de Food Room. P\u00f3ngase en contacto con nosotros <a href=\"https:\/\/www.foodroom.es\/es\/pongase-en-contacto-con\/\">aqu\u00ed<\/a> o ll\u00e1menos para hablar de sus necesidades. Le pondremos en contacto con un chef para que elabore un men\u00fa acorde con sus preferencias. Una vez que est\u00e9 satisfecho con el men\u00fa, puede hacer una reserva y relajarse mientras nosotros nos ocupamos del resto.<\/p>\n\t\t\t\t\t\t\t\t<\/div>\n\t\t\t\t<\/div>\n\t\t<div class=\"elementor-element elementor-element-2bf5583 e-con-full e-flex e-con e-child\" data-id=\"2bf5583\" data-element_type=\"container\" data-e-type=\"container\">\n\t\t\t\t<div class=\"elementor-element elementor-element-d465e0b elementor-widget elementor-widget-heading\" data-id=\"d465e0b\" data-element_type=\"widget\" data-e-type=\"widget\" data-widget_type=\"heading.default\">\n\t\t\t\t\t<h3 class=\"elementor-heading-title elementor-size-default\"> \u00bfCu\u00e1les son las ventajas de utilizar un servicio de chef privado como el de Food Room?<\/h3>\t\t\t\t<\/div>\n\t\t\t\t<div class=\"elementor-element elementor-element-66ef63cf elementor-widget elementor-widget-text-editor\" data-id=\"66ef63cf\" data-element_type=\"widget\" data-e-type=\"widget\" data-widget_type=\"text-editor.default\">\n\t\t\t\t\t\t\t\t\t<p data-sourcepos=\"9:1-9:90\">Utilizar un servicio de chef privado tiene muchas ventajas. En primer lugar, puedes disfrutar de una comida deliciosa y nutritiva sin tener que cocinar ni limpiar. En segundo lugar, a nuestros chefs les apasiona crear platos adaptados a sus gustos y necesidades diet\u00e9ticas. En tercer lugar, nos encargamos de todo, desde hacer la compra hasta poner la mesa, para que usted pueda relajarse y disfrutar de su comida.<\/p>\n\t\t\t\t\t\t\t\t<\/div>\n\t\t\t\t<div class=\"elementor-element elementor-element-99083e8 elementor-widget elementor-widget-spacer\" data-id=\"99083e8\" data-element_type=\"widget\" data-e-type=\"widget\" data-widget_type=\"spacer.default\">\n\t\t\t\t\t\t\t<div class=\"elementor-spacer\">\n\t\t\t<div class=\"elementor-spacer-inner\"><\/div>\n\t\t<\/div>\n\t\t\t\t\t\t<\/div>\n\t\t\t\t<div class=\"elementor-element elementor-element-241196a9 elementor-widget elementor-widget-heading\" data-id=\"241196a9\" data-element_type=\"widget\" data-e-type=\"widget\" data-widget_type=\"heading.default\">\n\t\t\t\t\t<h3 class=\"elementor-heading-title elementor-size-default\">\u00bfPor qu\u00e9 deber\u00eda elegir el Servicio de Chef Privado de Food Room en lugar de otros servicios de chef privado en Marbella?<\/h3>\t\t\t\t<\/div>\n\t\t\t\t<div class=\"elementor-element elementor-element-c7dce2a elementor-widget elementor-widget-text-editor\" data-id=\"c7dce2a\" data-element_type=\"widget\" data-e-type=\"widget\" data-widget_type=\"text-editor.default\">\n\t\t\t\t\t\t\t\t\t<p data-sourcepos=\"5:1-5:89\">Elija Food Room para disfrutar de una experiencia gastron\u00f3mica \u00fanica, personalizada, creativa e \u00edntima en Marbella. Nuestros chefs aportan experiencia, atenci\u00f3n al detalle y una amplia gama de cocinas para elevar sus cenas privadas.<\/p>\n\t\t\t\t\t\t\t\t<\/div>\n\t\t\t\t<div class=\"elementor-element elementor-element-b4c788b elementor-widget elementor-widget-heading\" data-id=\"b4c788b\" data-element_type=\"widget\" data-e-type=\"widget\" data-widget_type=\"heading.default\">\n\t\t\t\t\t<h3 class=\"elementor-heading-title elementor-size-default\">\u00bfCu\u00e1les son algunos de los platos m\u00e1s populares que sirve el servicio de chef privado de Food Room?<\/h3>\t\t\t\t<\/div>\n\t\t\t\t<div class=\"elementor-element elementor-element-5898c158 elementor-widget elementor-widget-text-editor\" data-id=\"5898c158\" data-element_type=\"widget\" data-e-type=\"widget\" data-widget_type=\"text-editor.default\">\n\t\t\t\t\t\t\t\t\t<p data-sourcepos=\"5:1-5:89\">Algunos de nuestros platos m\u00e1s populares son nuestro pulpo a la parrilla con salsa chimichurri, nuestra paella valenciana y nuestras tradicionales tapas espa\u00f1olas. Tambi\u00e9n ofrecemos una variedad de opciones vegetarianas y veganas.<\/p>\n\t\t\t\t\t\t\t\t<\/div>\n\t\t\t\t<\/div>\n\t\t\t\t\t<\/div>\n\t\t\t\t<\/div>\n\t\t\t\t<section class=\"elementor-section elementor-top-section elementor-element elementor-element-9d3b308 elementor-section-height-min-height elementor-section-boxed elementor-section-height-default elementor-section-items-middle\" data-id=\"9d3b308\" data-element_type=\"section\" data-e-type=\"section\" data-settings=\"{&quot;background_background&quot;:&quot;classic&quot;}\">\n\t\t\t\t\t\t\t<div class=\"elementor-background-overlay\"><\/div>\n\t\t\t\t\t\t\t<div class=\"elementor-container elementor-column-gap-default\">\n\t\t\t\t\t<div class=\"elementor-column elementor-col-100 elementor-top-column elementor-element elementor-element-4caa8766\" data-id=\"4caa8766\" data-element_type=\"column\" data-e-type=\"column\">\n\t\t\t<div class=\"elementor-widget-wrap elementor-element-populated\">\n\t\t\t\t\t\t<div class=\"elementor-element elementor-element-61b1d386 elementor-widget elementor-widget-heading\" data-id=\"61b1d386\" data-element_type=\"widget\" data-e-type=\"widget\" data-widget_type=\"heading.default\">\n\t\t\t\t\t<h2 class=\"elementor-heading-title elementor-size-default\">Solicitar presupuesto<\/h2>\t\t\t\t<\/div>\n\t\t\t\t<div class=\"elementor-element elementor-element-2cbf4703 elementor-widget elementor-widget-heading\" data-id=\"2cbf4703\" data-element_type=\"widget\" data-e-type=\"widget\" data-widget_type=\"heading.default\">\n\t\t\t\t\t<h2 class=\"elementor-heading-title elementor-size-default\">\u00bfPreparado para mejorar su experiencia gastron\u00f3mica?<\/h2>\t\t\t\t<\/div>\n\t\t\t\t<div class=\"elementor-element elementor-element-594ac0ab elementor-widget elementor-widget-text-editor\" data-id=\"594ac0ab\" data-element_type=\"widget\" data-e-type=\"widget\" data-widget_type=\"text-editor.default\">\n\t\t\t\t\t\t\t\t\t<p data-sourcepos=\"5:1-5:157\"><span style=\"vertical-align: inherit;\"><span class=\"\" style=\"vertical-align: inherit;\">Marbella Private Chef es tu puerta de entrada a un viaje culinario inolvidable, donde sabores exquisitos y un servicio personalizado se unen para crear una experiencia gastron\u00f3mica que tentar\u00e1 tu paladar y te dejar\u00e1 con ganas de m\u00e1s.<\/span><\/span><\/p>\n<p data-sourcepos=\"9:1-9:93\">\n\t\t\t\t\t\t\t\t<\/div>\n\t\t\t\t<section class=\"elementor-section elementor-inner-section elementor-element elementor-element-34ab4ec5 elementor-section-boxed elementor-section-height-default elementor-section-height-default\" data-id=\"34ab4ec5\" data-element_type=\"section\" data-e-type=\"section\">\n\t\t\t\t\t\t<div class=\"elementor-container elementor-column-gap-default\">\n\t\t\t\t\t<div class=\"elementor-column elementor-col-100 elementor-inner-column elementor-element elementor-element-9175ccd\" data-id=\"9175ccd\" data-element_type=\"column\" data-e-type=\"column\">\n\t\t\t<div class=\"elementor-widget-wrap elementor-element-populated\">\n\t\t\t\t\t\t<div class=\"elementor-element elementor-element-2d34a8f7 elementor-align-center elementor-widget elementor-widget-button\" data-id=\"2d34a8f7\" data-element_type=\"widget\" data-e-type=\"widget\" data-widget_type=\"button.default\">\n\t\t\t\t\t\t\t\t\t\t<a class=\"elementor-button elementor-button-link elementor-size-lg\" href=\"https:\/\/www.foodroom.es\/es\/pongase-en-contacto-con\/\">\n\t\t\t\t\t\t<span class=\"elementor-button-content-wrapper\">\n\t\t\t\t\t\t\t\t\t<span class=\"elementor-button-text\">P\u00f3nte en contacto con nosotros<\/span>\n\t\t\t\t\t<\/span>\n\t\t\t\t\t<\/a>\n\t\t\t\t\t\t\t\t<\/div>\n\t\t\t\t\t<\/div>\n\t\t<\/div>\n\t\t\t\t\t<\/div>\n\t\t<\/section>\n\t\t\t\t\t<\/div>\n\t\t<\/div>\n\t\t\t\t\t<\/div>\n\t\t<\/section>\n\t\t\t\t<\/div>\n\t\t","protected":false},"excerpt":{"rendered":"<p>Chef Privado en Marbella Experiencias culinarias personalizadas en tu casa Disfruta de tus vacaciones en Marbella con nuestros chefs Convierte tu hogar en un restaurante de lujo sin salir de casa. Nuestro chef privado se desplaza hasta tu domicilio para ofrecerte un servicio personalizado y exclusivo, adapt\u00e1ndose a tus preferencias y necesidades. Pasa sus vacaciones [&hellip;]<\/p>\n","protected":false},"author":1,"featured_media":2376,"parent":0,"menu_order":9,"comment_status":"closed","ping_status":"closed","template":"elementor_header_footer","meta":{"footnotes":""},"class_list":["post-2591","page","type-page","status-publish","has-post-thumbnail","hentry"],"yoast_head":"<!-- This site is optimized with the Yoast SEO plugin v27.5 - https:\/\/yoast.com\/product\/yoast-seo-wordpress\/ -->\n<title>[Marbella Private Chef] Crea Experiencias Gastron\u00f3micas Inolvidables en Casa<\/title>\n<meta name=\"description\" content=\"Disfruta de una cocina de calidad de restaurante en la comodidad de tu propia casa de Marbella con un chef privado de Food Room. Ofrecemos men\u00fas personalizados, ingredientes frescos y un servicio profesional para celebraciones, ocasiones especiales o vacaciones sin estr\u00e9s.\" \/>\n<meta name=\"robots\" content=\"index, follow, max-snippet:-1, max-image-preview:large, max-video-preview:-1\" \/>\n<link rel=\"canonical\" href=\"https:\/\/www.foodroom.es\/es\/chef-privado\/\" \/>\n<meta property=\"og:locale\" content=\"es_ES\" \/>\n<meta property=\"og:type\" content=\"article\" \/>\n<meta property=\"og:title\" content=\"[Marbella Private Chef] Crea Experiencias Gastron\u00f3micas Inolvidables en Casa\" \/>\n<meta property=\"og:description\" content=\"Disfruta de una cocina de calidad de restaurante en la comodidad de tu propia casa de Marbella con un chef privado de Food Room. Ofrecemos men\u00fas personalizados, ingredientes frescos y un servicio profesional para celebraciones, ocasiones especiales o vacaciones sin estr\u00e9s.\" \/>\n<meta property=\"og:url\" content=\"https:\/\/www.foodroom.es\/es\/chef-privado\/\" \/>\n<meta property=\"og:site_name\" content=\"FOOD ROOM\" \/>\n<meta property=\"article:modified_time\" content=\"2024-12-11T18:30:43+00:00\" \/>\n<meta property=\"og:image\" content=\"https:\/\/www.foodroom.es\/wp-content\/uploads\/2023\/11\/Food-Room-3SA-23.jpg\" \/>\n\t<meta property=\"og:image:width\" content=\"1000\" \/>\n\t<meta property=\"og:image:height\" content=\"1500\" \/>\n\t<meta property=\"og:image:type\" content=\"image\/jpeg\" \/>\n<meta name=\"twitter:card\" content=\"summary_large_image\" \/>\n<meta name=\"twitter:label1\" content=\"Tiempo de lectura\" \/>\n\t<meta name=\"twitter:data1\" content=\"7 minutos\" \/>\n<script type=\"application\/ld+json\" class=\"yoast-schema-graph\">{\"@context\":\"https:\\\/\\\/schema.org\",\"@graph\":[{\"@type\":\"WebPage\",\"@id\":\"https:\\\/\\\/www.foodroom.es\\\/es\\\/chef-privado\\\/\",\"url\":\"https:\\\/\\\/www.foodroom.es\\\/es\\\/chef-privado\\\/\",\"name\":\"[Marbella Private Chef] Crea Experiencias Gastron\u00f3micas Inolvidables en Casa\",\"isPartOf\":{\"@id\":\"https:\\\/\\\/www.foodroom.es\\\/#website\"},\"primaryImageOfPage\":{\"@id\":\"https:\\\/\\\/www.foodroom.es\\\/es\\\/chef-privado\\\/#primaryimage\"},\"image\":{\"@id\":\"https:\\\/\\\/www.foodroom.es\\\/es\\\/chef-privado\\\/#primaryimage\"},\"thumbnailUrl\":\"https:\\\/\\\/www.foodroom.es\\\/wp-content\\\/uploads\\\/2023\\\/11\\\/Food-Room-3SA-23.jpg\",\"datePublished\":\"2023-10-29T14:43:15+00:00\",\"dateModified\":\"2024-12-11T18:30:43+00:00\",\"description\":\"Disfruta de una cocina de calidad de restaurante en la comodidad de tu propia casa de Marbella con un chef privado de Food Room. Ofrecemos men\u00fas personalizados, ingredientes frescos y un servicio profesional para celebraciones, ocasiones especiales o vacaciones sin estr\u00e9s.\",\"breadcrumb\":{\"@id\":\"https:\\\/\\\/www.foodroom.es\\\/es\\\/chef-privado\\\/#breadcrumb\"},\"inLanguage\":\"es\",\"potentialAction\":[{\"@type\":\"ReadAction\",\"target\":[\"https:\\\/\\\/www.foodroom.es\\\/es\\\/chef-privado\\\/\"]}]},{\"@type\":\"ImageObject\",\"inLanguage\":\"es\",\"@id\":\"https:\\\/\\\/www.foodroom.es\\\/es\\\/chef-privado\\\/#primaryimage\",\"url\":\"https:\\\/\\\/www.foodroom.es\\\/wp-content\\\/uploads\\\/2023\\\/11\\\/Food-Room-3SA-23.jpg\",\"contentUrl\":\"https:\\\/\\\/www.foodroom.es\\\/wp-content\\\/uploads\\\/2023\\\/11\\\/Food-Room-3SA-23.jpg\",\"width\":1000,\"height\":1500},{\"@type\":\"BreadcrumbList\",\"@id\":\"https:\\\/\\\/www.foodroom.es\\\/es\\\/chef-privado\\\/#breadcrumb\",\"itemListElement\":[{\"@type\":\"ListItem\",\"position\":1,\"name\":\"Home\",\"item\":\"https:\\\/\\\/www.foodroom.es\\\/\"},{\"@type\":\"ListItem\",\"position\":2,\"name\":\"Chef privado\"}]},{\"@type\":\"WebSite\",\"@id\":\"https:\\\/\\\/www.foodroom.es\\\/#website\",\"url\":\"https:\\\/\\\/www.foodroom.es\\\/\",\"name\":\"FOOD ROOM\",\"description\":\"Private and Corporate Catering Services, Private Chef and Cooking Workshops in Marbella\",\"publisher\":{\"@id\":\"https:\\\/\\\/www.foodroom.es\\\/#organization\"},\"potentialAction\":[{\"@type\":\"SearchAction\",\"target\":{\"@type\":\"EntryPoint\",\"urlTemplate\":\"https:\\\/\\\/www.foodroom.es\\\/?s={search_term_string}\"},\"query-input\":{\"@type\":\"PropertyValueSpecification\",\"valueRequired\":true,\"valueName\":\"search_term_string\"}}],\"inLanguage\":\"es\"},{\"@type\":\"Organization\",\"@id\":\"https:\\\/\\\/www.foodroom.es\\\/#organization\",\"name\":\"FOOD ROOM\",\"url\":\"https:\\\/\\\/www.foodroom.es\\\/\",\"logo\":{\"@type\":\"ImageObject\",\"inLanguage\":\"es\",\"@id\":\"https:\\\/\\\/www.foodroom.es\\\/#\\\/schema\\\/logo\\\/image\\\/\",\"url\":\"https:\\\/\\\/www.foodroom.es\\\/wp-content\\\/uploads\\\/2023\\\/10\\\/FoodRoom-1.png\",\"contentUrl\":\"https:\\\/\\\/www.foodroom.es\\\/wp-content\\\/uploads\\\/2023\\\/10\\\/FoodRoom-1.png\",\"width\":922,\"height\":476,\"caption\":\"FOOD ROOM\"},\"image\":{\"@id\":\"https:\\\/\\\/www.foodroom.es\\\/#\\\/schema\\\/logo\\\/image\\\/\"}}]}<\/script>\n<!-- \/ Yoast SEO plugin. -->","yoast_head_json":{"title":"[Marbella Private Chef] Crea Experiencias Gastron\u00f3micas Inolvidables en Casa","description":"Disfruta de una cocina de calidad de restaurante en la comodidad de tu propia casa de Marbella con un chef privado de Food Room. Ofrecemos men\u00fas personalizados, ingredientes frescos y un servicio profesional para celebraciones, ocasiones especiales o vacaciones sin estr\u00e9s.","robots":{"index":"index","follow":"follow","max-snippet":"max-snippet:-1","max-image-preview":"max-image-preview:large","max-video-preview":"max-video-preview:-1"},"canonical":"https:\/\/www.foodroom.es\/es\/chef-privado\/","og_locale":"es_ES","og_type":"article","og_title":"[Marbella Private Chef] Crea Experiencias Gastron\u00f3micas Inolvidables en Casa","og_description":"Disfruta de una cocina de calidad de restaurante en la comodidad de tu propia casa de Marbella con un chef privado de Food Room. Ofrecemos men\u00fas personalizados, ingredientes frescos y un servicio profesional para celebraciones, ocasiones especiales o vacaciones sin estr\u00e9s.","og_url":"https:\/\/www.foodroom.es\/es\/chef-privado\/","og_site_name":"FOOD ROOM","article_modified_time":"2024-12-11T18:30:43+00:00","og_image":[{"width":1000,"height":1500,"url":"https:\/\/www.foodroom.es\/wp-content\/uploads\/2023\/11\/Food-Room-3SA-23.jpg","type":"image\/jpeg"}],"twitter_card":"summary_large_image","twitter_misc":{"Tiempo de lectura":"7 minutos"},"schema":{"@context":"https:\/\/schema.org","@graph":[{"@type":"WebPage","@id":"https:\/\/www.foodroom.es\/es\/chef-privado\/","url":"https:\/\/www.foodroom.es\/es\/chef-privado\/","name":"[Marbella Private Chef] Crea Experiencias Gastron\u00f3micas Inolvidables en Casa","isPartOf":{"@id":"https:\/\/www.foodroom.es\/#website"},"primaryImageOfPage":{"@id":"https:\/\/www.foodroom.es\/es\/chef-privado\/#primaryimage"},"image":{"@id":"https:\/\/www.foodroom.es\/es\/chef-privado\/#primaryimage"},"thumbnailUrl":"https:\/\/www.foodroom.es\/wp-content\/uploads\/2023\/11\/Food-Room-3SA-23.jpg","datePublished":"2023-10-29T14:43:15+00:00","dateModified":"2024-12-11T18:30:43+00:00","description":"Disfruta de una cocina de calidad de restaurante en la comodidad de tu propia casa de Marbella con un chef privado de Food Room. Ofrecemos men\u00fas personalizados, ingredientes frescos y un servicio profesional para celebraciones, ocasiones especiales o vacaciones sin estr\u00e9s.","breadcrumb":{"@id":"https:\/\/www.foodroom.es\/es\/chef-privado\/#breadcrumb"},"inLanguage":"es","potentialAction":[{"@type":"ReadAction","target":["https:\/\/www.foodroom.es\/es\/chef-privado\/"]}]},{"@type":"ImageObject","inLanguage":"es","@id":"https:\/\/www.foodroom.es\/es\/chef-privado\/#primaryimage","url":"https:\/\/www.foodroom.es\/wp-content\/uploads\/2023\/11\/Food-Room-3SA-23.jpg","contentUrl":"https:\/\/www.foodroom.es\/wp-content\/uploads\/2023\/11\/Food-Room-3SA-23.jpg","width":1000,"height":1500},{"@type":"BreadcrumbList","@id":"https:\/\/www.foodroom.es\/es\/chef-privado\/#breadcrumb","itemListElement":[{"@type":"ListItem","position":1,"name":"Home","item":"https:\/\/www.foodroom.es\/"},{"@type":"ListItem","position":2,"name":"Chef privado"}]},{"@type":"WebSite","@id":"https:\/\/www.foodroom.es\/#website","url":"https:\/\/www.foodroom.es\/","name":"FOOD ROOM","description":"Private and Corporate Catering Services, Private Chef and Cooking Workshops in Marbella","publisher":{"@id":"https:\/\/www.foodroom.es\/#organization"},"potentialAction":[{"@type":"SearchAction","target":{"@type":"EntryPoint","urlTemplate":"https:\/\/www.foodroom.es\/?s={search_term_string}"},"query-input":{"@type":"PropertyValueSpecification","valueRequired":true,"valueName":"search_term_string"}}],"inLanguage":"es"},{"@type":"Organization","@id":"https:\/\/www.foodroom.es\/#organization","name":"FOOD ROOM","url":"https:\/\/www.foodroom.es\/","logo":{"@type":"ImageObject","inLanguage":"es","@id":"https:\/\/www.foodroom.es\/#\/schema\/logo\/image\/","url":"https:\/\/www.foodroom.es\/wp-content\/uploads\/2023\/10\/FoodRoom-1.png","contentUrl":"https:\/\/www.foodroom.es\/wp-content\/uploads\/2023\/10\/FoodRoom-1.png","width":922,"height":476,"caption":"FOOD ROOM"},"image":{"@id":"https:\/\/www.foodroom.es\/#\/schema\/logo\/image\/"}}]}},"jetpack_sharing_enabled":true,"_links":{"self":[{"href":"https:\/\/www.foodroom.es\/es\/wp-json\/wp\/v2\/pages\/2591","targetHints":{"allow":["GET"]}}],"collection":[{"href":"https:\/\/www.foodroom.es\/es\/wp-json\/wp\/v2\/pages"}],"about":[{"href":"https:\/\/www.foodroom.es\/es\/wp-json\/wp\/v2\/types\/page"}],"author":[{"embeddable":true,"href":"https:\/\/www.foodroom.es\/es\/wp-json\/wp\/v2\/users\/1"}],"replies":[{"embeddable":true,"href":"https:\/\/www.foodroom.es\/es\/wp-json\/wp\/v2\/comments?post=2591"}],"version-history":[{"count":0,"href":"https:\/\/www.foodroom.es\/es\/wp-json\/wp\/v2\/pages\/2591\/revisions"}],"wp:featuredmedia":[{"embeddable":true,"href":"https:\/\/www.foodroom.es\/es\/wp-json\/wp\/v2\/media\/2376"}],"wp:attachment":[{"href":"https:\/\/www.foodroom.es\/es\/wp-json\/wp\/v2\/media?parent=2591"}],"curies":[{"name":"wp","href":"https:\/\/api.w.org\/{rel}","templated":true}]}}