{"id":2599,"date":"2023-12-07T12:50:23","date_gmt":"2023-12-07T11:50:23","guid":{"rendered":"https:\/\/www.foodroom.es\/catering-para-eventos-corporativos\/"},"modified":"2024-12-11T19:32:37","modified_gmt":"2024-12-11T18:32:37","slug":"catering-para-eventos-corporativos","status":"publish","type":"page","link":"https:\/\/www.foodroom.es\/es\/catering-para-eventos-corporativos\/","title":{"rendered":"Catering para eventos corporativos"},"content":{"rendered":"\t\t<div data-elementor-type=\"wp-page\" data-elementor-id=\"2599\" class=\"elementor elementor-2599 elementor-748\" data-elementor-post-type=\"page\">\n\t\t\t\t\t\t<section class=\"elementor-section elementor-top-section elementor-element elementor-element-520b4890 elementor-section-height-min-height elementor-section-boxed elementor-section-height-default elementor-section-items-middle\" data-id=\"520b4890\" data-element_type=\"section\" data-e-type=\"section\" data-settings=\"{&quot;background_background&quot;:&quot;classic&quot;}\">\n\t\t\t\t\t\t\t<div class=\"elementor-background-overlay\"><\/div>\n\t\t\t\t\t\t\t<div class=\"elementor-container elementor-column-gap-default\">\n\t\t\t\t\t<div class=\"elementor-column elementor-col-100 elementor-top-column elementor-element elementor-element-298306ad\" data-id=\"298306ad\" data-element_type=\"column\" data-e-type=\"column\">\n\t\t\t<div class=\"elementor-widget-wrap elementor-element-populated\">\n\t\t\t\t\t\t<section class=\"elementor-section elementor-inner-section elementor-element elementor-element-7ca0e838 elementor-section-boxed elementor-section-height-default elementor-section-height-default\" data-id=\"7ca0e838\" data-element_type=\"section\" data-e-type=\"section\">\n\t\t\t\t\t\t<div class=\"elementor-container elementor-column-gap-default\">\n\t\t\t\t\t<div class=\"elementor-column elementor-col-100 elementor-inner-column elementor-element elementor-element-636fa226\" data-id=\"636fa226\" data-element_type=\"column\" data-e-type=\"column\">\n\t\t\t<div class=\"elementor-widget-wrap elementor-element-populated\">\n\t\t\t\t\t\t<div class=\"elementor-element elementor-element-27e32941 elementor-widget elementor-widget-heading\" data-id=\"27e32941\" data-element_type=\"widget\" data-e-type=\"widget\" data-widget_type=\"heading.default\">\n\t\t\t\t\t<p class=\"elementor-heading-title elementor-size-default\">Eventos corporativos en Marbella: <\/p>\t\t\t\t<\/div>\n\t\t\t\t<div class=\"elementor-element elementor-element-46bb9f5c elementor-widget elementor-widget-heading\" data-id=\"46bb9f5c\" data-element_type=\"widget\" data-e-type=\"widget\" data-widget_type=\"heading.default\">\n\t\t\t\t\t<p class=\"elementor-heading-title elementor-size-default\">Impresiona a tus invitados con una experiencia excepcional<\/p>\t\t\t\t<\/div>\n\t\t\t\t\t<\/div>\n\t\t<\/div>\n\t\t\t\t\t<\/div>\n\t\t<\/section>\n\t\t\t\t\t<\/div>\n\t\t<\/div>\n\t\t\t\t\t<\/div>\n\t\t<\/section>\n\t\t<div class=\"elementor-element elementor-element-631a64a4 e-con-full e-flex e-con e-parent\" data-id=\"631a64a4\" data-element_type=\"container\" data-e-type=\"container\">\n\t\t\t\t<div class=\"elementor-element elementor-element-e1f996f elementor-widget elementor-widget-spacer\" data-id=\"e1f996f\" data-element_type=\"widget\" data-e-type=\"widget\" data-widget_type=\"spacer.default\">\n\t\t\t\t\t\t\t<div class=\"elementor-spacer\">\n\t\t\t<div class=\"elementor-spacer-inner\"><\/div>\n\t\t<\/div>\n\t\t\t\t\t\t<\/div>\n\t\t\t\t<\/div>\n\t\t\t\t<section class=\"elementor-section elementor-top-section elementor-element elementor-element-5793e351 elementor-section-boxed elementor-section-height-default elementor-section-height-default\" data-id=\"5793e351\" data-element_type=\"section\" data-e-type=\"section\">\n\t\t\t\t\t\t<div class=\"elementor-container elementor-column-gap-default\">\n\t\t\t\t\t<div class=\"elementor-column elementor-col-100 elementor-top-column elementor-element elementor-element-7245b072\" data-id=\"7245b072\" data-element_type=\"column\" data-e-type=\"column\">\n\t\t\t<div class=\"elementor-widget-wrap elementor-element-populated\">\n\t\t\t\t\t\t<section class=\"elementor-section elementor-inner-section elementor-element elementor-element-39a35612 elementor-section-boxed elementor-section-height-default elementor-section-height-default\" data-id=\"39a35612\" data-element_type=\"section\" data-e-type=\"section\">\n\t\t\t\t\t\t<div class=\"elementor-container elementor-column-gap-default\">\n\t\t\t\t\t<div class=\"elementor-column elementor-col-100 elementor-inner-column elementor-element elementor-element-563ac8cd\" data-id=\"563ac8cd\" data-element_type=\"column\" data-e-type=\"column\">\n\t\t\t<div class=\"elementor-widget-wrap elementor-element-populated\">\n\t\t\t\t\t\t<div class=\"elementor-element elementor-element-2a7164d4 elementor-widget elementor-widget-heading\" data-id=\"2a7164d4\" data-element_type=\"widget\" data-e-type=\"widget\" data-widget_type=\"heading.default\">\n\t\t\t\t\t<h2 class=\"elementor-heading-title elementor-size-default\">M\u00e1s all\u00e1 de lo ordinario, hacia lo excepcional<\/h2>\t\t\t\t<\/div>\n\t\t\t\t<div class=\"elementor-element elementor-element-6b462449 elementor-widget elementor-widget-heading\" data-id=\"6b462449\" data-element_type=\"widget\" data-e-type=\"widget\" data-widget_type=\"heading.default\">\n\t\t\t\t\t<h3 class=\"elementor-heading-title elementor-size-default\">Hagamos de tu evento una obra maestra<\/h3>\t\t\t\t<\/div>\n\t\t\t\t<div class=\"elementor-element elementor-element-36213c03 elementor-widget elementor-widget-text-editor\" data-id=\"36213c03\" data-element_type=\"widget\" data-e-type=\"widget\" data-widget_type=\"text-editor.default\">\n\t\t\t\t\t\t\t\t\t<p>Bienvenido a un mundo en el que los eventos corporativos trascienden lo ordinario y se convierten en experiencias extraordinarias. En Food Room, entendemos que cada celebraci\u00f3n empresarial es una oportunidad para mostrar la personalidad y los valores de tu marca, y estamos aqu\u00ed para ayudarte a hacerlo con nuestro excepcional catering y servicio.<\/p>\n\t\t\t\t\t\t\t\t<\/div>\n\t\t\t\t<div class=\"elementor-element elementor-element-48891b9c elementor-widget elementor-widget-heading\" data-id=\"48891b9c\" data-element_type=\"widget\" data-e-type=\"widget\" data-widget_type=\"heading.default\">\n\t\t\t\t\t<h2 class=\"elementor-heading-title elementor-size-default\">Momentos de buen gusto<\/h2>\t\t\t\t<\/div>\n\t\t\t\t\t<\/div>\n\t\t<\/div>\n\t\t\t\t\t<\/div>\n\t\t<\/section>\n\t\t\t\t<section class=\"elementor-section elementor-inner-section elementor-element elementor-element-7bec2dfd elementor-section-boxed elementor-section-height-default elementor-section-height-default\" data-id=\"7bec2dfd\" data-element_type=\"section\" data-e-type=\"section\">\n\t\t\t\t\t\t<div class=\"elementor-container elementor-column-gap-default\">\n\t\t\t\t\t<div class=\"elementor-column elementor-col-100 elementor-inner-column elementor-element elementor-element-142dafb\" data-id=\"142dafb\" data-element_type=\"column\" data-e-type=\"column\">\n\t\t\t<div class=\"elementor-widget-wrap elementor-element-populated\">\n\t\t\t\t\t\t<div class=\"elementor-element elementor-element-34d46269 elementor-widget__width-initial elementor-pagination-position-outside elementor-widget elementor-widget-image-carousel\" data-id=\"34d46269\" data-element_type=\"widget\" data-e-type=\"widget\" data-settings=\"{&quot;slides_to_show&quot;:&quot;3&quot;,&quot;navigation&quot;:&quot;dots&quot;,&quot;autoplay&quot;:&quot;yes&quot;,&quot;pause_on_hover&quot;:&quot;yes&quot;,&quot;pause_on_interaction&quot;:&quot;yes&quot;,&quot;autoplay_speed&quot;:5000,&quot;infinite&quot;:&quot;yes&quot;,&quot;speed&quot;:500,&quot;image_spacing_custom&quot;:{&quot;unit&quot;:&quot;px&quot;,&quot;size&quot;:20,&quot;sizes&quot;:[]},&quot;image_spacing_custom_tablet&quot;:{&quot;unit&quot;:&quot;px&quot;,&quot;size&quot;:&quot;&quot;,&quot;sizes&quot;:[]},&quot;image_spacing_custom_mobile&quot;:{&quot;unit&quot;:&quot;px&quot;,&quot;size&quot;:&quot;&quot;,&quot;sizes&quot;:[]}}\" data-widget_type=\"image-carousel.default\">\n\t\t\t\t\t\t\t<div class=\"elementor-image-carousel-wrapper swiper\" role=\"region\" aria-roledescription=\"carousel\" aria-label=\"Carrusel de im\u00e1genes\" dir=\"ltr\">\n\t\t\t<div class=\"elementor-image-carousel swiper-wrapper\" aria-live=\"off\">\n\t\t\t\t\t\t\t\t<div class=\"swiper-slide\" role=\"group\" aria-roledescription=\"slide\" aria-label=\"1 de 8\"><figure class=\"swiper-slide-inner\"><img decoding=\"async\" class=\"swiper-slide-image\" src=\"https:\/\/www.foodroom.es\/wp-content\/uploads\/2023\/12\/367690243_759305072866502_6151548782116408752_n.jpg\" alt=\"marbella-corporate-event-catering-mini-tacos\" \/><\/figure><\/div><div class=\"swiper-slide\" role=\"group\" aria-roledescription=\"slide\" aria-label=\"2 de 8\"><figure class=\"swiper-slide-inner\"><img decoding=\"async\" class=\"swiper-slide-image\" src=\"https:\/\/www.foodroom.es\/wp-content\/uploads\/2023\/12\/383228508_18293275186130211_9141964497126144962_n.jpg\" alt=\"marbella-corporate-event-catering-fruit-table\" \/><\/figure><\/div><div class=\"swiper-slide\" role=\"group\" aria-roledescription=\"slide\" aria-label=\"3 de 8\"><figure class=\"swiper-slide-inner\"><img decoding=\"async\" class=\"swiper-slide-image\" src=\"https:\/\/www.foodroom.es\/wp-content\/uploads\/2023\/12\/355271694_722769709853372_5590499049712005513_n.jpg\" alt=\"marbella-corporate-event-catering-salmon-cream-cheese-cracker\" \/><\/figure><\/div><div class=\"swiper-slide\" role=\"group\" aria-roledescription=\"slide\" aria-label=\"4 de 8\"><figure class=\"swiper-slide-inner\"><img decoding=\"async\" class=\"swiper-slide-image\" src=\"https:\/\/www.foodroom.es\/wp-content\/uploads\/2023\/12\/384112411_18293275213130211_4263692953777112035_n.jpg\" alt=\"\" \/><\/figure><\/div><div class=\"swiper-slide\" role=\"group\" aria-roledescription=\"slide\" aria-label=\"5 de 8\"><figure class=\"swiper-slide-inner\"><img decoding=\"async\" class=\"swiper-slide-image\" src=\"https:\/\/www.foodroom.es\/wp-content\/uploads\/2023\/12\/355262886_722769706520039_9178488505776810737_n.jpg\" alt=\"marbella-corporate-event-catering-fruit-bites\" \/><\/figure><\/div><div class=\"swiper-slide\" role=\"group\" aria-roledescription=\"slide\" aria-label=\"6 de 8\"><figure class=\"swiper-slide-inner\"><img decoding=\"async\" class=\"swiper-slide-image\" src=\"https:\/\/www.foodroom.es\/wp-content\/uploads\/2023\/12\/354556183_722769716520038_5128278133905699114_n.jpg\" alt=\"marbella-corporate-event-catering-crackers\" \/><\/figure><\/div><div class=\"swiper-slide\" role=\"group\" aria-roledescription=\"slide\" aria-label=\"7 de 8\"><figure class=\"swiper-slide-inner\"><img decoding=\"async\" class=\"swiper-slide-image\" src=\"https:\/\/www.foodroom.es\/wp-content\/uploads\/2023\/12\/386662932_18294558376130211_9118879008698845587_n.jpg\" alt=\"marbella-corporate-event-catering-delicious-bites\" \/><\/figure><\/div><div class=\"swiper-slide\" role=\"group\" aria-roledescription=\"slide\" aria-label=\"8 de 8\"><figure class=\"swiper-slide-inner\"><img decoding=\"async\" class=\"swiper-slide-image\" src=\"https:\/\/www.foodroom.es\/wp-content\/uploads\/2023\/12\/395170544_18297182878130211_1708655753722048452_n.jpg\" alt=\"marbella-corporate-event-catering-ravioli\" \/><\/figure><\/div>\t\t\t<\/div>\n\t\t\t\t\t\t\t\n\t\t\t\t\t\t\t\t\t<div class=\"swiper-pagination\"><\/div>\n\t\t\t\t\t\t\t\t\t<\/div>\n\t\t\t\t\t\t<\/div>\n\t\t\t\t\t<\/div>\n\t\t<\/div>\n\t\t\t\t\t<\/div>\n\t\t<\/section>\n\t\t\t\t\t<\/div>\n\t\t<\/div>\n\t\t\t\t\t<\/div>\n\t\t<\/section>\n\t\t\t\t<section class=\"elementor-section elementor-top-section elementor-element elementor-element-68f8ddb8 elementor-section-boxed elementor-section-height-default elementor-section-height-default\" data-id=\"68f8ddb8\" data-element_type=\"section\" data-e-type=\"section\">\n\t\t\t\t\t\t<div class=\"elementor-container elementor-column-gap-default\">\n\t\t\t\t\t<div class=\"elementor-column elementor-col-100 elementor-top-column elementor-element elementor-element-1155ac61\" data-id=\"1155ac61\" data-element_type=\"column\" data-e-type=\"column\">\n\t\t\t<div class=\"elementor-widget-wrap elementor-element-populated\">\n\t\t\t\t\t\t<section class=\"elementor-section elementor-inner-section elementor-element elementor-element-52a68f83 elementor-section-boxed elementor-section-height-default elementor-section-height-default\" data-id=\"52a68f83\" data-element_type=\"section\" data-e-type=\"section\">\n\t\t\t\t\t\t<div class=\"elementor-container elementor-column-gap-default\">\n\t\t\t\t\t<div class=\"elementor-column elementor-col-100 elementor-inner-column elementor-element elementor-element-571a1e57\" data-id=\"571a1e57\" data-element_type=\"column\" data-e-type=\"column\">\n\t\t\t<div class=\"elementor-widget-wrap elementor-element-populated\">\n\t\t\t\t\t\t<div class=\"elementor-element elementor-element-9edd28e elementor-widget elementor-widget-heading\" data-id=\"9edd28e\" data-element_type=\"widget\" data-e-type=\"widget\" data-widget_type=\"heading.default\">\n\t\t\t\t\t<h2 class=\"elementor-heading-title elementor-size-default\">Mordiscos empresariales: Un fest\u00edn visual<\/h2>\t\t\t\t<\/div>\n\t\t\t\t<div class=\"elementor-element elementor-element-2236e140 elementor-widget elementor-widget-text-editor\" data-id=\"2236e140\" data-element_type=\"widget\" data-e-type=\"widget\" data-widget_type=\"text-editor.default\">\n\t\t\t\t\t\t\t\t\t<p data-sourcepos=\"9:1-9:422\">En el din\u00e1mico \u00e1mbito de las reuniones de empresas, cada evento es un lienzo en blanco a la espera de una obra maestra. En Food Room, nos embarcamos en un viaje culinario que transforma tus eventos corporativos en experiencias impresionantes. Inyectamos creatividad e innovaci\u00f3n en cada detalle, asegur\u00e1ndonos de que tus invitados se encuentren con una sinfon\u00eda de sabores y un toque de elegancia que eleva tu evento a nuevas cotas.<\/p>\n<p data-sourcepos=\"13:1-13:388\">\n\t\t\t\t\t\t\t\t<\/div>\n\t\t\t\t\t<\/div>\n\t\t<\/div>\n\t\t\t\t\t<\/div>\n\t\t<\/section>\n\t\t\t\t\t<\/div>\n\t\t<\/div>\n\t\t\t\t\t<\/div>\n\t\t<\/section>\n\t\t<div class=\"elementor-element elementor-element-30a838f0 e-flex e-con-boxed e-con e-parent\" data-id=\"30a838f0\" data-element_type=\"container\" data-e-type=\"container\">\n\t\t\t\t\t<div class=\"e-con-inner\">\n\t\t<div class=\"elementor-element elementor-element-5d95d089 e-con-full e-flex e-con e-child\" data-id=\"5d95d089\" data-element_type=\"container\" data-e-type=\"container\" data-settings=\"{&quot;background_background&quot;:&quot;classic&quot;}\">\n\t\t<div class=\"elementor-element elementor-element-48f413ea e-con-full e-flex e-con e-child\" data-id=\"48f413ea\" data-element_type=\"container\" data-e-type=\"container\">\n\t\t<div class=\"elementor-element elementor-element-519fa6e7 e-con-full e-flex e-con e-child\" data-id=\"519fa6e7\" data-element_type=\"container\" data-e-type=\"container\">\n\t\t\t\t<div class=\"elementor-element elementor-element-2a2ae78a elementor-cta--layout-image-above elementor-widget__width-inherit elementor-cta--skin-classic elementor-animated-content elementor-bg-transform elementor-bg-transform-zoom-in elementor-widget elementor-widget-call-to-action\" data-id=\"2a2ae78a\" data-element_type=\"widget\" data-e-type=\"widget\" data-widget_type=\"call-to-action.default\">\n\t\t\t\t\t\t\t<div class=\"elementor-cta\">\n\t\t\t\t\t<div class=\"elementor-cta__bg-wrapper\">\n\t\t\t\t<div class=\"elementor-cta__bg elementor-bg\" style=\"background-image: url(https:\/\/www.foodroom.es\/wp-content\/uploads\/2023\/12\/355165395_724683806328629_7360580023438274124_n.jpg);\" role=\"img\" aria-label=\"marbella-corporate-event-catering-shop-event\"><\/div>\n\t\t\t\t<div class=\"elementor-cta__bg-overlay\"><\/div>\n\t\t\t<\/div>\n\t\t\t\t\t\t\t<div class=\"elementor-cta__content\">\n\t\t\t\t\n\t\t\t\t\t\t\t\t\t<h2 class=\"elementor-cta__title elementor-cta__content-item elementor-content-item\">\n\t\t\t\t\t\tExperiencias para recordar\t\t\t\t\t<\/h2>\n\t\t\t\t\n\t\t\t\t\t\t\t\t\t<div class=\"elementor-cta__description elementor-cta__content-item elementor-content-item\">\n\t\t\t\t\t\t<p>Experimenta la m\u00e1xima profesionalidad con nuestro equipo. Integramos a la perfecci\u00f3n nuestros servicios en tu evento, creando una atm\u00f3sfera que no s\u00f3lo cumple tus expectativas corporativas, sino que las supera. Eleva tu evento con experiencias inolvidables.<\/p>\n\t\t\t\t\t<\/div>\n\t\t\t\t\n\t\t\t\t\t\t\t<\/div>\n\t\t\t\t\t\t<\/div>\n\t\t\t\t\t\t<\/div>\n\t\t\t\t<\/div>\n\t\t<div class=\"elementor-element elementor-element-bbedd31 e-con-full e-flex e-con e-child\" data-id=\"bbedd31\" data-element_type=\"container\" data-e-type=\"container\">\n\t\t\t\t<div class=\"elementor-element elementor-element-5c0ae9d9 elementor-cta--layout-image-above elementor-widget__width-inherit elementor-cta--skin-classic elementor-animated-content elementor-bg-transform elementor-bg-transform-zoom-in elementor-widget elementor-widget-call-to-action\" data-id=\"5c0ae9d9\" data-element_type=\"widget\" data-e-type=\"widget\" data-widget_type=\"call-to-action.default\">\n\t\t\t\t\t\t\t<div class=\"elementor-cta\">\n\t\t\t\t\t<div class=\"elementor-cta__bg-wrapper\">\n\t\t\t\t<div class=\"elementor-cta__bg elementor-bg\" style=\"background-image: url(https:\/\/www.foodroom.es\/wp-content\/uploads\/2023\/12\/384120457_18293275195130211_977516513958244046_n.jpg);\" role=\"img\" aria-label=\"marbella-corporate-event-catering-beach-setup\"><\/div>\n\t\t\t\t<div class=\"elementor-cta__bg-overlay\"><\/div>\n\t\t\t<\/div>\n\t\t\t\t\t\t\t<div class=\"elementor-cta__content\">\n\t\t\t\t\n\t\t\t\t\t\t\t\t\t<h2 class=\"elementor-cta__title elementor-cta__content-item elementor-content-item\">\n\t\t\t\t\t\t Gastronom\u00eda de vanguardia\t\t\t\t\t<\/h2>\n\t\t\t\t\n\t\t\t\t\t\t\t\t\t<div class=\"elementor-cta__description elementor-cta__content-item elementor-content-item\">\n\t\t\t\t\t\t<p>No hay dos eventos corporativos iguales, y el catering tampoco deber\u00eda serlo. Creamos men\u00fas a tu medida que se adaptan perfectamente al estilo y ambiente de tu celebraci\u00f3n \u00fanica, para garantizar una experiencia culinaria tan irrepetible como tu evento.<\/p>\n\t\t\t\t\t<\/div>\n\t\t\t\t\n\t\t\t\t\t\t\t<\/div>\n\t\t\t\t\t\t<\/div>\n\t\t\t\t\t\t<\/div>\n\t\t\t\t<\/div>\n\t\t<div class=\"elementor-element elementor-element-1351e39 e-con-full e-flex e-con e-child\" data-id=\"1351e39\" data-element_type=\"container\" data-e-type=\"container\">\n\t\t\t\t<div class=\"elementor-element elementor-element-21d1e231 elementor-cta--layout-image-above elementor-widget__width-inherit elementor-cta--skin-classic elementor-animated-content elementor-bg-transform elementor-bg-transform-zoom-in elementor-widget elementor-widget-call-to-action\" data-id=\"21d1e231\" data-element_type=\"widget\" data-e-type=\"widget\" data-widget_type=\"call-to-action.default\">\n\t\t\t\t\t\t\t<div class=\"elementor-cta\">\n\t\t\t\t\t<div class=\"elementor-cta__bg-wrapper\">\n\t\t\t\t<div class=\"elementor-cta__bg elementor-bg\" style=\"background-image: url(https:\/\/www.foodroom.es\/wp-content\/uploads\/2023\/12\/355122630_722769719853371_2987841099248723697_n.jpg);\" role=\"img\" aria-label=\"marbella-corporate-event-catering-mozarella-skewers\"><\/div>\n\t\t\t\t<div class=\"elementor-cta__bg-overlay\"><\/div>\n\t\t\t<\/div>\n\t\t\t\t\t\t\t<div class=\"elementor-cta__content\">\n\t\t\t\t\n\t\t\t\t\t\t\t\t\t<h2 class=\"elementor-cta__title elementor-cta__content-item elementor-content-item\">\n\t\t\t\t\t\tExcelencia gastron\u00f3mica\t\t\t\t\t<\/h2>\n\t\t\t\t\n\t\t\t\t\t\t\t\t\t<div class=\"elementor-cta__description elementor-cta__content-item elementor-content-item\">\n\t\t\t\t\t\t<p>Emb\u00e1rcate en un viaje culinario que trasciende las expectativas. Nuestras ofertas gourmet est\u00e1n meticulosamente elaboradas para a\u00f1adir un toque de brillantez a tus eventos corporativos. Desde exquisitos canap\u00e9s hasta delicias gourmet, cada plato es una obra maestra.<\/p>\n\t\t\t\t\t<\/div>\n\t\t\t\t\n\t\t\t\t\t\t\t<\/div>\n\t\t\t\t\t\t<\/div>\n\t\t\t\t\t\t<\/div>\n\t\t\t\t<\/div>\n\t\t\t\t<\/div>\n\t\t\t\t<\/div>\n\t\t\t\t\t<\/div>\n\t\t\t\t<\/div>\n\t\t\t\t<section class=\"elementor-section elementor-top-section elementor-element elementor-element-681227f elementor-section-boxed elementor-section-height-default elementor-section-height-default\" data-id=\"681227f\" data-element_type=\"section\" data-e-type=\"section\">\n\t\t\t\t\t\t<div class=\"elementor-container elementor-column-gap-default\">\n\t\t\t\t\t<div class=\"elementor-column elementor-col-100 elementor-top-column elementor-element elementor-element-34677bad\" data-id=\"34677bad\" data-element_type=\"column\" data-e-type=\"column\">\n\t\t\t<div class=\"elementor-widget-wrap elementor-element-populated\">\n\t\t\t\t\t\t<div class=\"elementor-element elementor-element-1823f09b elementor-widget elementor-widget-text-editor\" data-id=\"1823f09b\" data-element_type=\"widget\" data-e-type=\"widget\" data-widget_type=\"text-editor.default\">\n\t\t\t\t\t\t\t\t\t<p data-sourcepos=\"11:1-11:380\">Nuestro compromiso con la excelencia va m\u00e1s all\u00e1 del plato. Integramos a la perfecci\u00f3n nuestros servicios en la estructura de tu evento, garantizando que la experiencia culinaria se convierta en parte integrante de la celebraci\u00f3n global. Con un enfoque en la profesionalidad y la versatilidad, nuestro equipo se adapta a la naturaleza \u00fanica de cada ocasi\u00f3n, creando un ambiente que se alinea con tu identidad corporativa.<\/p>\n<p data-sourcepos=\"13:1-13:388\">Desde eventos deportivos llenos de energ\u00eda a elegantes exposiciones, pasando por cumplea\u00f1os se\u00f1alados o sofisticados eventos navide\u00f1os, nuestro servicio de catering a\u00f1ade un sabor distintivo a tus eventos corporativos. No nos limitamos a dar de comer a tus invitados, sino que creamos una experiencia que refleja la esencia de tu viaje corporativo, una celebraci\u00f3n de tu \u00e9xito y un brindis por los hitos alcanzados.<\/p>\n\t\t\t\t\t\t\t\t<\/div>\n\t\t\t\t<section class=\"elementor-section elementor-inner-section elementor-element elementor-element-206d7b1d elementor-section-boxed elementor-section-height-default elementor-section-height-default\" data-id=\"206d7b1d\" data-element_type=\"section\" data-e-type=\"section\">\n\t\t\t\t\t\t<div class=\"elementor-container elementor-column-gap-default\">\n\t\t\t\t\t<div class=\"elementor-column elementor-col-100 elementor-inner-column elementor-element elementor-element-6e1c1ac\" data-id=\"6e1c1ac\" data-element_type=\"column\" data-e-type=\"column\">\n\t\t\t<div class=\"elementor-widget-wrap\">\n\t\t\t\t\t\t\t<\/div>\n\t\t<\/div>\n\t\t\t\t\t<\/div>\n\t\t<\/section>\n\t\t\t\t<div class=\"elementor-element elementor-element-6bfc3ad0 gallery-spacing-custom elementor-widget elementor-widget-image-gallery\" data-id=\"6bfc3ad0\" data-element_type=\"widget\" data-e-type=\"widget\" data-widget_type=\"image-gallery.default\">\n\t\t\t\t\t\t\t<div class=\"elementor-image-gallery\">\n\t\t\t<div id='gallery-1' class='gallery galleryid-2599 gallery-columns-4 gallery-size-full'><figure class='gallery-item'>\n\t\t\t<div class='gallery-icon portrait'>\n\t\t\t\t<a data-elementor-open-lightbox=\"yes\" data-elementor-lightbox-slideshow=\"6bfc3ad0\" data-elementor-lightbox-title=\"marbella-corporate-event-catering-aubergine-stew\" data-elementor-lightbox-description=\"marbella-corporate-event-catering-aubergine-stew\" data-e-action-hash=\"#elementor-action%3Aaction%3Dlightbox%26settings%3DeyJpZCI6MjQzMiwidXJsIjoiaHR0cHM6XC9cL3d3dy5mb29kcm9vbS5lc1wvd3AtY29udGVudFwvdXBsb2Fkc1wvMjAyM1wvMTJcLzM5NTI2OTIxOV8xODI5NzE4Mjg4NzEzMDIxMV8zMjQ5MTU1NDEyNTAxMTEzMjc5X24uanBnIiwic2xpZGVzaG93IjoiNmJmYzNhZDAifQ%3D%3D\" href='https:\/\/www.foodroom.es\/wp-content\/uploads\/2023\/12\/395269219_18297182887130211_3249155412501113279_n.jpg'><img fetchpriority=\"high\" decoding=\"async\" width=\"720\" height=\"896\" src=\"https:\/\/www.foodroom.es\/wp-content\/uploads\/2023\/12\/395269219_18297182887130211_3249155412501113279_n.jpg\" class=\"attachment-full size-full\" alt=\"\" srcset=\"https:\/\/www.foodroom.es\/wp-content\/uploads\/2023\/12\/395269219_18297182887130211_3249155412501113279_n.jpg 720w, https:\/\/www.foodroom.es\/wp-content\/uploads\/2023\/12\/395269219_18297182887130211_3249155412501113279_n-241x300.jpg 241w, https:\/\/www.foodroom.es\/wp-content\/uploads\/2023\/12\/395269219_18297182887130211_3249155412501113279_n-600x747.jpg 600w\" sizes=\"(max-width: 720px) 100vw, 720px\" \/><\/a>\n\t\t\t<\/div><\/figure><figure class='gallery-item'>\n\t\t\t<div class='gallery-icon portrait'>\n\t\t\t\t<a data-elementor-open-lightbox=\"yes\" data-elementor-lightbox-slideshow=\"6bfc3ad0\" data-elementor-lightbox-title=\"marbella-corporate-event-catering-mini-hamburger\" data-elementor-lightbox-description=\"marbella-corporate-event-catering-mini-hamburger\" data-e-action-hash=\"#elementor-action%3Aaction%3Dlightbox%26settings%3DeyJpZCI6MjQzMSwidXJsIjoiaHR0cHM6XC9cL3d3dy5mb29kcm9vbS5lc1wvd3AtY29udGVudFwvdXBsb2Fkc1wvMjAyM1wvMTJcLzM5NTI1NDEzN18xODI5NzE4MjkxNDEzMDIxMV85MTE4NTU0MzYzMTczOTcxMTAyX24uanBnIiwic2xpZGVzaG93IjoiNmJmYzNhZDAifQ%3D%3D\" href='https:\/\/www.foodroom.es\/wp-content\/uploads\/2023\/12\/395254137_18297182914130211_9118554363173971102_n.jpg'><img decoding=\"async\" width=\"1440\" height=\"1800\" src=\"https:\/\/www.foodroom.es\/wp-content\/uploads\/2023\/12\/395254137_18297182914130211_9118554363173971102_n.jpg\" class=\"attachment-full size-full\" alt=\"\" srcset=\"https:\/\/www.foodroom.es\/wp-content\/uploads\/2023\/12\/395254137_18297182914130211_9118554363173971102_n.jpg 1440w, https:\/\/www.foodroom.es\/wp-content\/uploads\/2023\/12\/395254137_18297182914130211_9118554363173971102_n-240x300.jpg 240w, https:\/\/www.foodroom.es\/wp-content\/uploads\/2023\/12\/395254137_18297182914130211_9118554363173971102_n-819x1024.jpg 819w, https:\/\/www.foodroom.es\/wp-content\/uploads\/2023\/12\/395254137_18297182914130211_9118554363173971102_n-768x960.jpg 768w, https:\/\/www.foodroom.es\/wp-content\/uploads\/2023\/12\/395254137_18297182914130211_9118554363173971102_n-1229x1536.jpg 1229w, https:\/\/www.foodroom.es\/wp-content\/uploads\/2023\/12\/395254137_18297182914130211_9118554363173971102_n-600x750.jpg 600w\" sizes=\"(max-width: 1440px) 100vw, 1440px\" \/><\/a>\n\t\t\t<\/div><\/figure><figure class='gallery-item'>\n\t\t\t<div class='gallery-icon portrait'>\n\t\t\t\t<a data-elementor-open-lightbox=\"yes\" data-elementor-lightbox-slideshow=\"6bfc3ad0\" data-elementor-lightbox-title=\"marbella-corporate-event-catering-mini-tortillas\" data-elementor-lightbox-description=\"marbella-corporate-event-catering-mini-tortillas\" data-e-action-hash=\"#elementor-action%3Aaction%3Dlightbox%26settings%3DeyJpZCI6MjQzMCwidXJsIjoiaHR0cHM6XC9cL3d3dy5mb29kcm9vbS5lc1wvd3AtY29udGVudFwvdXBsb2Fkc1wvMjAyM1wvMTJcLzM5NTIzMDQ3NF8xODI5NzE4Mjg5NjEzMDIxMV8xNTcxMzE1MzUwODgzMTgzMDI0X24uanBnIiwic2xpZGVzaG93IjoiNmJmYzNhZDAifQ%3D%3D\" href='https:\/\/www.foodroom.es\/wp-content\/uploads\/2023\/12\/395230474_18297182896130211_1571315350883183024_n.jpg'><img decoding=\"async\" width=\"720\" height=\"900\" src=\"https:\/\/www.foodroom.es\/wp-content\/uploads\/2023\/12\/395230474_18297182896130211_1571315350883183024_n.jpg\" class=\"attachment-full size-full\" alt=\"\" srcset=\"https:\/\/www.foodroom.es\/wp-content\/uploads\/2023\/12\/395230474_18297182896130211_1571315350883183024_n.jpg 720w, https:\/\/www.foodroom.es\/wp-content\/uploads\/2023\/12\/395230474_18297182896130211_1571315350883183024_n-240x300.jpg 240w, https:\/\/www.foodroom.es\/wp-content\/uploads\/2023\/12\/395230474_18297182896130211_1571315350883183024_n-600x750.jpg 600w\" sizes=\"(max-width: 720px) 100vw, 720px\" \/><\/a>\n\t\t\t<\/div><\/figure><figure class='gallery-item'>\n\t\t\t<div class='gallery-icon portrait'>\n\t\t\t\t<a data-elementor-open-lightbox=\"yes\" data-elementor-lightbox-slideshow=\"6bfc3ad0\" data-elementor-lightbox-title=\"marbella-corporate-event-catering-profiteroles\" data-elementor-lightbox-description=\"marbella-corporate-event-catering-profiteroles\" data-e-action-hash=\"#elementor-action%3Aaction%3Dlightbox%26settings%3DeyJpZCI6MjQyOSwidXJsIjoiaHR0cHM6XC9cL3d3dy5mb29kcm9vbS5lc1wvd3AtY29udGVudFwvdXBsb2Fkc1wvMjAyM1wvMTJcLzM5NTIxNzQ5NF8xODI5NzE4MjkwNTEzMDIxMV8yMTkxMTkyNTA5MTE0OTc1NzZfbi5qcGciLCJzbGlkZXNob3ciOiI2YmZjM2FkMCJ9\" href='https:\/\/www.foodroom.es\/wp-content\/uploads\/2023\/12\/395217494_18297182905130211_219119250911497576_n.jpg'><img loading=\"lazy\" decoding=\"async\" width=\"720\" height=\"896\" src=\"https:\/\/www.foodroom.es\/wp-content\/uploads\/2023\/12\/395217494_18297182905130211_219119250911497576_n.jpg\" class=\"attachment-full size-full\" alt=\"\" srcset=\"https:\/\/www.foodroom.es\/wp-content\/uploads\/2023\/12\/395217494_18297182905130211_219119250911497576_n.jpg 720w, https:\/\/www.foodroom.es\/wp-content\/uploads\/2023\/12\/395217494_18297182905130211_219119250911497576_n-241x300.jpg 241w, https:\/\/www.foodroom.es\/wp-content\/uploads\/2023\/12\/395217494_18297182905130211_219119250911497576_n-600x747.jpg 600w\" sizes=\"(max-width: 720px) 100vw, 720px\" \/><\/a>\n\t\t\t<\/div><\/figure><figure class='gallery-item'>\n\t\t\t<div class='gallery-icon portrait'>\n\t\t\t\t<a data-elementor-open-lightbox=\"yes\" data-elementor-lightbox-slideshow=\"6bfc3ad0\" data-elementor-lightbox-title=\"marbella-corporate-event-catering-croquettes\" data-elementor-lightbox-description=\"marbella-corporate-event-catering-croquettes\" data-e-action-hash=\"#elementor-action%3Aaction%3Dlightbox%26settings%3DeyJpZCI6MjQyNiwidXJsIjoiaHR0cHM6XC9cL3d3dy5mb29kcm9vbS5lc1wvd3AtY29udGVudFwvdXBsb2Fkc1wvMjAyM1wvMTJcLzM5NTE5MzM1MV8xODI5NzE4Mjk2MjEzMDIxMV8yNTk2ODA1OTIzNjAyNDYyNTI0X24uanBnIiwic2xpZGVzaG93IjoiNmJmYzNhZDAifQ%3D%3D\" href='https:\/\/www.foodroom.es\/wp-content\/uploads\/2023\/12\/395193351_18297182962130211_2596805923602462524_n.jpg'><img loading=\"lazy\" decoding=\"async\" width=\"1440\" height=\"1791\" src=\"https:\/\/www.foodroom.es\/wp-content\/uploads\/2023\/12\/395193351_18297182962130211_2596805923602462524_n.jpg\" class=\"attachment-full size-full\" alt=\"\" srcset=\"https:\/\/www.foodroom.es\/wp-content\/uploads\/2023\/12\/395193351_18297182962130211_2596805923602462524_n.jpg 1440w, https:\/\/www.foodroom.es\/wp-content\/uploads\/2023\/12\/395193351_18297182962130211_2596805923602462524_n-241x300.jpg 241w, https:\/\/www.foodroom.es\/wp-content\/uploads\/2023\/12\/395193351_18297182962130211_2596805923602462524_n-823x1024.jpg 823w, https:\/\/www.foodroom.es\/wp-content\/uploads\/2023\/12\/395193351_18297182962130211_2596805923602462524_n-768x955.jpg 768w, https:\/\/www.foodroom.es\/wp-content\/uploads\/2023\/12\/395193351_18297182962130211_2596805923602462524_n-1235x1536.jpg 1235w, https:\/\/www.foodroom.es\/wp-content\/uploads\/2023\/12\/395193351_18297182962130211_2596805923602462524_n-600x746.jpg 600w\" sizes=\"(max-width: 1440px) 100vw, 1440px\" \/><\/a>\n\t\t\t<\/div><\/figure><figure class='gallery-item'>\n\t\t\t<div class='gallery-icon portrait'>\n\t\t\t\t<a data-elementor-open-lightbox=\"yes\" data-elementor-lightbox-slideshow=\"6bfc3ad0\" data-elementor-lightbox-title=\"marbella-corporate-event-catering-squid-spoon\" data-elementor-lightbox-description=\"marbella-corporate-event-catering-squid-spoon\" data-e-action-hash=\"#elementor-action%3Aaction%3Dlightbox%26settings%3DeyJpZCI6MjQyNywidXJsIjoiaHR0cHM6XC9cL3d3dy5mb29kcm9vbS5lc1wvd3AtY29udGVudFwvdXBsb2Fkc1wvMjAyM1wvMTJcLzM5NTIwODkzNF8xODI5NzE4MjkyMzEzMDIxMV84OTUwNTE3NzYzNzY3NjE2NDdfbi5qcGciLCJzbGlkZXNob3ciOiI2YmZjM2FkMCJ9\" href='https:\/\/www.foodroom.es\/wp-content\/uploads\/2023\/12\/395208934_18297182923130211_895051776376761647_n.jpg'><img loading=\"lazy\" decoding=\"async\" width=\"1440\" height=\"1791\" src=\"https:\/\/www.foodroom.es\/wp-content\/uploads\/2023\/12\/395208934_18297182923130211_895051776376761647_n.jpg\" class=\"attachment-full size-full\" alt=\"\" srcset=\"https:\/\/www.foodroom.es\/wp-content\/uploads\/2023\/12\/395208934_18297182923130211_895051776376761647_n.jpg 1440w, https:\/\/www.foodroom.es\/wp-content\/uploads\/2023\/12\/395208934_18297182923130211_895051776376761647_n-241x300.jpg 241w, https:\/\/www.foodroom.es\/wp-content\/uploads\/2023\/12\/395208934_18297182923130211_895051776376761647_n-823x1024.jpg 823w, https:\/\/www.foodroom.es\/wp-content\/uploads\/2023\/12\/395208934_18297182923130211_895051776376761647_n-768x955.jpg 768w, https:\/\/www.foodroom.es\/wp-content\/uploads\/2023\/12\/395208934_18297182923130211_895051776376761647_n-1235x1536.jpg 1235w, https:\/\/www.foodroom.es\/wp-content\/uploads\/2023\/12\/395208934_18297182923130211_895051776376761647_n-600x746.jpg 600w\" sizes=\"(max-width: 1440px) 100vw, 1440px\" \/><\/a>\n\t\t\t<\/div><\/figure><figure class='gallery-item'>\n\t\t\t<div class='gallery-icon portrait'>\n\t\t\t\t<a data-elementor-open-lightbox=\"yes\" data-elementor-lightbox-slideshow=\"6bfc3ad0\" data-elementor-lightbox-title=\"marbella-corporate-event-catering-thai-salmon\" data-elementor-lightbox-description=\"marbella-corporate-event-catering-thai-salmon\" data-e-action-hash=\"#elementor-action%3Aaction%3Dlightbox%26settings%3DeyJpZCI6MjQyOCwidXJsIjoiaHR0cHM6XC9cL3d3dy5mb29kcm9vbS5lc1wvd3AtY29udGVudFwvdXBsb2Fkc1wvMjAyM1wvMTJcLzM5NTIxMDQ2MF8xODI5NzE4Mjk1MzEzMDIxMV8yMTA1NTc4ODYyNzk1NDczNDc5X24uanBnIiwic2xpZGVzaG93IjoiNmJmYzNhZDAifQ%3D%3D\" href='https:\/\/www.foodroom.es\/wp-content\/uploads\/2023\/12\/395210460_18297182953130211_2105578862795473479_n.jpg'><img loading=\"lazy\" decoding=\"async\" width=\"1440\" height=\"1791\" src=\"https:\/\/www.foodroom.es\/wp-content\/uploads\/2023\/12\/395210460_18297182953130211_2105578862795473479_n.jpg\" class=\"attachment-full size-full\" alt=\"\" srcset=\"https:\/\/www.foodroom.es\/wp-content\/uploads\/2023\/12\/395210460_18297182953130211_2105578862795473479_n.jpg 1440w, https:\/\/www.foodroom.es\/wp-content\/uploads\/2023\/12\/395210460_18297182953130211_2105578862795473479_n-241x300.jpg 241w, https:\/\/www.foodroom.es\/wp-content\/uploads\/2023\/12\/395210460_18297182953130211_2105578862795473479_n-823x1024.jpg 823w, https:\/\/www.foodroom.es\/wp-content\/uploads\/2023\/12\/395210460_18297182953130211_2105578862795473479_n-768x955.jpg 768w, https:\/\/www.foodroom.es\/wp-content\/uploads\/2023\/12\/395210460_18297182953130211_2105578862795473479_n-1235x1536.jpg 1235w, https:\/\/www.foodroom.es\/wp-content\/uploads\/2023\/12\/395210460_18297182953130211_2105578862795473479_n-600x746.jpg 600w\" sizes=\"(max-width: 1440px) 100vw, 1440px\" \/><\/a>\n\t\t\t<\/div><\/figure><figure class='gallery-item'>\n\t\t\t<div class='gallery-icon portrait'>\n\t\t\t\t<a data-elementor-open-lightbox=\"yes\" data-elementor-lightbox-slideshow=\"6bfc3ad0\" data-elementor-lightbox-title=\"marbella-corporate-event-catering-foie\" data-elementor-lightbox-description=\"marbella-corporate-event-catering-foie\" data-e-action-hash=\"#elementor-action%3Aaction%3Dlightbox%26settings%3DeyJpZCI6MjQyNSwidXJsIjoiaHR0cHM6XC9cL3d3dy5mb29kcm9vbS5lc1wvd3AtY29udGVudFwvdXBsb2Fkc1wvMjAyM1wvMTJcLzM5NTE3Mzg3MF8xODI5NzE4Mjk0NDEzMDIxMV84NDEwODg5Nzc4MzY0ODg0MzI1X24uanBnIiwic2xpZGVzaG93IjoiNmJmYzNhZDAifQ%3D%3D\" href='https:\/\/www.foodroom.es\/wp-content\/uploads\/2023\/12\/395173870_18297182944130211_8410889778364884325_n.jpg'><img loading=\"lazy\" decoding=\"async\" width=\"1440\" height=\"1791\" src=\"https:\/\/www.foodroom.es\/wp-content\/uploads\/2023\/12\/395173870_18297182944130211_8410889778364884325_n.jpg\" class=\"attachment-full size-full\" alt=\"\" srcset=\"https:\/\/www.foodroom.es\/wp-content\/uploads\/2023\/12\/395173870_18297182944130211_8410889778364884325_n.jpg 1440w, https:\/\/www.foodroom.es\/wp-content\/uploads\/2023\/12\/395173870_18297182944130211_8410889778364884325_n-241x300.jpg 241w, https:\/\/www.foodroom.es\/wp-content\/uploads\/2023\/12\/395173870_18297182944130211_8410889778364884325_n-823x1024.jpg 823w, https:\/\/www.foodroom.es\/wp-content\/uploads\/2023\/12\/395173870_18297182944130211_8410889778364884325_n-768x955.jpg 768w, https:\/\/www.foodroom.es\/wp-content\/uploads\/2023\/12\/395173870_18297182944130211_8410889778364884325_n-1235x1536.jpg 1235w, https:\/\/www.foodroom.es\/wp-content\/uploads\/2023\/12\/395173870_18297182944130211_8410889778364884325_n-600x746.jpg 600w\" sizes=\"(max-width: 1440px) 100vw, 1440px\" \/><\/a>\n\t\t\t<\/div><\/figure>\n\t\t<\/div>\n\t\t<\/div>\n\t\t\t\t\t\t<\/div>\n\t\t\t\t<section class=\"elementor-section elementor-inner-section elementor-element elementor-element-481a824a elementor-reverse-tablet elementor-reverse-mobile elementor-section-boxed elementor-section-height-default elementor-section-height-default\" data-id=\"481a824a\" data-element_type=\"section\" data-e-type=\"section\">\n\t\t\t\t\t\t<div class=\"elementor-container elementor-column-gap-no\">\n\t\t\t\t\t<div class=\"elementor-column elementor-col-50 elementor-inner-column elementor-element elementor-element-5c55bd8c\" data-id=\"5c55bd8c\" data-element_type=\"column\" data-e-type=\"column\">\n\t\t\t<div class=\"elementor-widget-wrap elementor-element-populated\">\n\t\t\t\t\t\t<div class=\"elementor-element elementor-element-165e6329 elementor-widget elementor-widget-heading\" data-id=\"165e6329\" data-element_type=\"widget\" data-e-type=\"widget\" data-widget_type=\"heading.default\">\n\t\t\t\t\t<h2 class=\"elementor-heading-title elementor-size-default\">Ventajas del catering para eventos corporativos en Marbella<\/h2>\t\t\t\t<\/div>\n\t\t\t\t<div class=\"elementor-element elementor-element-292a8aea elementor-widget elementor-widget-heading\" data-id=\"292a8aea\" data-element_type=\"widget\" data-e-type=\"widget\" data-widget_type=\"heading.default\">\n\t\t\t\t\t<h2 class=\"elementor-heading-title elementor-size-default\">\u00bfPor qu\u00e9 elegir el catering para eventos corporativos de Marbella?<\/h2>\t\t\t\t<\/div>\n\t\t\t\t<div class=\"elementor-element elementor-element-52da2af6 elementor-widget elementor-widget-icon-box\" data-id=\"52da2af6\" data-element_type=\"widget\" data-e-type=\"widget\" data-widget_type=\"icon-box.default\">\n\t\t\t\t\t\t\t<div class=\"elementor-icon-box-wrapper\">\n\n\t\t\t\n\t\t\t\t\t\t<div class=\"elementor-icon-box-content\">\n\n\t\t\t\t\t\t\t\t\t<h3 class=\"elementor-icon-box-title\">\n\t\t\t\t\t\t<span  >\n\t\t\t\t\t\t\tViajes culinarios a medida\t\t\t\t\t\t<\/span>\n\t\t\t\t\t<\/h3>\n\t\t\t\t\n\t\t\t\t\t\t\t\t\t<p class=\"elementor-icon-box-description\">\n\t\t\t\t\t\tNuestro catering va m\u00e1s all\u00e1 de servir comida; es un viaje culinario dise\u00f1ado para adaptarse a la esencia de tu evento corporativo. Desde innovadores dise\u00f1os de men\u00fas hasta una presentaci\u00f3n excepcional, adaptamos nuestros servicios para elevar tu celebraci\u00f3n.\t\t\t\t\t<\/p>\n\t\t\t\t\n\t\t\t<\/div>\n\t\t\t\n\t\t<\/div>\n\t\t\t\t\t\t<\/div>\n\t\t\t\t<div class=\"elementor-element elementor-element-6430d26a elementor-widget elementor-widget-icon-box\" data-id=\"6430d26a\" data-element_type=\"widget\" data-e-type=\"widget\" data-widget_type=\"icon-box.default\">\n\t\t\t\t\t\t\t<div class=\"elementor-icon-box-wrapper\">\n\n\t\t\t\n\t\t\t\t\t\t<div class=\"elementor-icon-box-content\">\n\n\t\t\t\t\t\t\t\t\t<h3 class=\"elementor-icon-box-title\">\n\t\t\t\t\t\t<span  >\n\t\t\t\t\t\t\tProfesionalidad redefinida\t\t\t\t\t\t<\/span>\n\t\t\t\t\t<\/h3>\n\t\t\t\t\n\t\t\t\t\t\t\t\t\t<p class=\"elementor-icon-box-description\">\n\t\t\t\t\t\tDisfruta de un servicio impecable y profesional por parte de un equipo que comprende la din\u00e1mica de los eventos corporativos. Nos adaptamos a tu horario, asegur\u00e1ndonos de que cada aspecto del catering realce la profesionalidad de tu celebraci\u00f3n.\t\t\t\t\t<\/p>\n\t\t\t\t\n\t\t\t<\/div>\n\t\t\t\n\t\t<\/div>\n\t\t\t\t\t\t<\/div>\n\t\t\t\t<div class=\"elementor-element elementor-element-46516ad0 elementor-widget elementor-widget-icon-box\" data-id=\"46516ad0\" data-element_type=\"widget\" data-e-type=\"widget\" data-widget_type=\"icon-box.default\">\n\t\t\t\t\t\t\t<div class=\"elementor-icon-box-wrapper\">\n\n\t\t\t\n\t\t\t\t\t\t<div class=\"elementor-icon-box-content\">\n\n\t\t\t\t\t\t\t\t\t<h3 class=\"elementor-icon-box-title\">\n\t\t\t\t\t\t<span  >\n\t\t\t\t\t\t\tVersatilidad para todas las ocasiones\t\t\t\t\t\t<\/span>\n\t\t\t\t\t<\/h3>\n\t\t\t\t\n\t\t\t\t\t\t\t\t\t<p class=\"elementor-icon-box-description\">\n\t\t\t\t\t\tYa se trate de un acontecimiento deportivo, una exposici\u00f3n, el cumplea\u00f1os de un empleado, una fiesta de jubilaci\u00f3n, una celebraci\u00f3n navide\u00f1a, el aniversario de una empresa, un evento de networking, una convenci\u00f3n o un retiro, nos ocupamos de una amplia gama de ocasiones corporativas con estilo y delicadeza.\t\t\t\t\t<\/p>\n\t\t\t\t\n\t\t\t<\/div>\n\t\t\t\n\t\t<\/div>\n\t\t\t\t\t\t<\/div>\n\t\t\t\t<div class=\"elementor-element elementor-element-3bcf76d elementor-widget elementor-widget-icon-box\" data-id=\"3bcf76d\" data-element_type=\"widget\" data-e-type=\"widget\" data-widget_type=\"icon-box.default\">\n\t\t\t\t\t\t\t<div class=\"elementor-icon-box-wrapper\">\n\n\t\t\t\n\t\t\t\t\t\t<div class=\"elementor-icon-box-content\">\n\n\t\t\t\t\t\t\t\t\t<h3 class=\"elementor-icon-box-title\">\n\t\t\t\t\t\t<span  >\n\t\t\t\t\t\t\tMen\u00fas personalizables\t\t\t\t\t\t<\/span>\n\t\t\t\t\t<\/h3>\n\t\t\t\t\n\t\t\t\t\t\t\t\t\t<p class=\"elementor-icon-box-description\">\n\t\t\t\t\t\tNuestros men\u00fas no son de talla \u00fanica. Colaboramos contigo para crear men\u00fas personalizados que se ajusten al tema de tu evento, a tus preferencias diet\u00e9ticas y a tu identidad corporativa, garantizando una experiencia cohesionada y deliciosa.\t\t\t\t\t<\/p>\n\t\t\t\t\n\t\t\t<\/div>\n\t\t\t\n\t\t<\/div>\n\t\t\t\t\t\t<\/div>\n\t\t\t\t\t<\/div>\n\t\t<\/div>\n\t\t\t\t<div class=\"elementor-column elementor-col-50 elementor-inner-column elementor-element elementor-element-6a0e875b\" data-id=\"6a0e875b\" data-element_type=\"column\" data-e-type=\"column\">\n\t\t\t<div class=\"elementor-widget-wrap elementor-element-populated\">\n\t\t\t\t\t\t<div class=\"elementor-element elementor-element-380d63f1 elementor-widget elementor-widget-image\" data-id=\"380d63f1\" data-element_type=\"widget\" data-e-type=\"widget\" data-widget_type=\"image.default\">\n\t\t\t\t\t\t\t\t\t\t\t\t\t\t\t<img loading=\"lazy\" decoding=\"async\" width=\"768\" height=\"960\" src=\"https:\/\/www.foodroom.es\/wp-content\/uploads\/2023\/12\/311679423_529730002490678_8811322834141842629_n.jpg\" class=\"attachment-full size-full wp-image-777\" alt=\"marbella-corporate-event-catering-mariola-on-the-beach\" srcset=\"https:\/\/www.foodroom.es\/wp-content\/uploads\/2023\/12\/311679423_529730002490678_8811322834141842629_n.jpg 768w, https:\/\/www.foodroom.es\/wp-content\/uploads\/2023\/12\/311679423_529730002490678_8811322834141842629_n-240x300.jpg 240w, https:\/\/www.foodroom.es\/wp-content\/uploads\/2023\/12\/311679423_529730002490678_8811322834141842629_n-600x750.jpg 600w\" sizes=\"(max-width: 768px) 100vw, 768px\" \/>\t\t\t\t\t\t\t\t\t\t\t\t\t\t\t<\/div>\n\t\t\t\t\t<\/div>\n\t\t<\/div>\n\t\t\t\t\t<\/div>\n\t\t<\/section>\n\t\t\t\t\t<\/div>\n\t\t<\/div>\n\t\t\t\t\t<\/div>\n\t\t<\/section>\n\t\t<div class=\"elementor-element elementor-element-2029804f e-con-full e-flex e-con e-parent\" data-id=\"2029804f\" data-element_type=\"container\" data-e-type=\"container\">\n\t\t\t\t<div class=\"elementor-element elementor-element-77c7a8e8 elementor-widget elementor-widget-heading\" data-id=\"77c7a8e8\" data-element_type=\"widget\" data-e-type=\"widget\" data-widget_type=\"heading.default\">\n\t\t\t\t\t<h2 class=\"elementor-heading-title elementor-size-default\">PREGUNTAS M\u00c1S FRECUENTES <\/h2>\t\t\t\t<\/div>\n\t\t\t\t<\/div>\n\t\t<div class=\"elementor-element elementor-element-4f92a65e e-flex e-con-boxed e-con e-parent\" data-id=\"4f92a65e\" data-element_type=\"container\" data-e-type=\"container\">\n\t\t\t\t\t<div class=\"e-con-inner\">\n\t\t\t\t<div class=\"elementor-element elementor-element-242ab445 elementor-widget elementor-widget-heading\" data-id=\"242ab445\" data-element_type=\"widget\" data-e-type=\"widget\" data-widget_type=\"heading.default\">\n\t\t\t\t\t<h2 class=\"elementor-heading-title elementor-size-default\">Todo lo que necesita saber sobre el catering para eventos corporativos en Marbella<\/h2>\t\t\t\t<\/div>\n\t\t\t\t\t<\/div>\n\t\t\t\t<\/div>\n\t\t<div class=\"elementor-element elementor-element-74c9c582 e-flex e-con-boxed e-con e-parent\" data-id=\"74c9c582\" data-element_type=\"container\" data-e-type=\"container\">\n\t\t\t\t\t<div class=\"e-con-inner\">\n\t\t<div class=\"elementor-element elementor-element-12847f8 e-con-full e-flex e-con e-child\" data-id=\"12847f8\" data-element_type=\"container\" data-e-type=\"container\">\n\t\t\t\t<div class=\"elementor-element elementor-element-760152b7 elementor-widget elementor-widget-heading\" data-id=\"760152b7\" data-element_type=\"widget\" data-e-type=\"widget\" data-widget_type=\"heading.default\">\n\t\t\t\t\t<h3 class=\"elementor-heading-title elementor-size-default\">\u00bfC\u00f3mo puede el catering para eventos corporativos mejorar la experiencia global de los eventos empresariales en Marbella?<\/h3>\t\t\t\t<\/div>\n\t\t\t\t<div class=\"elementor-element elementor-element-46a15c9 elementor-widget elementor-widget-text-editor\" data-id=\"46a15c9\" data-element_type=\"widget\" data-e-type=\"widget\" data-widget_type=\"text-editor.default\">\n\t\t\t\t\t\t\t\t\t<p data-sourcepos=\"58:1-58:82\">El catering para eventos corporativos en Marbella a\u00f1ade un toque sofisticado, creando una atm\u00f3sfera memorable que eleva la experiencia general de los asistentes. Men\u00fas a medida y un servicio profesional contribuyen al \u00e9xito de diversas ocasiones corporativas.<\/p>\n\t\t\t\t\t\t\t\t<\/div>\n\t\t\t\t<div class=\"elementor-element elementor-element-62480442 elementor-widget elementor-widget-spacer\" data-id=\"62480442\" data-element_type=\"widget\" data-e-type=\"widget\" data-widget_type=\"spacer.default\">\n\t\t\t\t\t\t\t<div class=\"elementor-spacer\">\n\t\t\t<div class=\"elementor-spacer-inner\"><\/div>\n\t\t<\/div>\n\t\t\t\t\t\t<\/div>\n\t\t\t\t<div class=\"elementor-element elementor-element-295cc511 elementor-widget elementor-widget-heading\" data-id=\"295cc511\" data-element_type=\"widget\" data-e-type=\"widget\" data-widget_type=\"heading.default\">\n\t\t\t\t\t<h3 class=\"elementor-heading-title elementor-size-default\">\u00bfQu\u00e9 hace que Marbella sea la opci\u00f3n preferida para el catering de eventos corporativos?<\/h3>\t\t\t\t<\/div>\n\t\t\t\t<div class=\"elementor-element elementor-element-2869e1cd elementor-widget elementor-widget-text-editor\" data-id=\"2869e1cd\" data-element_type=\"widget\" data-e-type=\"widget\" data-widget_type=\"text-editor.default\">\n\t\t\t\t\t\t\t\t\t<p data-sourcepos=\"31:1-31:92\">El impresionante tel\u00f3n de fondo de Marbella y su experiencia culinaria la convierten en un destino ideal para eventos corporativos. La combinaci\u00f3n de men\u00fas exquisitos, servicio impecable y un toque de encanto espa\u00f1ol distingue a Marbella como la mejor opci\u00f3n para reuniones de negocios.<\/p>\n\t\t\t\t\t\t\t\t<\/div>\n\t\t\t\t<div class=\"elementor-element elementor-element-78c9575c elementor-widget elementor-widget-heading\" data-id=\"78c9575c\" data-element_type=\"widget\" data-e-type=\"widget\" data-widget_type=\"heading.default\">\n\t\t\t\t\t<h3 class=\"elementor-heading-title elementor-size-default\">\u00bfC\u00f3mo pueden los men\u00fas a medida mejorar el \u00e9xito de los eventos corporativos?<\/h3>\t\t\t\t<\/div>\n\t\t\t\t<div class=\"elementor-element elementor-element-7e5364c4 elementor-widget elementor-widget-text-editor\" data-id=\"7e5364c4\" data-element_type=\"widget\" data-e-type=\"widget\" data-widget_type=\"text-editor.default\">\n\t\t\t\t\t\t\t\t\t<p>Los men\u00fas a medida garantizan que la oferta culinaria est\u00e9 en consonancia con el tema y el estilo del evento corporativo. Esta personalizaci\u00f3n no s\u00f3lo impresiona a los asistentes, sino que tambi\u00e9n contribuye al \u00e9xito general y al ambiente de la ocasi\u00f3n.<\/p>\n\t\t\t\t\t\t\t\t<\/div>\n\t\t\t\t<\/div>\n\t\t<div class=\"elementor-element elementor-element-5d3072c0 e-con-full e-flex e-con e-child\" data-id=\"5d3072c0\" data-element_type=\"container\" data-e-type=\"container\">\n\t\t\t\t<div class=\"elementor-element elementor-element-5f41ae6d elementor-widget elementor-widget-heading\" data-id=\"5f41ae6d\" data-element_type=\"widget\" data-e-type=\"widget\" data-widget_type=\"heading.default\">\n\t\t\t\t\t<h3 class=\"elementor-heading-title elementor-size-default\">\u00bfQu\u00e9 papel desempe\u00f1a la profesionalidad en los servicios de catering para eventos corporativos?<\/h3>\t\t\t\t<\/div>\n\t\t\t\t<div class=\"elementor-element elementor-element-65f2e05c elementor-widget elementor-widget-text-editor\" data-id=\"65f2e05c\" data-element_type=\"widget\" data-e-type=\"widget\" data-widget_type=\"text-editor.default\">\n\t\t\t\t\t\t\t\t\t<p data-sourcepos=\"9:1-9:90\">La profesionalidad es primordial en el catering de eventos corporativos. Los servicios de catering de Marbella dan prioridad a la eficacia, la puntualidad y la coordinaci\u00f3n sin fisuras para ofrecer una experiencia profesional que se refleje positivamente en el negocio del anfitri\u00f3n.<\/p>\n\t\t\t\t\t\t\t\t<\/div>\n\t\t\t\t<div class=\"elementor-element elementor-element-9aa8a9e elementor-widget elementor-widget-spacer\" data-id=\"9aa8a9e\" data-element_type=\"widget\" data-e-type=\"widget\" data-widget_type=\"spacer.default\">\n\t\t\t\t\t\t\t<div class=\"elementor-spacer\">\n\t\t\t<div class=\"elementor-spacer-inner\"><\/div>\n\t\t<\/div>\n\t\t\t\t\t\t<\/div>\n\t\t\t\t<div class=\"elementor-element elementor-element-4d25813d elementor-widget elementor-widget-heading\" data-id=\"4d25813d\" data-element_type=\"widget\" data-e-type=\"widget\" data-widget_type=\"heading.default\">\n\t\t\t\t\t<h3 class=\"elementor-heading-title elementor-size-default\">\u00bfC\u00f3mo contribuye Food Room Catering al \u00e9xito de los eventos corporativos?<\/h3>\t\t\t\t<\/div>\n\t\t\t\t<div class=\"elementor-element elementor-element-15bb6a6d elementor-widget elementor-widget-text-editor\" data-id=\"15bb6a6d\" data-element_type=\"widget\" data-e-type=\"widget\" data-widget_type=\"text-editor.default\">\n\t\t\t\t\t\t\t\t\t<p data-sourcepos=\"5:1-5:89\">La alquimia culinaria de Marbella transforma eventos corporativos ordinarios en experiencias extraordinarias. Los platos cuidadosamente elaborados y las presentaciones innovadoras aportan un toque \u00fanico, dejando una impresi\u00f3n duradera en los asistentes al evento.<\/p>\n\t\t\t\t\t\t\t\t<\/div>\n\t\t\t\t<div class=\"elementor-element elementor-element-140e0230 elementor-widget elementor-widget-heading\" data-id=\"140e0230\" data-element_type=\"widget\" data-e-type=\"widget\" data-widget_type=\"heading.default\">\n\t\t\t\t\t<h3 class=\"elementor-heading-title elementor-size-default\">\u00bfCu\u00e1les son las ventajas de asociarse con un servicio de catering local para eventos corporativos en Marbella?<\/h3>\t\t\t\t<\/div>\n\t\t\t\t<div class=\"elementor-element elementor-element-106831b6 elementor-widget elementor-widget-text-editor\" data-id=\"106831b6\" data-element_type=\"widget\" data-e-type=\"widget\" data-widget_type=\"text-editor.default\">\n\t\t\t\t\t\t\t\t\t<p data-sourcepos=\"5:1-5:89\">Los servicios locales de catering en Marbella ofrecen un profundo conocimiento de las preferencias de la regi\u00f3n, garantizando que el men\u00fa resuene entre los asistentes. Adem\u00e1s, la proximidad facilita una coordinaci\u00f3n perfecta, lo que contribuye al \u00e9xito de los eventos corporativos.<\/p>\n\t\t\t\t\t\t\t\t<\/div>\n\t\t\t\t<\/div>\n\t\t\t\t\t<\/div>\n\t\t\t\t<\/div>\n\t\t\t\t<section class=\"elementor-section elementor-top-section elementor-element elementor-element-dc23a48 elementor-section-height-min-height elementor-section-boxed elementor-section-height-default elementor-section-items-middle\" data-id=\"dc23a48\" data-element_type=\"section\" data-e-type=\"section\" data-settings=\"{&quot;background_background&quot;:&quot;classic&quot;}\">\n\t\t\t\t\t\t\t<div class=\"elementor-background-overlay\"><\/div>\n\t\t\t\t\t\t\t<div class=\"elementor-container elementor-column-gap-default\">\n\t\t\t\t\t<div class=\"elementor-column elementor-col-100 elementor-top-column elementor-element elementor-element-29ee822f\" data-id=\"29ee822f\" data-element_type=\"column\" data-e-type=\"column\">\n\t\t\t<div class=\"elementor-widget-wrap elementor-element-populated\">\n\t\t\t\t\t\t<div class=\"elementor-element elementor-element-1bd11fde elementor-widget elementor-widget-heading\" data-id=\"1bd11fde\" data-element_type=\"widget\" data-e-type=\"widget\" data-widget_type=\"heading.default\">\n\t\t\t\t\t<h2 class=\"elementor-heading-title elementor-size-default\">Solicitar presupuesto<\/h2>\t\t\t\t<\/div>\n\t\t\t\t<div class=\"elementor-element elementor-element-6b9526d6 elementor-widget elementor-widget-heading\" data-id=\"6b9526d6\" data-element_type=\"widget\" data-e-type=\"widget\" data-widget_type=\"heading.default\">\n\t\t\t\t\t<h2 class=\"elementor-heading-title elementor-size-default\">\u00bfListo para lanzar tu celebraci\u00f3n corporativa? <\/h2>\t\t\t\t<\/div>\n\t\t\t\t<div class=\"elementor-element elementor-element-41c4e2f9 elementor-widget elementor-widget-text-editor\" data-id=\"41c4e2f9\" data-element_type=\"widget\" data-e-type=\"widget\" data-widget_type=\"text-editor.default\">\n\t\t\t\t\t\t\t\t\t<p>P\u00f3nte en contacto con nosotros hoy mismo para hablar de su evento, solicitar un presupuesto personalizado y embarcarse en un viaje culinario que transforme su ocasi\u00f3n corporativa en una experiencia memorable.<\/p>\n\t\t\t\t\t\t\t\t<\/div>\n\t\t\t\t<div class=\"elementor-element elementor-element-1856e8e6 elementor-align-center elementor-widget elementor-widget-button\" data-id=\"1856e8e6\" data-element_type=\"widget\" data-e-type=\"widget\" data-widget_type=\"button.default\">\n\t\t\t\t\t\t\t\t\t\t<a class=\"elementor-button elementor-button-link elementor-size-lg\" href=\"https:\/\/www.foodroom.es\/es\/pongase-en-contacto-con\/\">\n\t\t\t\t\t\t<span class=\"elementor-button-content-wrapper\">\n\t\t\t\t\t\t\t\t\t<span class=\"elementor-button-text\">P\u00f3nte en contacto con nosotros<\/span>\n\t\t\t\t\t<\/span>\n\t\t\t\t\t<\/a>\n\t\t\t\t\t\t\t\t<\/div>\n\t\t\t\t\t<\/div>\n\t\t<\/div>\n\t\t\t\t\t<\/div>\n\t\t<\/section>\n\t\t\t\t<\/div>\n\t\t","protected":false},"excerpt":{"rendered":"<p>Eventos corporativos en Marbella: Impresiona a tus invitados con una experiencia excepcional M\u00e1s all\u00e1 de lo ordinario, hacia lo excepcional Hagamos de tu evento una obra maestra Bienvenido a un mundo en el que los eventos corporativos trascienden lo ordinario y se convierten en experiencias extraordinarias. En Food Room, entendemos que cada celebraci\u00f3n empresarial es [&hellip;]<\/p>\n","protected":false},"author":1,"featured_media":0,"parent":0,"menu_order":5,"comment_status":"closed","ping_status":"closed","template":"elementor_header_footer","meta":{"footnotes":""},"class_list":["post-2599","page","type-page","status-publish","hentry"],"yoast_head":"<!-- This site is optimized with the Yoast SEO plugin v27.5 - https:\/\/yoast.com\/product\/yoast-seo-wordpress\/ -->\n<title>Catering para eventos corporativos - FOOD ROOM<\/title>\n<meta name=\"robots\" content=\"index, follow, max-snippet:-1, max-image-preview:large, max-video-preview:-1\" \/>\n<link rel=\"canonical\" href=\"https:\/\/www.foodroom.es\/es\/catering-para-eventos-corporativos\/\" \/>\n<meta property=\"og:locale\" content=\"es_ES\" \/>\n<meta property=\"og:type\" content=\"article\" \/>\n<meta property=\"og:title\" content=\"Catering para eventos corporativos - FOOD ROOM\" \/>\n<meta property=\"og:description\" content=\"Eventos corporativos en Marbella: Impresiona a tus invitados con una experiencia excepcional M\u00e1s all\u00e1 de lo ordinario, hacia lo excepcional Hagamos de tu evento una obra maestra Bienvenido a un mundo en el que los eventos corporativos trascienden lo ordinario y se convierten en experiencias extraordinarias. En Food Room, entendemos que cada celebraci\u00f3n empresarial es [&hellip;]\" \/>\n<meta property=\"og:url\" content=\"https:\/\/www.foodroom.es\/es\/catering-para-eventos-corporativos\/\" \/>\n<meta property=\"og:site_name\" content=\"FOOD ROOM\" \/>\n<meta property=\"article:modified_time\" content=\"2024-12-11T18:32:37+00:00\" \/>\n<meta property=\"og:image\" content=\"https:\/\/www.foodroom.es\/wp-content\/uploads\/2023\/12\/367690243_759305072866502_6151548782116408752_n.jpg\" \/>\n<meta name=\"twitter:card\" content=\"summary_large_image\" \/>\n<meta name=\"twitter:label1\" content=\"Tiempo de lectura\" \/>\n\t<meta name=\"twitter:data1\" content=\"5 minutos\" \/>\n<script type=\"application\/ld+json\" class=\"yoast-schema-graph\">{\"@context\":\"https:\\\/\\\/schema.org\",\"@graph\":[{\"@type\":\"WebPage\",\"@id\":\"https:\\\/\\\/www.foodroom.es\\\/es\\\/catering-para-eventos-corporativos\\\/\",\"url\":\"https:\\\/\\\/www.foodroom.es\\\/es\\\/catering-para-eventos-corporativos\\\/\",\"name\":\"Catering para eventos corporativos - FOOD ROOM\",\"isPartOf\":{\"@id\":\"https:\\\/\\\/www.foodroom.es\\\/#website\"},\"primaryImageOfPage\":{\"@id\":\"https:\\\/\\\/www.foodroom.es\\\/es\\\/catering-para-eventos-corporativos\\\/#primaryimage\"},\"image\":{\"@id\":\"https:\\\/\\\/www.foodroom.es\\\/es\\\/catering-para-eventos-corporativos\\\/#primaryimage\"},\"thumbnailUrl\":\"https:\\\/\\\/www.foodroom.es\\\/wp-content\\\/uploads\\\/2023\\\/12\\\/367690243_759305072866502_6151548782116408752_n.jpg\",\"datePublished\":\"2023-12-07T11:50:23+00:00\",\"dateModified\":\"2024-12-11T18:32:37+00:00\",\"breadcrumb\":{\"@id\":\"https:\\\/\\\/www.foodroom.es\\\/es\\\/catering-para-eventos-corporativos\\\/#breadcrumb\"},\"inLanguage\":\"es\",\"potentialAction\":[{\"@type\":\"ReadAction\",\"target\":[\"https:\\\/\\\/www.foodroom.es\\\/es\\\/catering-para-eventos-corporativos\\\/\"]}]},{\"@type\":\"ImageObject\",\"inLanguage\":\"es\",\"@id\":\"https:\\\/\\\/www.foodroom.es\\\/es\\\/catering-para-eventos-corporativos\\\/#primaryimage\",\"url\":\"https:\\\/\\\/www.foodroom.es\\\/wp-content\\\/uploads\\\/2023\\\/12\\\/367690243_759305072866502_6151548782116408752_n.jpg\",\"contentUrl\":\"https:\\\/\\\/www.foodroom.es\\\/wp-content\\\/uploads\\\/2023\\\/12\\\/367690243_759305072866502_6151548782116408752_n.jpg\"},{\"@type\":\"BreadcrumbList\",\"@id\":\"https:\\\/\\\/www.foodroom.es\\\/es\\\/catering-para-eventos-corporativos\\\/#breadcrumb\",\"itemListElement\":[{\"@type\":\"ListItem\",\"position\":1,\"name\":\"Home\",\"item\":\"https:\\\/\\\/www.foodroom.es\\\/\"},{\"@type\":\"ListItem\",\"position\":2,\"name\":\"Catering para eventos corporativos\"}]},{\"@type\":\"WebSite\",\"@id\":\"https:\\\/\\\/www.foodroom.es\\\/#website\",\"url\":\"https:\\\/\\\/www.foodroom.es\\\/\",\"name\":\"FOOD ROOM\",\"description\":\"Private and Corporate Catering Services, Private Chef and Cooking Workshops in Marbella\",\"publisher\":{\"@id\":\"https:\\\/\\\/www.foodroom.es\\\/#organization\"},\"potentialAction\":[{\"@type\":\"SearchAction\",\"target\":{\"@type\":\"EntryPoint\",\"urlTemplate\":\"https:\\\/\\\/www.foodroom.es\\\/?s={search_term_string}\"},\"query-input\":{\"@type\":\"PropertyValueSpecification\",\"valueRequired\":true,\"valueName\":\"search_term_string\"}}],\"inLanguage\":\"es\"},{\"@type\":\"Organization\",\"@id\":\"https:\\\/\\\/www.foodroom.es\\\/#organization\",\"name\":\"FOOD ROOM\",\"url\":\"https:\\\/\\\/www.foodroom.es\\\/\",\"logo\":{\"@type\":\"ImageObject\",\"inLanguage\":\"es\",\"@id\":\"https:\\\/\\\/www.foodroom.es\\\/#\\\/schema\\\/logo\\\/image\\\/\",\"url\":\"https:\\\/\\\/www.foodroom.es\\\/wp-content\\\/uploads\\\/2023\\\/10\\\/FoodRoom-1.png\",\"contentUrl\":\"https:\\\/\\\/www.foodroom.es\\\/wp-content\\\/uploads\\\/2023\\\/10\\\/FoodRoom-1.png\",\"width\":922,\"height\":476,\"caption\":\"FOOD ROOM\"},\"image\":{\"@id\":\"https:\\\/\\\/www.foodroom.es\\\/#\\\/schema\\\/logo\\\/image\\\/\"}}]}<\/script>\n<!-- \/ Yoast SEO plugin. -->","yoast_head_json":{"title":"Catering para eventos corporativos - FOOD ROOM","robots":{"index":"index","follow":"follow","max-snippet":"max-snippet:-1","max-image-preview":"max-image-preview:large","max-video-preview":"max-video-preview:-1"},"canonical":"https:\/\/www.foodroom.es\/es\/catering-para-eventos-corporativos\/","og_locale":"es_ES","og_type":"article","og_title":"Catering para eventos corporativos - FOOD ROOM","og_description":"Eventos corporativos en Marbella: Impresiona a tus invitados con una experiencia excepcional M\u00e1s all\u00e1 de lo ordinario, hacia lo excepcional Hagamos de tu evento una obra maestra Bienvenido a un mundo en el que los eventos corporativos trascienden lo ordinario y se convierten en experiencias extraordinarias. En Food Room, entendemos que cada celebraci\u00f3n empresarial es [&hellip;]","og_url":"https:\/\/www.foodroom.es\/es\/catering-para-eventos-corporativos\/","og_site_name":"FOOD ROOM","article_modified_time":"2024-12-11T18:32:37+00:00","og_image":[{"url":"https:\/\/www.foodroom.es\/wp-content\/uploads\/2023\/12\/367690243_759305072866502_6151548782116408752_n.jpg","type":"","width":"","height":""}],"twitter_card":"summary_large_image","twitter_misc":{"Tiempo de lectura":"5 minutos"},"schema":{"@context":"https:\/\/schema.org","@graph":[{"@type":"WebPage","@id":"https:\/\/www.foodroom.es\/es\/catering-para-eventos-corporativos\/","url":"https:\/\/www.foodroom.es\/es\/catering-para-eventos-corporativos\/","name":"Catering para eventos corporativos - FOOD ROOM","isPartOf":{"@id":"https:\/\/www.foodroom.es\/#website"},"primaryImageOfPage":{"@id":"https:\/\/www.foodroom.es\/es\/catering-para-eventos-corporativos\/#primaryimage"},"image":{"@id":"https:\/\/www.foodroom.es\/es\/catering-para-eventos-corporativos\/#primaryimage"},"thumbnailUrl":"https:\/\/www.foodroom.es\/wp-content\/uploads\/2023\/12\/367690243_759305072866502_6151548782116408752_n.jpg","datePublished":"2023-12-07T11:50:23+00:00","dateModified":"2024-12-11T18:32:37+00:00","breadcrumb":{"@id":"https:\/\/www.foodroom.es\/es\/catering-para-eventos-corporativos\/#breadcrumb"},"inLanguage":"es","potentialAction":[{"@type":"ReadAction","target":["https:\/\/www.foodroom.es\/es\/catering-para-eventos-corporativos\/"]}]},{"@type":"ImageObject","inLanguage":"es","@id":"https:\/\/www.foodroom.es\/es\/catering-para-eventos-corporativos\/#primaryimage","url":"https:\/\/www.foodroom.es\/wp-content\/uploads\/2023\/12\/367690243_759305072866502_6151548782116408752_n.jpg","contentUrl":"https:\/\/www.foodroom.es\/wp-content\/uploads\/2023\/12\/367690243_759305072866502_6151548782116408752_n.jpg"},{"@type":"BreadcrumbList","@id":"https:\/\/www.foodroom.es\/es\/catering-para-eventos-corporativos\/#breadcrumb","itemListElement":[{"@type":"ListItem","position":1,"name":"Home","item":"https:\/\/www.foodroom.es\/"},{"@type":"ListItem","position":2,"name":"Catering para eventos corporativos"}]},{"@type":"WebSite","@id":"https:\/\/www.foodroom.es\/#website","url":"https:\/\/www.foodroom.es\/","name":"FOOD ROOM","description":"Private and Corporate Catering Services, Private Chef and Cooking Workshops in Marbella","publisher":{"@id":"https:\/\/www.foodroom.es\/#organization"},"potentialAction":[{"@type":"SearchAction","target":{"@type":"EntryPoint","urlTemplate":"https:\/\/www.foodroom.es\/?s={search_term_string}"},"query-input":{"@type":"PropertyValueSpecification","valueRequired":true,"valueName":"search_term_string"}}],"inLanguage":"es"},{"@type":"Organization","@id":"https:\/\/www.foodroom.es\/#organization","name":"FOOD ROOM","url":"https:\/\/www.foodroom.es\/","logo":{"@type":"ImageObject","inLanguage":"es","@id":"https:\/\/www.foodroom.es\/#\/schema\/logo\/image\/","url":"https:\/\/www.foodroom.es\/wp-content\/uploads\/2023\/10\/FoodRoom-1.png","contentUrl":"https:\/\/www.foodroom.es\/wp-content\/uploads\/2023\/10\/FoodRoom-1.png","width":922,"height":476,"caption":"FOOD ROOM"},"image":{"@id":"https:\/\/www.foodroom.es\/#\/schema\/logo\/image\/"}}]}},"jetpack_sharing_enabled":true,"_links":{"self":[{"href":"https:\/\/www.foodroom.es\/es\/wp-json\/wp\/v2\/pages\/2599","targetHints":{"allow":["GET"]}}],"collection":[{"href":"https:\/\/www.foodroom.es\/es\/wp-json\/wp\/v2\/pages"}],"about":[{"href":"https:\/\/www.foodroom.es\/es\/wp-json\/wp\/v2\/types\/page"}],"author":[{"embeddable":true,"href":"https:\/\/www.foodroom.es\/es\/wp-json\/wp\/v2\/users\/1"}],"replies":[{"embeddable":true,"href":"https:\/\/www.foodroom.es\/es\/wp-json\/wp\/v2\/comments?post=2599"}],"version-history":[{"count":0,"href":"https:\/\/www.foodroom.es\/es\/wp-json\/wp\/v2\/pages\/2599\/revisions"}],"wp:attachment":[{"href":"https:\/\/www.foodroom.es\/es\/wp-json\/wp\/v2\/media?parent=2599"}],"curies":[{"name":"wp","href":"https:\/\/api.w.org\/{rel}","templated":true}]}}