{"id":2653,"date":"2023-10-29T15:49:10","date_gmt":"2023-10-29T14:49:10","guid":{"rendered":"https:\/\/www.foodroom.es\/alquiler-para-fiestas-privadas\/"},"modified":"2024-05-09T16:50:09","modified_gmt":"2024-05-09T14:50:09","slug":"alquiler-para-fiestas-privadas","status":"publish","type":"page","link":"https:\/\/www.foodroom.es\/es\/alquiler-para-fiestas-privadas\/","title":{"rendered":"Alquiler para fiestas privadas"},"content":{"rendered":"\t\t<div data-elementor-type=\"wp-page\" data-elementor-id=\"2653\" class=\"elementor elementor-2653 elementor-175\" data-elementor-post-type=\"page\">\n\t\t\t\t\t\t<section class=\"elementor-section elementor-top-section elementor-element elementor-element-3ff5a262 elementor-section-height-min-height elementor-section-boxed elementor-section-height-default elementor-section-items-middle\" data-id=\"3ff5a262\" data-element_type=\"section\" data-e-type=\"section\" data-settings=\"{&quot;background_background&quot;:&quot;classic&quot;}\">\n\t\t\t\t\t\t\t<div class=\"elementor-background-overlay\"><\/div>\n\t\t\t\t\t\t\t<div class=\"elementor-container elementor-column-gap-default\">\n\t\t\t\t\t<div class=\"elementor-column elementor-col-100 elementor-top-column elementor-element elementor-element-65a6cee3\" data-id=\"65a6cee3\" data-element_type=\"column\" data-e-type=\"column\">\n\t\t\t<div class=\"elementor-widget-wrap elementor-element-populated\">\n\t\t\t\t\t\t<section class=\"elementor-section elementor-inner-section elementor-element elementor-element-4cefd8c0 elementor-section-boxed elementor-section-height-default elementor-section-height-default\" data-id=\"4cefd8c0\" data-element_type=\"section\" data-e-type=\"section\">\n\t\t\t\t\t\t<div class=\"elementor-container elementor-column-gap-default\">\n\t\t\t\t\t<div class=\"elementor-column elementor-col-100 elementor-inner-column elementor-element elementor-element-7a642d45\" data-id=\"7a642d45\" data-element_type=\"column\" data-e-type=\"column\">\n\t\t\t<div class=\"elementor-widget-wrap elementor-element-populated\">\n\t\t\t\t\t\t<div class=\"elementor-element elementor-element-2d6606b9 elementor-widget elementor-widget-heading\" data-id=\"2d6606b9\" data-element_type=\"widget\" data-e-type=\"widget\" data-widget_type=\"heading.default\">\n\t\t\t\t\t<p class=\"elementor-heading-title elementor-size-default\">Espacio para eventos privados <\/p>\t\t\t\t<\/div>\n\t\t\t\t<div class=\"elementor-element elementor-element-66bcc91c elementor-widget elementor-widget-heading\" data-id=\"66bcc91c\" data-element_type=\"widget\" data-e-type=\"widget\" data-widget_type=\"heading.default\">\n\t\t\t\t\t<p class=\"elementor-heading-title elementor-size-default\">El lugar perfecto para tu evento<\/p>\t\t\t\t<\/div>\n\t\t\t\t\t<\/div>\n\t\t<\/div>\n\t\t\t\t\t<\/div>\n\t\t<\/section>\n\t\t\t\t\t<\/div>\n\t\t<\/div>\n\t\t\t\t\t<\/div>\n\t\t<\/section>\n\t\t<div class=\"elementor-element elementor-element-1f9ec7d e-con-full e-flex e-con e-parent\" data-id=\"1f9ec7d\" data-element_type=\"container\" data-e-type=\"container\">\n\t\t\t\t<\/div>\n\t\t\t\t<section class=\"elementor-section elementor-top-section elementor-element elementor-element-78e2dc9 elementor-section-boxed elementor-section-height-default elementor-section-height-default\" data-id=\"78e2dc9\" data-element_type=\"section\" data-e-type=\"section\">\n\t\t\t\t\t\t<div class=\"elementor-container elementor-column-gap-default\">\n\t\t\t\t\t<div class=\"elementor-column elementor-col-100 elementor-top-column elementor-element elementor-element-2c254724\" data-id=\"2c254724\" data-element_type=\"column\" data-e-type=\"column\">\n\t\t\t<div class=\"elementor-widget-wrap elementor-element-populated\">\n\t\t\t\t\t\t<section class=\"elementor-section elementor-inner-section elementor-element elementor-element-14af186a elementor-section-boxed elementor-section-height-default elementor-section-height-default\" data-id=\"14af186a\" data-element_type=\"section\" data-e-type=\"section\">\n\t\t\t\t\t\t<div class=\"elementor-container elementor-column-gap-default\">\n\t\t\t\t\t<div class=\"elementor-column elementor-col-100 elementor-inner-column elementor-element elementor-element-2f657029\" data-id=\"2f657029\" data-element_type=\"column\" data-e-type=\"column\">\n\t\t\t<div class=\"elementor-widget-wrap elementor-element-populated\">\n\t\t\t\t\t\t<div class=\"elementor-element elementor-element-bf7bbd1 elementor-widget elementor-widget-heading\" data-id=\"bf7bbd1\" data-element_type=\"widget\" data-e-type=\"widget\" data-widget_type=\"heading.default\">\n\t\t\t\t\t<h2 class=\"elementor-heading-title elementor-size-default\">Donde los momentos se convierten en recuerdos<\/h2>\t\t\t\t<\/div>\n\t\t\t\t<div class=\"elementor-element elementor-element-66614127 elementor-widget elementor-widget-heading\" data-id=\"66614127\" data-element_type=\"widget\" data-e-type=\"widget\" data-widget_type=\"heading.default\">\n\t\t\t\t\t<h3 class=\"elementor-heading-title elementor-size-default\">Food Room: El escenario perfecto para crear momentos memorables.<\/h3>\t\t\t\t<\/div>\n\t\t\t\t<div class=\"elementor-element elementor-element-1341a0bd elementor-widget elementor-widget-text-editor\" data-id=\"1341a0bd\" data-element_type=\"widget\" data-e-type=\"widget\" data-widget_type=\"text-editor.default\">\n\t\t\t\t\t\t\t\t\t<p>Bienvenido a Food Room, el lienzo perfecto para sus eventos privados en Marbella. Food Room: Un espacio adaptable a cualquier tipo de evento, desde una cena \u00edntima hasta un gran evento corporativo. Con su ambiente \u00fanico y sus caracter\u00edsticas personalizables, ofrecemos el tel\u00f3n de fondo ideal para crear recuerdos entra\u00f1ables.<\/p>\n\t\t\t\t\t\t\t\t<\/div>\n\t\t\t\t<div class=\"elementor-element elementor-element-371ba16e elementor-widget elementor-widget-heading\" data-id=\"371ba16e\" data-element_type=\"widget\" data-e-type=\"widget\" data-widget_type=\"heading.default\">\n\t\t\t\t\t<h2 class=\"elementor-heading-title elementor-size-default\">Fiestas privadas redefinidas<\/h2>\t\t\t\t<\/div>\n\t\t\t\t\t<\/div>\n\t\t<\/div>\n\t\t\t\t\t<\/div>\n\t\t<\/section>\n\t\t\t\t<section class=\"elementor-section elementor-inner-section elementor-element elementor-element-391d4f6c elementor-section-boxed elementor-section-height-default elementor-section-height-default\" data-id=\"391d4f6c\" data-element_type=\"section\" data-e-type=\"section\">\n\t\t\t\t\t\t<div class=\"elementor-container elementor-column-gap-default\">\n\t\t\t\t\t<div class=\"elementor-column elementor-col-100 elementor-inner-column elementor-element elementor-element-6654faa4\" data-id=\"6654faa4\" data-element_type=\"column\" data-e-type=\"column\">\n\t\t\t<div class=\"elementor-widget-wrap elementor-element-populated\">\n\t\t\t\t\t\t<div class=\"elementor-element elementor-element-5e6adae7 elementor-pagination-position-outside elementor-widget elementor-widget-image-carousel\" data-id=\"5e6adae7\" data-element_type=\"widget\" data-e-type=\"widget\" data-settings=\"{&quot;slides_to_show&quot;:&quot;3&quot;,&quot;navigation&quot;:&quot;dots&quot;,&quot;autoplay&quot;:&quot;yes&quot;,&quot;pause_on_hover&quot;:&quot;yes&quot;,&quot;pause_on_interaction&quot;:&quot;yes&quot;,&quot;autoplay_speed&quot;:5000,&quot;infinite&quot;:&quot;yes&quot;,&quot;speed&quot;:500,&quot;image_spacing_custom&quot;:{&quot;unit&quot;:&quot;px&quot;,&quot;size&quot;:20,&quot;sizes&quot;:[]},&quot;image_spacing_custom_tablet&quot;:{&quot;unit&quot;:&quot;px&quot;,&quot;size&quot;:&quot;&quot;,&quot;sizes&quot;:[]},&quot;image_spacing_custom_mobile&quot;:{&quot;unit&quot;:&quot;px&quot;,&quot;size&quot;:&quot;&quot;,&quot;sizes&quot;:[]}}\" data-widget_type=\"image-carousel.default\">\n\t\t\t\t\t\t\t<div class=\"elementor-image-carousel-wrapper swiper\" role=\"region\" aria-roledescription=\"carousel\" aria-label=\"Carrusel de im\u00e1genes\" dir=\"ltr\">\n\t\t\t<div class=\"elementor-image-carousel swiper-wrapper\" aria-live=\"off\">\n\t\t\t\t\t\t\t\t<div class=\"swiper-slide\" role=\"group\" aria-roledescription=\"slide\" aria-label=\"1 de 7\"><figure class=\"swiper-slide-inner\"><img decoding=\"async\" class=\"swiper-slide-image\" src=\"https:\/\/www.foodroom.es\/wp-content\/uploads\/2024\/01\/332305640_510624527691464_646454555761174064_n.jpg\" alt=\"private-event-space-marbella-dressed-table-presentation\" \/><\/figure><\/div><div class=\"swiper-slide\" role=\"group\" aria-roledescription=\"slide\" aria-label=\"2 de 7\"><figure class=\"swiper-slide-inner\"><img decoding=\"async\" class=\"swiper-slide-image\" src=\"https:\/\/www.foodroom.es\/wp-content\/uploads\/2024\/01\/331098149_150321964549221_410081513925177811_n.jpg\" alt=\"private-event-space-marbella-workshop-woman-breakfast\" \/><\/figure><\/div><div class=\"swiper-slide\" role=\"group\" aria-roledescription=\"slide\" aria-label=\"3 de 7\"><figure class=\"swiper-slide-inner\"><img decoding=\"async\" class=\"swiper-slide-image\" src=\"https:\/\/www.foodroom.es\/wp-content\/uploads\/2024\/01\/391744019_18296191450130211_1087586473802430295_n.jpg\" alt=\"private-event-space-marbella-networking-event\" \/><\/figure><\/div><div class=\"swiper-slide\" role=\"group\" aria-roledescription=\"slide\" aria-label=\"4 de 7\"><figure class=\"swiper-slide-inner\"><img decoding=\"async\" class=\"swiper-slide-image\" src=\"https:\/\/www.foodroom.es\/wp-content\/uploads\/2024\/01\/344804109_2832585816873713_4695360768524418802_n-1.jpg\" alt=\"private-event-space-marbella-networking-event-1\" \/><\/figure><\/div><div class=\"swiper-slide\" role=\"group\" aria-roledescription=\"slide\" aria-label=\"5 de 7\"><figure class=\"swiper-slide-inner\"><img decoding=\"async\" class=\"swiper-slide-image\" src=\"https:\/\/www.foodroom.es\/wp-content\/uploads\/2024\/01\/142350466_2151951638275581_2167276839808937389_n.jpg\" alt=\"private-event-space-marbella-mexican-themed-party\" \/><\/figure><\/div><div class=\"swiper-slide\" role=\"group\" aria-roledescription=\"slide\" aria-label=\"6 de 7\"><figure class=\"swiper-slide-inner\"><img decoding=\"async\" class=\"swiper-slide-image\" src=\"https:\/\/www.foodroom.es\/wp-content\/uploads\/2024\/01\/141419222_2151951641608914_8895056017200976494_n.jpg\" alt=\"private-event-space-marbella-mexican-themed-party-set-up\" \/><\/figure><\/div><div class=\"swiper-slide\" role=\"group\" aria-roledescription=\"slide\" aria-label=\"7 de 7\"><figure class=\"swiper-slide-inner\"><img decoding=\"async\" class=\"swiper-slide-image\" src=\"https:\/\/www.foodroom.es\/wp-content\/uploads\/2024\/01\/327365411_924967221968971_8654799631320147135_n.jpg\" alt=\"private-event-space-marbella-private-dinner-set-up\" \/><\/figure><\/div>\t\t\t<\/div>\n\t\t\t\t\t\t\t\n\t\t\t\t\t\t\t\t\t<div class=\"swiper-pagination\"><\/div>\n\t\t\t\t\t\t\t\t\t<\/div>\n\t\t\t\t\t\t<\/div>\n\t\t\t\t\t<\/div>\n\t\t<\/div>\n\t\t\t\t\t<\/div>\n\t\t<\/section>\n\t\t\t\t\t<\/div>\n\t\t<\/div>\n\t\t\t\t\t<\/div>\n\t\t<\/section>\n\t\t\t\t<section class=\"elementor-section elementor-top-section elementor-element elementor-element-3bfc79af elementor-section-boxed elementor-section-height-default elementor-section-height-default\" data-id=\"3bfc79af\" data-element_type=\"section\" data-e-type=\"section\">\n\t\t\t\t\t\t<div class=\"elementor-container elementor-column-gap-default\">\n\t\t\t\t\t<div class=\"elementor-column elementor-col-100 elementor-top-column elementor-element elementor-element-35a14781\" data-id=\"35a14781\" data-element_type=\"column\" data-e-type=\"column\">\n\t\t\t<div class=\"elementor-widget-wrap elementor-element-populated\">\n\t\t\t\t\t\t<section class=\"elementor-section elementor-inner-section elementor-element elementor-element-3aa47e09 elementor-section-boxed elementor-section-height-default elementor-section-height-default\" data-id=\"3aa47e09\" data-element_type=\"section\" data-e-type=\"section\">\n\t\t\t\t\t\t<div class=\"elementor-container elementor-column-gap-default\">\n\t\t\t\t\t<div class=\"elementor-column elementor-col-100 elementor-inner-column elementor-element elementor-element-1e269e79\" data-id=\"1e269e79\" data-element_type=\"column\" data-e-type=\"column\">\n\t\t\t<div class=\"elementor-widget-wrap elementor-element-populated\">\n\t\t\t\t\t\t<div class=\"elementor-element elementor-element-3d65f990 elementor-widget elementor-widget-heading\" data-id=\"3d65f990\" data-element_type=\"widget\" data-e-type=\"widget\" data-widget_type=\"heading.default\">\n\t\t\t\t\t<h2 class=\"elementor-heading-title elementor-size-default\">Crea una experiencia inolvidable<\/h2>\t\t\t\t<\/div>\n\t\t\t\t<div class=\"elementor-element elementor-element-35cca15e elementor-widget elementor-widget-text-editor\" data-id=\"35cca15e\" data-element_type=\"widget\" data-e-type=\"widget\" data-widget_type=\"text-editor.default\">\n\t\t\t\t\t\t\t\t\t<p>Nuestro espacio para eventos privados en Marbella es su puerta de entrada para crear una celebraci\u00f3n excepcional que quedar\u00e1 grabada en la memoria de tus invitados. Convierte tu idea en realidad con la ayuda de nuestro equipo de expertos en Marbella.<\/p>\n\t\t\t\t\t\t\t\t<\/div>\n\t\t\t\t\t<\/div>\n\t\t<\/div>\n\t\t\t\t\t<\/div>\n\t\t<\/section>\n\t\t\t\t\t<\/div>\n\t\t<\/div>\n\t\t\t\t\t<\/div>\n\t\t<\/section>\n\t\t<div class=\"elementor-element elementor-element-18fc44c5 e-flex e-con-boxed e-con e-parent\" data-id=\"18fc44c5\" data-element_type=\"container\" data-e-type=\"container\">\n\t\t\t\t\t<div class=\"e-con-inner\">\n\t\t<div class=\"elementor-element elementor-element-7d4f8bf6 e-con-full e-flex e-con e-child\" data-id=\"7d4f8bf6\" data-element_type=\"container\" data-e-type=\"container\" data-settings=\"{&quot;background_background&quot;:&quot;classic&quot;}\">\n\t\t<div class=\"elementor-element elementor-element-295d28f5 e-con-full e-flex e-con e-child\" data-id=\"295d28f5\" data-element_type=\"container\" data-e-type=\"container\">\n\t\t<div class=\"elementor-element elementor-element-5b4ff2c1 e-con-full e-flex e-con e-child\" data-id=\"5b4ff2c1\" data-element_type=\"container\" data-e-type=\"container\">\n\t\t\t\t<div class=\"elementor-element elementor-element-200278b3 elementor-cta--layout-image-above elementor-widget__width-inherit elementor-cta--skin-classic elementor-animated-content elementor-bg-transform elementor-bg-transform-zoom-in elementor-widget elementor-widget-call-to-action\" data-id=\"200278b3\" data-element_type=\"widget\" data-e-type=\"widget\" data-widget_type=\"call-to-action.default\">\n\t\t\t\t\t\t\t<div class=\"elementor-cta\">\n\t\t\t\t\t<div class=\"elementor-cta__bg-wrapper\">\n\t\t\t\t<div class=\"elementor-cta__bg elementor-bg\" style=\"background-image: url(https:\/\/www.foodroom.es\/wp-content\/uploads\/2023\/12\/FOOD-ROOM-5-683x1024.jpg);\" role=\"img\" aria-label=\"private-event-space-marbella-themed-dinner-party-table-set-up\"><\/div>\n\t\t\t\t<div class=\"elementor-cta__bg-overlay\"><\/div>\n\t\t\t<\/div>\n\t\t\t\t\t\t\t<div class=\"elementor-cta__content\">\n\t\t\t\t\n\t\t\t\t\t\t\t\t\t<h2 class=\"elementor-cta__title elementor-cta__content-item elementor-content-item\">\n\t\t\t\t\t\tCenas \u00edntimas\t\t\t\t\t<\/h2>\n\t\t\t\t\n\t\t\t\t\t\t\t\t\t<div class=\"elementor-cta__description elementor-cta__content-item elementor-content-item\">\n\t\t\t\t\t\t<p>Disfruta de un viaje culinario \u00edntimo hecho a su medida. Olv\u00eddate de lo ordinario. Nuestras cenas privadas, elaboradas con sumo cuidado y dedicaci\u00f3n, te prometen una experiencia gastron\u00f3mica \u00fanica. Tanto si se trata de una velada rom\u00e1ntica como de una peque\u00f1a reuni\u00f3n de amigos, saborea cada momento en la comodidad de nuestro exclusivo entorno.<\/p>\n\t\t\t\t\t<\/div>\n\t\t\t\t\n\t\t\t\t\t\t\t<\/div>\n\t\t\t\t\t\t<\/div>\n\t\t\t\t\t\t<\/div>\n\t\t\t\t<\/div>\n\t\t<div class=\"elementor-element elementor-element-5ff0879a e-con-full e-flex e-con e-child\" data-id=\"5ff0879a\" data-element_type=\"container\" data-e-type=\"container\">\n\t\t\t\t<div class=\"elementor-element elementor-element-6b0a763b elementor-cta--layout-image-above elementor-widget__width-inherit elementor-cta--skin-classic elementor-animated-content elementor-bg-transform elementor-bg-transform-zoom-in elementor-widget elementor-widget-call-to-action\" data-id=\"6b0a763b\" data-element_type=\"widget\" data-e-type=\"widget\" data-widget_type=\"call-to-action.default\">\n\t\t\t\t\t\t\t<div class=\"elementor-cta\">\n\t\t\t\t\t<div class=\"elementor-cta__bg-wrapper\">\n\t\t\t\t<div class=\"elementor-cta__bg elementor-bg\" style=\"background-image: url(https:\/\/www.foodroom.es\/wp-content\/uploads\/2023\/12\/FOOD-ROOM-24-683x1024.jpg);\" role=\"img\" aria-label=\"private-event-space-marbella-ganster-party-guests\"><\/div>\n\t\t\t\t<div class=\"elementor-cta__bg-overlay\"><\/div>\n\t\t\t<\/div>\n\t\t\t\t\t\t\t<div class=\"elementor-cta__content\">\n\t\t\t\t\n\t\t\t\t\t\t\t\t\t<h2 class=\"elementor-cta__title elementor-cta__content-item elementor-content-item\">\n\t\t\t\t\t\tVibrantes celebraciones privadas\t\t\t\t\t<\/h2>\n\t\t\t\t\n\t\t\t\t\t\t\t\t\t<div class=\"elementor-cta__description elementor-cta__content-item elementor-content-item\">\n\t\t\t\t\t\t<p>Transforma tus celebraciones en eventos inolvidables en Food Room. El lugar ideal para celebrar la vida y crear recuerdos que durar\u00e1n toda la vida. Desde extravagancias tem\u00e1ticas hasta animadas reuniones, sum\u00e9rgete en un mundo donde cada detalle refleja tu estilo \u00fanico. \u00a1Que empiece la fiesta!<\/p>\n\t\t\t\t\t<\/div>\n\t\t\t\t\n\t\t\t\t\t\t\t<\/div>\n\t\t\t\t\t\t<\/div>\n\t\t\t\t\t\t<\/div>\n\t\t\t\t<\/div>\n\t\t<div class=\"elementor-element elementor-element-5c9711db e-con-full e-flex e-con e-child\" data-id=\"5c9711db\" data-element_type=\"container\" data-e-type=\"container\">\n\t\t\t\t<div class=\"elementor-element elementor-element-cf9b6db elementor-cta--layout-image-above elementor-widget__width-inherit elementor-cta--skin-classic elementor-animated-content elementor-bg-transform elementor-bg-transform-zoom-in elementor-widget elementor-widget-call-to-action\" data-id=\"cf9b6db\" data-element_type=\"widget\" data-e-type=\"widget\" data-widget_type=\"call-to-action.default\">\n\t\t\t\t\t\t\t<div class=\"elementor-cta\">\n\t\t\t\t\t<div class=\"elementor-cta__bg-wrapper\">\n\t\t\t\t<div class=\"elementor-cta__bg elementor-bg\" style=\"background-image: url(https:\/\/www.foodroom.es\/wp-content\/uploads\/2023\/12\/FOOD-ROOM-25-683x1024.jpg);\" role=\"img\" aria-label=\"private-event-space-marbella-ganster-party-mariola-dressed-for-the-ocasion\"><\/div>\n\t\t\t\t<div class=\"elementor-cta__bg-overlay\"><\/div>\n\t\t\t<\/div>\n\t\t\t\t\t\t\t<div class=\"elementor-cta__content\">\n\t\t\t\t\n\t\t\t\t\t\t\t\t\t<h2 class=\"elementor-cta__title elementor-cta__content-item elementor-content-item\">\n\t\t\t\t\t\tEventos especiales y corporativos a medida\t\t\t\t\t<\/h2>\n\t\t\t\t\n\t\t\t\t\t\t\t\t\t<div class=\"elementor-cta__description elementor-cta__content-item elementor-content-item\">\n\t\t\t\t\t\t<p>Celebra reuniones de empresa, lanzamientos de productos y eventos especiales con estilo en Food Room. M\u00e1s que un simple espacio, nuestros entornos privados para eventos te ofrecen un tel\u00f3n de fondo elegante y adaptable para crear recuerdos memorables. Convierte tus reuniones en experiencias memorables con nuestro servicio impecable, configuraciones personalizables y un ambiente que dejar\u00e1 huella.<\/p>\n\t\t\t\t\t<\/div>\n\t\t\t\t\n\t\t\t\t\t\t\t<\/div>\n\t\t\t\t\t\t<\/div>\n\t\t\t\t\t\t<\/div>\n\t\t\t\t<\/div>\n\t\t\t\t<\/div>\n\t\t\t\t<\/div>\n\t\t\t\t\t<\/div>\n\t\t\t\t<\/div>\n\t\t\t\t<section class=\"elementor-section elementor-top-section elementor-element elementor-element-1a830b49 elementor-section-boxed elementor-section-height-default elementor-section-height-default\" data-id=\"1a830b49\" data-element_type=\"section\" data-e-type=\"section\">\n\t\t\t\t\t\t<div class=\"elementor-container elementor-column-gap-default\">\n\t\t\t\t\t<div class=\"elementor-column elementor-col-100 elementor-top-column elementor-element elementor-element-1cecb45d\" data-id=\"1cecb45d\" data-element_type=\"column\" data-e-type=\"column\">\n\t\t\t<div class=\"elementor-widget-wrap elementor-element-populated\">\n\t\t\t\t\t\t<div class=\"elementor-element elementor-element-4e10c32a elementor-widget elementor-widget-text-editor\" data-id=\"4e10c32a\" data-element_type=\"widget\" data-e-type=\"widget\" data-widget_type=\"text-editor.default\">\n\t\t\t\t\t\t\t\t\t<h4>Explora nuestro Party Haven<\/h4>\n<p>Sum\u00e9rgete en el encanto de nuestros espacios privados para eventos. Descubre la versatilidad, exclusividad y asistencia profesional que distinguen a Food Room. Antes de sumergirte en nuestra galer\u00eda, echa un vistazo al ambiente que le espera. Tu evento perfecto est\u00e1 a un solo clic.<\/p>\n\t\t\t\t\t\t\t\t<\/div>\n\t\t\t\t<section class=\"elementor-section elementor-inner-section elementor-element elementor-element-739fe315 elementor-section-boxed elementor-section-height-default elementor-section-height-default\" data-id=\"739fe315\" data-element_type=\"section\" data-e-type=\"section\">\n\t\t\t\t\t\t<div class=\"elementor-container elementor-column-gap-default\">\n\t\t\t\t\t<div class=\"elementor-column elementor-col-100 elementor-inner-column elementor-element elementor-element-71438eab\" data-id=\"71438eab\" data-element_type=\"column\" data-e-type=\"column\">\n\t\t\t<div class=\"elementor-widget-wrap elementor-element-populated\">\n\t\t\t\t\t\t<div class=\"elementor-element elementor-element-7bdb8895 gallery-spacing-custom elementor-widget elementor-widget-image-gallery\" data-id=\"7bdb8895\" data-element_type=\"widget\" data-e-type=\"widget\" data-widget_type=\"image-gallery.default\">\n\t\t\t\t\t\t\t<div class=\"elementor-image-gallery\">\n\t\t\t<div id='gallery-1' class='gallery galleryid-2653 gallery-columns-4 gallery-size-full'><figure class='gallery-item'>\n\t\t\t<div class='gallery-icon portrait'>\n\t\t\t\t<a data-elementor-open-lightbox=\"yes\" data-elementor-lightbox-slideshow=\"7bdb8895\" data-elementor-lightbox-title=\"private-event-space-marbella-italian-themed-table-set-up\" data-elementor-lightbox-description=\"private-event-space-marbella-italian-themed-table-set-up\" data-e-action-hash=\"#elementor-action%3Aaction%3Dlightbox%26settings%3DeyJpZCI6MjUyMiwidXJsIjoiaHR0cHM6XC9cL3d3dy5mb29kcm9vbS5lc1wvd3AtY29udGVudFwvdXBsb2Fkc1wvMjAyNFwvMDFcL0ZPT0QtUk9PTS0yMy5qcGciLCJzbGlkZXNob3ciOiI3YmRiODg5NSJ9\" href='https:\/\/www.foodroom.es\/wp-content\/uploads\/2024\/01\/FOOD-ROOM-23.jpg'><img fetchpriority=\"high\" decoding=\"async\" width=\"936\" height=\"1404\" src=\"https:\/\/www.foodroom.es\/wp-content\/uploads\/2024\/01\/FOOD-ROOM-23.jpg\" class=\"attachment-full size-full\" alt=\"\" srcset=\"https:\/\/www.foodroom.es\/wp-content\/uploads\/2024\/01\/FOOD-ROOM-23.jpg 936w, https:\/\/www.foodroom.es\/wp-content\/uploads\/2024\/01\/FOOD-ROOM-23-200x300.jpg 200w, https:\/\/www.foodroom.es\/wp-content\/uploads\/2024\/01\/FOOD-ROOM-23-683x1024.jpg 683w, https:\/\/www.foodroom.es\/wp-content\/uploads\/2024\/01\/FOOD-ROOM-23-768x1152.jpg 768w, https:\/\/www.foodroom.es\/wp-content\/uploads\/2024\/01\/FOOD-ROOM-23-600x900.jpg 600w\" sizes=\"(max-width: 936px) 100vw, 936px\" \/><\/a>\n\t\t\t<\/div><\/figure><figure class='gallery-item'>\n\t\t\t<div class='gallery-icon portrait'>\n\t\t\t\t<a data-elementor-open-lightbox=\"yes\" data-elementor-lightbox-slideshow=\"7bdb8895\" data-elementor-lightbox-title=\"private-event-space-marbella-italian-themed-cold-cut-table\" data-elementor-lightbox-description=\"private-event-space-marbella-italian-themed-cold-cut-table\" data-e-action-hash=\"#elementor-action%3Aaction%3Dlightbox%26settings%3DeyJpZCI6MjUyMywidXJsIjoiaHR0cHM6XC9cL3d3dy5mb29kcm9vbS5lc1wvd3AtY29udGVudFwvdXBsb2Fkc1wvMjAyNFwvMDFcL0ZPT0QtUk9PTS0yLmpwZyIsInNsaWRlc2hvdyI6IjdiZGI4ODk1In0%3D\" href='https:\/\/www.foodroom.es\/wp-content\/uploads\/2024\/01\/FOOD-ROOM-2.jpg'><img decoding=\"async\" width=\"1000\" height=\"1500\" src=\"https:\/\/www.foodroom.es\/wp-content\/uploads\/2024\/01\/FOOD-ROOM-2.jpg\" class=\"attachment-full size-full\" alt=\"\" srcset=\"https:\/\/www.foodroom.es\/wp-content\/uploads\/2024\/01\/FOOD-ROOM-2.jpg 1000w, https:\/\/www.foodroom.es\/wp-content\/uploads\/2024\/01\/FOOD-ROOM-2-200x300.jpg 200w, https:\/\/www.foodroom.es\/wp-content\/uploads\/2024\/01\/FOOD-ROOM-2-683x1024.jpg 683w, https:\/\/www.foodroom.es\/wp-content\/uploads\/2024\/01\/FOOD-ROOM-2-768x1152.jpg 768w, https:\/\/www.foodroom.es\/wp-content\/uploads\/2024\/01\/FOOD-ROOM-2-600x900.jpg 600w\" sizes=\"(max-width: 1000px) 100vw, 1000px\" \/><\/a>\n\t\t\t<\/div><\/figure><figure class='gallery-item'>\n\t\t\t<div class='gallery-icon portrait'>\n\t\t\t\t<a data-elementor-open-lightbox=\"yes\" data-elementor-lightbox-slideshow=\"7bdb8895\" data-elementor-lightbox-title=\"private-event-space-marbella-italian-themed-cold-cut-table-2\" data-elementor-lightbox-description=\"private-event-space-marbella-italian-themed-cold-cut-table-2\" data-e-action-hash=\"#elementor-action%3Aaction%3Dlightbox%26settings%3DeyJpZCI6MjUyNCwidXJsIjoiaHR0cHM6XC9cL3d3dy5mb29kcm9vbS5lc1wvd3AtY29udGVudFwvdXBsb2Fkc1wvMjAyNFwvMDFcL0ZPT0QtUk9PTS0zLmpwZyIsInNsaWRlc2hvdyI6IjdiZGI4ODk1In0%3D\" href='https:\/\/www.foodroom.es\/wp-content\/uploads\/2024\/01\/FOOD-ROOM-3.jpg'><img decoding=\"async\" width=\"1000\" height=\"1500\" src=\"https:\/\/www.foodroom.es\/wp-content\/uploads\/2024\/01\/FOOD-ROOM-3.jpg\" class=\"attachment-full size-full\" alt=\"\" srcset=\"https:\/\/www.foodroom.es\/wp-content\/uploads\/2024\/01\/FOOD-ROOM-3.jpg 1000w, https:\/\/www.foodroom.es\/wp-content\/uploads\/2024\/01\/FOOD-ROOM-3-200x300.jpg 200w, https:\/\/www.foodroom.es\/wp-content\/uploads\/2024\/01\/FOOD-ROOM-3-683x1024.jpg 683w, https:\/\/www.foodroom.es\/wp-content\/uploads\/2024\/01\/FOOD-ROOM-3-768x1152.jpg 768w, https:\/\/www.foodroom.es\/wp-content\/uploads\/2024\/01\/FOOD-ROOM-3-600x900.jpg 600w\" sizes=\"(max-width: 1000px) 100vw, 1000px\" \/><\/a>\n\t\t\t<\/div><\/figure><figure class='gallery-item'>\n\t\t\t<div class='gallery-icon portrait'>\n\t\t\t\t<a data-elementor-open-lightbox=\"yes\" data-elementor-lightbox-slideshow=\"7bdb8895\" data-elementor-lightbox-title=\"private-event-space-marbella-italian-themed-cold-cut-table-3\" data-elementor-lightbox-description=\"private-event-space-marbella-italian-themed-cold-cut-table-3\" data-e-action-hash=\"#elementor-action%3Aaction%3Dlightbox%26settings%3DeyJpZCI6MjUyNSwidXJsIjoiaHR0cHM6XC9cL3d3dy5mb29kcm9vbS5lc1wvd3AtY29udGVudFwvdXBsb2Fkc1wvMjAyNFwvMDFcL0ZPT0QtUk9PTS00LmpwZyIsInNsaWRlc2hvdyI6IjdiZGI4ODk1In0%3D\" href='https:\/\/www.foodroom.es\/wp-content\/uploads\/2024\/01\/FOOD-ROOM-4.jpg'><img loading=\"lazy\" decoding=\"async\" width=\"1000\" height=\"1500\" src=\"https:\/\/www.foodroom.es\/wp-content\/uploads\/2024\/01\/FOOD-ROOM-4.jpg\" class=\"attachment-full size-full\" alt=\"\" srcset=\"https:\/\/www.foodroom.es\/wp-content\/uploads\/2024\/01\/FOOD-ROOM-4.jpg 1000w, https:\/\/www.foodroom.es\/wp-content\/uploads\/2024\/01\/FOOD-ROOM-4-200x300.jpg 200w, https:\/\/www.foodroom.es\/wp-content\/uploads\/2024\/01\/FOOD-ROOM-4-683x1024.jpg 683w, https:\/\/www.foodroom.es\/wp-content\/uploads\/2024\/01\/FOOD-ROOM-4-768x1152.jpg 768w, https:\/\/www.foodroom.es\/wp-content\/uploads\/2024\/01\/FOOD-ROOM-4-600x900.jpg 600w\" sizes=\"(max-width: 1000px) 100vw, 1000px\" \/><\/a>\n\t\t\t<\/div><\/figure><figure class='gallery-item'>\n\t\t\t<div class='gallery-icon portrait'>\n\t\t\t\t<a data-elementor-open-lightbox=\"yes\" data-elementor-lightbox-slideshow=\"7bdb8895\" data-elementor-lightbox-title=\"private-event-space-marbella-party-guests-talking\" data-elementor-lightbox-description=\"private-event-space-marbella-party-guests-talking\" data-e-action-hash=\"#elementor-action%3Aaction%3Dlightbox%26settings%3DeyJpZCI6MjUyNiwidXJsIjoiaHR0cHM6XC9cL3d3dy5mb29kcm9vbS5lc1wvd3AtY29udGVudFwvdXBsb2Fkc1wvMjAyNFwvMDFcL0ZPT0QtUk9PTS0yNi5qcGciLCJzbGlkZXNob3ciOiI3YmRiODg5NSJ9\" href='https:\/\/www.foodroom.es\/wp-content\/uploads\/2024\/01\/FOOD-ROOM-26.jpg'><img loading=\"lazy\" decoding=\"async\" width=\"753\" height=\"1129\" src=\"https:\/\/www.foodroom.es\/wp-content\/uploads\/2024\/01\/FOOD-ROOM-26.jpg\" class=\"attachment-full size-full\" alt=\"\" srcset=\"https:\/\/www.foodroom.es\/wp-content\/uploads\/2024\/01\/FOOD-ROOM-26.jpg 753w, https:\/\/www.foodroom.es\/wp-content\/uploads\/2024\/01\/FOOD-ROOM-26-200x300.jpg 200w, https:\/\/www.foodroom.es\/wp-content\/uploads\/2024\/01\/FOOD-ROOM-26-683x1024.jpg 683w, https:\/\/www.foodroom.es\/wp-content\/uploads\/2024\/01\/FOOD-ROOM-26-600x900.jpg 600w\" sizes=\"(max-width: 753px) 100vw, 753px\" \/><\/a>\n\t\t\t<\/div><\/figure><figure class='gallery-item'>\n\t\t\t<div class='gallery-icon portrait'>\n\t\t\t\t<a data-elementor-open-lightbox=\"yes\" data-elementor-lightbox-slideshow=\"7bdb8895\" data-elementor-lightbox-title=\"private-event-space-marbella-party-guests-at-the-table-drinking-wine\" data-elementor-lightbox-description=\"private-event-space-marbella-party-guests-at-the-table-drinking-wine\" data-e-action-hash=\"#elementor-action%3Aaction%3Dlightbox%26settings%3DeyJpZCI6MjUyNywidXJsIjoiaHR0cHM6XC9cL3d3dy5mb29kcm9vbS5lc1wvd3AtY29udGVudFwvdXBsb2Fkc1wvMjAyNFwvMDFcL0ZPT0QtUk9PTS0yNy5qcGciLCJzbGlkZXNob3ciOiI3YmRiODg5NSJ9\" href='https:\/\/www.foodroom.es\/wp-content\/uploads\/2024\/01\/FOOD-ROOM-27.jpg'><img loading=\"lazy\" decoding=\"async\" width=\"1000\" height=\"1500\" src=\"https:\/\/www.foodroom.es\/wp-content\/uploads\/2024\/01\/FOOD-ROOM-27.jpg\" class=\"attachment-full size-full\" alt=\"\" srcset=\"https:\/\/www.foodroom.es\/wp-content\/uploads\/2024\/01\/FOOD-ROOM-27.jpg 1000w, https:\/\/www.foodroom.es\/wp-content\/uploads\/2024\/01\/FOOD-ROOM-27-200x300.jpg 200w, https:\/\/www.foodroom.es\/wp-content\/uploads\/2024\/01\/FOOD-ROOM-27-683x1024.jpg 683w, https:\/\/www.foodroom.es\/wp-content\/uploads\/2024\/01\/FOOD-ROOM-27-768x1152.jpg 768w, https:\/\/www.foodroom.es\/wp-content\/uploads\/2024\/01\/FOOD-ROOM-27-600x900.jpg 600w\" sizes=\"(max-width: 1000px) 100vw, 1000px\" \/><\/a>\n\t\t\t<\/div><\/figure><figure class='gallery-item'>\n\t\t\t<div class='gallery-icon portrait'>\n\t\t\t\t<a data-elementor-open-lightbox=\"yes\" data-elementor-lightbox-slideshow=\"7bdb8895\" data-elementor-lightbox-title=\"private-event-space-marbella-close-up-food-on-plates\" data-elementor-lightbox-description=\"private-event-space-marbella-close-up-food-on-plates\" data-e-action-hash=\"#elementor-action%3Aaction%3Dlightbox%26settings%3DeyJpZCI6MjUyOCwidXJsIjoiaHR0cHM6XC9cL3d3dy5mb29kcm9vbS5lc1wvd3AtY29udGVudFwvdXBsb2Fkc1wvMjAyNFwvMDFcL0ZPT0QtUk9PTS00Mi5qcGciLCJzbGlkZXNob3ciOiI3YmRiODg5NSJ9\" href='https:\/\/www.foodroom.es\/wp-content\/uploads\/2024\/01\/FOOD-ROOM-42.jpg'><img loading=\"lazy\" decoding=\"async\" width=\"1000\" height=\"1500\" src=\"https:\/\/www.foodroom.es\/wp-content\/uploads\/2024\/01\/FOOD-ROOM-42.jpg\" class=\"attachment-full size-full\" alt=\"\" srcset=\"https:\/\/www.foodroom.es\/wp-content\/uploads\/2024\/01\/FOOD-ROOM-42.jpg 1000w, https:\/\/www.foodroom.es\/wp-content\/uploads\/2024\/01\/FOOD-ROOM-42-200x300.jpg 200w, https:\/\/www.foodroom.es\/wp-content\/uploads\/2024\/01\/FOOD-ROOM-42-683x1024.jpg 683w, https:\/\/www.foodroom.es\/wp-content\/uploads\/2024\/01\/FOOD-ROOM-42-768x1152.jpg 768w, https:\/\/www.foodroom.es\/wp-content\/uploads\/2024\/01\/FOOD-ROOM-42-600x900.jpg 600w\" sizes=\"(max-width: 1000px) 100vw, 1000px\" \/><\/a>\n\t\t\t<\/div><\/figure><figure class='gallery-item'>\n\t\t\t<div class='gallery-icon portrait'>\n\t\t\t\t<a data-elementor-open-lightbox=\"yes\" data-elementor-lightbox-slideshow=\"7bdb8895\" data-elementor-lightbox-title=\"private-event-space-marbella-guests-enjoying-their-dinner\" data-elementor-lightbox-description=\"private-event-space-marbella-guests-enjoying-their-dinner\" data-e-action-hash=\"#elementor-action%3Aaction%3Dlightbox%26settings%3DeyJpZCI6MjUyOSwidXJsIjoiaHR0cHM6XC9cL3d3dy5mb29kcm9vbS5lc1wvd3AtY29udGVudFwvdXBsb2Fkc1wvMjAyNFwvMDFcL0ZPT0QtUk9PTS00My5qcGciLCJzbGlkZXNob3ciOiI3YmRiODg5NSJ9\" href='https:\/\/www.foodroom.es\/wp-content\/uploads\/2024\/01\/FOOD-ROOM-43.jpg'><img loading=\"lazy\" decoding=\"async\" width=\"684\" height=\"1026\" src=\"https:\/\/www.foodroom.es\/wp-content\/uploads\/2024\/01\/FOOD-ROOM-43.jpg\" class=\"attachment-full size-full\" alt=\"\" srcset=\"https:\/\/www.foodroom.es\/wp-content\/uploads\/2024\/01\/FOOD-ROOM-43.jpg 684w, https:\/\/www.foodroom.es\/wp-content\/uploads\/2024\/01\/FOOD-ROOM-43-200x300.jpg 200w, https:\/\/www.foodroom.es\/wp-content\/uploads\/2024\/01\/FOOD-ROOM-43-683x1024.jpg 683w, https:\/\/www.foodroom.es\/wp-content\/uploads\/2024\/01\/FOOD-ROOM-43-600x900.jpg 600w\" sizes=\"(max-width: 684px) 100vw, 684px\" \/><\/a>\n\t\t\t<\/div><\/figure>\n\t\t<\/div>\n\t\t<\/div>\n\t\t\t\t\t\t<\/div>\n\t\t\t\t\t<\/div>\n\t\t<\/div>\n\t\t\t\t\t<\/div>\n\t\t<\/section>\n\t\t\t\t<section class=\"elementor-section elementor-inner-section elementor-element elementor-element-1fa51b1f elementor-reverse-tablet elementor-reverse-mobile elementor-section-boxed elementor-section-height-default elementor-section-height-default\" data-id=\"1fa51b1f\" data-element_type=\"section\" data-e-type=\"section\">\n\t\t\t\t\t\t<div class=\"elementor-container elementor-column-gap-no\">\n\t\t\t\t\t<div class=\"elementor-column elementor-col-50 elementor-inner-column elementor-element elementor-element-1fc17075\" data-id=\"1fc17075\" data-element_type=\"column\" data-e-type=\"column\">\n\t\t\t<div class=\"elementor-widget-wrap elementor-element-populated\">\n\t\t\t\t\t\t<div class=\"elementor-element elementor-element-7e140dcf elementor-widget elementor-widget-heading\" data-id=\"7e140dcf\" data-element_type=\"widget\" data-e-type=\"widget\" data-widget_type=\"heading.default\">\n\t\t\t\t\t<h2 class=\"elementor-heading-title elementor-size-default\">Tu espacio privado para eventos en Marbella<\/h2>\t\t\t\t<\/div>\n\t\t\t\t<div class=\"elementor-element elementor-element-540f04cf elementor-widget elementor-widget-heading\" data-id=\"540f04cf\" data-element_type=\"widget\" data-e-type=\"widget\" data-widget_type=\"heading.default\">\n\t\t\t\t\t<h2 class=\"elementor-heading-title elementor-size-default\">\u00bfPor qu\u00e9 elegir Food Room para tu evento privado?<\/h2>\t\t\t\t<\/div>\n\t\t\t\t<div class=\"elementor-element elementor-element-2f8d3a4d elementor-widget elementor-widget-icon-box\" data-id=\"2f8d3a4d\" data-element_type=\"widget\" data-e-type=\"widget\" data-widget_type=\"icon-box.default\">\n\t\t\t\t\t\t\t<div class=\"elementor-icon-box-wrapper\">\n\n\t\t\t\n\t\t\t\t\t\t<div class=\"elementor-icon-box-content\">\n\n\t\t\t\t\t\t\t\t\t<h3 class=\"elementor-icon-box-title\">\n\t\t\t\t\t\t<span  >\n\t\t\t\t\t\t\tDonde tu visi\u00f3n encuentra el espacio perfecto\t\t\t\t\t\t<\/span>\n\t\t\t\t\t<\/h3>\n\t\t\t\t\n\t\t\t\t\t\t\t\t\t<p class=\"elementor-icon-box-description\">\n\t\t\t\t\t\tTrabajaremos contigo para crear un ambiente que refleje tu estilo y personalidad. Desde reuniones acogedoras hasta actos corporativos, ofrecemos la flexibilidad necesaria para transformar el ambiente seg\u00fan el tema y el prop\u00f3sito de tu evento.\t\t\t\t\t<\/p>\n\t\t\t\t\n\t\t\t<\/div>\n\t\t\t\n\t\t<\/div>\n\t\t\t\t\t\t<\/div>\n\t\t\t\t<div class=\"elementor-element elementor-element-29a78b6b elementor-widget elementor-widget-icon-box\" data-id=\"29a78b6b\" data-element_type=\"widget\" data-e-type=\"widget\" data-widget_type=\"icon-box.default\">\n\t\t\t\t\t\t\t<div class=\"elementor-icon-box-wrapper\">\n\n\t\t\t\n\t\t\t\t\t\t<div class=\"elementor-icon-box-content\">\n\n\t\t\t\t\t\t\t\t\t<h3 class=\"elementor-icon-box-title\">\n\t\t\t\t\t\t<span  >\n\t\t\t\t\t\t\tUn oasis privado, sin igual\t\t\t\t\t\t<\/span>\n\t\t\t\t\t<\/h3>\n\t\t\t\t\n\t\t\t\t\t\t\t\t\t<p class=\"elementor-icon-box-description\">\n\t\t\t\t\t\tCuando eliges Food Room, no s\u00f3lo alquilas un local, sino que obtienes acceso exclusivo a un entorno elegante y privado. Disfruta de la intimidad de tu evento sin distracciones.\t\t\t\t\t<\/p>\n\t\t\t\t\n\t\t\t<\/div>\n\t\t\t\n\t\t<\/div>\n\t\t\t\t\t\t<\/div>\n\t\t\t\t<div class=\"elementor-element elementor-element-370e0d04 elementor-widget elementor-widget-icon-box\" data-id=\"370e0d04\" data-element_type=\"widget\" data-e-type=\"widget\" data-widget_type=\"icon-box.default\">\n\t\t\t\t\t\t\t<div class=\"elementor-icon-box-wrapper\">\n\n\t\t\t\n\t\t\t\t\t\t<div class=\"elementor-icon-box-content\">\n\n\t\t\t\t\t\t\t\t\t<h3 class=\"elementor-icon-box-title\">\n\t\t\t\t\t\t<span  >\n\t\t\t\t\t\t\tAsistencia experta para eventos sin esfuerzo\t\t\t\t\t\t<\/span>\n\t\t\t\t\t<\/h3>\n\t\t\t\t\n\t\t\t\t\t\t\t\t\t<p class=\"elementor-icon-box-description\">\n\t\t\t\t\t\tNuestro experimentado equipo est\u00e1 aqu\u00ed para ayudarte en cada paso. Desde la planificaci\u00f3n del evento hasta su ejecuci\u00f3n, nos aseguramos de que tu fiesta privada se desarrolle a la perfecci\u00f3n, permiti\u00e9ndote relajarte y disfrutar de los festejos.\t\t\t\t\t<\/p>\n\t\t\t\t\n\t\t\t<\/div>\n\t\t\t\n\t\t<\/div>\n\t\t\t\t\t\t<\/div>\n\t\t\t\t<div class=\"elementor-element elementor-element-4304388 elementor-widget elementor-widget-icon-box\" data-id=\"4304388\" data-element_type=\"widget\" data-e-type=\"widget\" data-widget_type=\"icon-box.default\">\n\t\t\t\t\t\t\t<div class=\"elementor-icon-box-wrapper\">\n\n\t\t\t\n\t\t\t\t\t\t<div class=\"elementor-icon-box-content\">\n\n\t\t\t\t\t\t\t\t\t<h3 class=\"elementor-icon-box-title\">\n\t\t\t\t\t\t<span  >\n\t\t\t\t\t\t\tExperiencias a tu medida\t\t\t\t\t\t<\/span>\n\t\t\t\t\t<\/h3>\n\t\t\t\t\n\t\t\t\t\t\t\t\t\t<p class=\"elementor-icon-box-description\">\n\t\t\t\t\t\tAdapte tu experiencia con nuestros paquetes personalizables. Desde fiestas tem\u00e1ticas hasta lanzamientos de productos y eventos de networking, ofrecemos soluciones personalizadas para cada ocasi\u00f3n.\t\t\t\t\t<\/p>\n\t\t\t\t\n\t\t\t<\/div>\n\t\t\t\n\t\t<\/div>\n\t\t\t\t\t\t<\/div>\n\t\t\t\t<div class=\"elementor-element elementor-element-4085f79 elementor-widget elementor-widget-icon-box\" data-id=\"4085f79\" data-element_type=\"widget\" data-e-type=\"widget\" data-widget_type=\"icon-box.default\">\n\t\t\t\t\t\t\t<div class=\"elementor-icon-box-wrapper\">\n\n\t\t\t\n\t\t\t\t\t\t<div class=\"elementor-icon-box-content\">\n\n\t\t\t\t\t\t\t\t\t<h3 class=\"elementor-icon-box-title\">\n\t\t\t\t\t\t<span  >\n\t\t\t\t\t\t\tDonde cada momento parece eterno\t\t\t\t\t\t<\/span>\n\t\t\t\t\t<\/h3>\n\t\t\t\t\n\t\t\t\t\t\t\t\t\t<p class=\"elementor-icon-box-description\">\n\t\t\t\t\t\tEn Food Room somos conscientes de la importancia del ambiente. Nuestro local est\u00e1 dise\u00f1ado para crear un ambiente \u00fanico que mejore la experiencia global para ti y tus invitados.\n\n\t\t\t\t\t<\/p>\n\t\t\t\t\n\t\t\t<\/div>\n\t\t\t\n\t\t<\/div>\n\t\t\t\t\t\t<\/div>\n\t\t\t\t\t<\/div>\n\t\t<\/div>\n\t\t\t\t<div class=\"elementor-column elementor-col-50 elementor-inner-column elementor-element elementor-element-68fe9040\" data-id=\"68fe9040\" data-element_type=\"column\" data-e-type=\"column\">\n\t\t\t<div class=\"elementor-widget-wrap elementor-element-populated\">\n\t\t\t\t\t\t<div class=\"elementor-element elementor-element-7c7b81d1 elementor-widget elementor-widget-image\" data-id=\"7c7b81d1\" data-element_type=\"widget\" data-e-type=\"widget\" data-widget_type=\"image.default\">\n\t\t\t\t\t\t\t\t\t\t\t\t\t\t\t<img loading=\"lazy\" decoding=\"async\" width=\"1000\" height=\"1500\" src=\"https:\/\/www.foodroom.es\/wp-content\/uploads\/2023\/12\/FOOD-ROOM-48.jpg\" class=\"attachment-full size-full wp-image-983\" alt=\"private-event-space-marbella-mariola-and-jane-dressed-for-the-occasion\" srcset=\"https:\/\/www.foodroom.es\/wp-content\/uploads\/2023\/12\/FOOD-ROOM-48.jpg 1000w, https:\/\/www.foodroom.es\/wp-content\/uploads\/2023\/12\/FOOD-ROOM-48-200x300.jpg 200w, https:\/\/www.foodroom.es\/wp-content\/uploads\/2023\/12\/FOOD-ROOM-48-683x1024.jpg 683w, https:\/\/www.foodroom.es\/wp-content\/uploads\/2023\/12\/FOOD-ROOM-48-768x1152.jpg 768w, https:\/\/www.foodroom.es\/wp-content\/uploads\/2023\/12\/FOOD-ROOM-48-600x900.jpg 600w\" sizes=\"(max-width: 1000px) 100vw, 1000px\" \/>\t\t\t\t\t\t\t\t\t\t\t\t\t\t\t<\/div>\n\t\t\t\t\t<\/div>\n\t\t<\/div>\n\t\t\t\t\t<\/div>\n\t\t<\/section>\n\t\t\t\t\t<\/div>\n\t\t<\/div>\n\t\t\t\t\t<\/div>\n\t\t<\/section>\n\t\t<div class=\"elementor-element elementor-element-3a91f02 e-con-full e-flex e-con e-parent\" data-id=\"3a91f02\" data-element_type=\"container\" data-e-type=\"container\">\n\t\t\t\t<div class=\"elementor-element elementor-element-8a24412 elementor-widget elementor-widget-heading\" data-id=\"8a24412\" data-element_type=\"widget\" data-e-type=\"widget\" data-widget_type=\"heading.default\">\n\t\t\t\t\t<h2 class=\"elementor-heading-title elementor-size-default\">PREGUNTAS M\u00c1S FRECUENTES <\/h2>\t\t\t\t<\/div>\n\t\t\t\t<\/div>\n\t\t<div class=\"elementor-element elementor-element-58280c87 e-flex e-con-boxed e-con e-parent\" data-id=\"58280c87\" data-element_type=\"container\" data-e-type=\"container\">\n\t\t\t\t\t<div class=\"e-con-inner\">\n\t\t\t\t<div class=\"elementor-element elementor-element-33e128b4 elementor-widget elementor-widget-heading\" data-id=\"33e128b4\" data-element_type=\"widget\" data-e-type=\"widget\" data-widget_type=\"heading.default\">\n\t\t\t\t\t<h2 class=\"elementor-heading-title elementor-size-default\">Todo lo que necesitas saber sobre nuestro alquiler de espacios para eventos privados<\/h2>\t\t\t\t<\/div>\n\t\t\t\t\t<\/div>\n\t\t\t\t<\/div>\n\t\t<div class=\"elementor-element elementor-element-1c1f0426 e-flex e-con-boxed e-con e-parent\" data-id=\"1c1f0426\" data-element_type=\"container\" data-e-type=\"container\">\n\t\t\t\t\t<div class=\"e-con-inner\">\n\t\t<div class=\"elementor-element elementor-element-5f23c5d0 e-con-full e-flex e-con e-child\" data-id=\"5f23c5d0\" data-element_type=\"container\" data-e-type=\"container\">\n\t\t\t\t<div class=\"elementor-element elementor-element-559bf4a0 elementor-widget elementor-widget-heading\" data-id=\"559bf4a0\" data-element_type=\"widget\" data-e-type=\"widget\" data-widget_type=\"heading.default\">\n\t\t\t\t\t<h3 class=\"elementor-heading-title elementor-size-default\">\u00bfQu\u00e9 hace que el espacio para eventos privados de Food Room sea \u00fanico?<\/h3>\t\t\t\t<\/div>\n\t\t\t\t<div class=\"elementor-element elementor-element-711187d0 elementor-widget elementor-widget-text-editor\" data-id=\"711187d0\" data-element_type=\"widget\" data-e-type=\"widget\" data-widget_type=\"text-editor.default\">\n\t\t\t\t\t\t\t\t\t<p data-sourcepos=\"58:1-58:82\">El espacio para eventos privados de Food Room destaca por su dise\u00f1o vers\u00e1til, que permite una personalizaci\u00f3n perfecta para cualquier acto, desde cenas \u00edntimas hasta reuniones de empresa.<\/p>\n\t\t\t\t\t\t\t\t<\/div>\n\t\t\t\t<div class=\"elementor-element elementor-element-fec24e3 elementor-widget elementor-widget-spacer\" data-id=\"fec24e3\" data-element_type=\"widget\" data-e-type=\"widget\" data-widget_type=\"spacer.default\">\n\t\t\t\t\t\t\t<div class=\"elementor-spacer\">\n\t\t\t<div class=\"elementor-spacer-inner\"><\/div>\n\t\t<\/div>\n\t\t\t\t\t\t<\/div>\n\t\t\t\t<div class=\"elementor-element elementor-element-7dc76ce8 elementor-widget elementor-widget-heading\" data-id=\"7dc76ce8\" data-element_type=\"widget\" data-e-type=\"widget\" data-widget_type=\"heading.default\">\n\t\t\t\t\t<h3 class=\"elementor-heading-title elementor-size-default\">\u00bfC\u00f3mo puedo reservar el espacio para eventos privados de Food Room para una ocasi\u00f3n concreta?<\/h3>\t\t\t\t<\/div>\n\t\t\t\t<div class=\"elementor-element elementor-element-7378f073 elementor-widget elementor-widget-text-editor\" data-id=\"7378f073\" data-element_type=\"widget\" data-e-type=\"widget\" data-widget_type=\"text-editor.default\">\n\t\t\t\t\t\t\t\t\t<p data-sourcepos=\"31:1-31:92\">Reservar es f\u00e1cil P\u00f3ngase en contacto con nosotros a trav\u00e9s de nuestro sitio web o directamente. Nuestro equipo le guiar\u00e1 a lo largo del proceso y se asegurar\u00e1 de que su evento se ajuste a su visi\u00f3n.<\/p>\n\t\t\t\t\t\t\t\t<\/div>\n\t\t\t\t<div class=\"elementor-element elementor-element-3b7e321f elementor-widget elementor-widget-heading\" data-id=\"3b7e321f\" data-element_type=\"widget\" data-e-type=\"widget\" data-widget_type=\"heading.default\">\n\t\t\t\t\t<h3 class=\"elementor-heading-title elementor-size-default\">\u00bfPuedo visitar el lugar antes de reservar mi evento privado?<\/h3>\t\t\t\t<\/div>\n\t\t\t\t<div class=\"elementor-element elementor-element-13607958 elementor-widget elementor-widget-text-editor\" data-id=\"13607958\" data-element_type=\"widget\" data-e-type=\"widget\" data-widget_type=\"text-editor.default\">\n\t\t\t\t\t\t\t\t\t<p data-sourcepos=\"31:1-31:92\">Por supuesto. Animamos a nuestros clientes a programar una visita para experimentar el ambiente de primera mano. P\u00f3ngase en contacto con nosotros para concertar una visita personalizada a nuestro espacio para eventos privados.<\/p>\n\t\t\t\t\t\t\t\t<\/div>\n\t\t\t\t<\/div>\n\t\t<div class=\"elementor-element elementor-element-32996c67 e-con-full e-flex e-con e-child\" data-id=\"32996c67\" data-element_type=\"container\" data-e-type=\"container\">\n\t\t\t\t<div class=\"elementor-element elementor-element-1dc6f460 elementor-widget elementor-widget-heading\" data-id=\"1dc6f460\" data-element_type=\"widget\" data-e-type=\"widget\" data-widget_type=\"heading.default\">\n\t\t\t\t\t<h3 class=\"elementor-heading-title elementor-size-default\">\u00bfQu\u00e9 tipos de eventos son adecuados para el alquiler de espacios privados de Food Room?<\/h3>\t\t\t\t<\/div>\n\t\t\t\t<div class=\"elementor-element elementor-element-6234ad91 elementor-widget elementor-widget-text-editor\" data-id=\"6234ad91\" data-element_type=\"widget\" data-e-type=\"widget\" data-widget_type=\"text-editor.default\">\n\t\t\t\t\t\t\t\t\t<p data-sourcepos=\"9:1-9:90\">El espacio de Food Room es perfecto para una amplia gama de eventos, como cenas privadas, fiestas tem\u00e1ticas, funciones corporativas, lanzamientos de productos y eventos de networking.<\/p>\n\t\t\t\t\t\t\t\t<\/div>\n\t\t\t\t<div class=\"elementor-element elementor-element-24edd7b elementor-widget elementor-widget-spacer\" data-id=\"24edd7b\" data-element_type=\"widget\" data-e-type=\"widget\" data-widget_type=\"spacer.default\">\n\t\t\t\t\t\t\t<div class=\"elementor-spacer\">\n\t\t\t<div class=\"elementor-spacer-inner\"><\/div>\n\t\t<\/div>\n\t\t\t\t\t\t<\/div>\n\t\t\t\t<div class=\"elementor-element elementor-element-14acde36 elementor-widget elementor-widget-heading\" data-id=\"14acde36\" data-element_type=\"widget\" data-e-type=\"widget\" data-widget_type=\"heading.default\">\n\t\t\t\t\t<h3 class=\"elementor-heading-title elementor-size-default\">\u00bfC\u00f3mo garantiza Food Room un evento privado fluido y sin estr\u00e9s?<\/h3>\t\t\t\t<\/div>\n\t\t\t\t<div class=\"elementor-element elementor-element-63da21c2 elementor-widget elementor-widget-text-editor\" data-id=\"63da21c2\" data-element_type=\"widget\" data-e-type=\"widget\" data-widget_type=\"text-editor.default\">\n\t\t\t\t\t\t\t\t\t<p data-sourcepos=\"5:1-5:89\">Nuestro experimentado equipo ofrece apoyo profesional desde la planificaci\u00f3n hasta la ejecuci\u00f3n, garantizando que su fiesta privada se desarrolle sin contratiempos. Nos ocupamos de los detalles para que usted pueda relajarse y disfrutar de su celebraci\u00f3n.<\/p>\n\t\t\t\t\t\t\t\t<\/div>\n\t\t\t\t<div class=\"elementor-element elementor-element-648953bb elementor-widget elementor-widget-heading\" data-id=\"648953bb\" data-element_type=\"widget\" data-e-type=\"widget\" data-widget_type=\"heading.default\">\n\t\t\t\t\t<h3 class=\"elementor-heading-title elementor-size-default\">\u00bfQu\u00e9 diferencia el ambiente del espacio para eventos privados de Food Room de los dem\u00e1s?<\/h3>\t\t\t\t<\/div>\n\t\t\t\t<div class=\"elementor-element elementor-element-6c42566e elementor-widget elementor-widget-text-editor\" data-id=\"6c42566e\" data-element_type=\"widget\" data-e-type=\"widget\" data-widget_type=\"text-editor.default\">\n\t\t\t\t\t\t\t\t\t<p data-sourcepos=\"5:1-5:89\">En Food Room somos conscientes de la importancia del ambiente. Nuestro local est\u00e1 meticulosamente dise\u00f1ado para crear un ambiente \u00fanico e inolvidable, mejorando la experiencia global para usted y sus invitados.<\/p>\n\t\t\t\t\t\t\t\t<\/div>\n\t\t\t\t<\/div>\n\t\t\t\t\t<\/div>\n\t\t\t\t<\/div>\n\t\t\t\t<section class=\"elementor-section elementor-top-section elementor-element elementor-element-e9bc25b elementor-section-height-min-height elementor-section-boxed elementor-section-height-default elementor-section-items-middle\" data-id=\"e9bc25b\" data-element_type=\"section\" data-e-type=\"section\" data-settings=\"{&quot;background_background&quot;:&quot;classic&quot;}\">\n\t\t\t\t\t\t\t<div class=\"elementor-background-overlay\"><\/div>\n\t\t\t\t\t\t\t<div class=\"elementor-container elementor-column-gap-default\">\n\t\t\t\t\t<div class=\"elementor-column elementor-col-100 elementor-top-column elementor-element elementor-element-70aa903a\" data-id=\"70aa903a\" data-element_type=\"column\" data-e-type=\"column\">\n\t\t\t<div class=\"elementor-widget-wrap elementor-element-populated\">\n\t\t\t\t\t\t<div class=\"elementor-element elementor-element-76d88a87 elementor-widget elementor-widget-heading\" data-id=\"76d88a87\" data-element_type=\"widget\" data-e-type=\"widget\" data-widget_type=\"heading.default\">\n\t\t\t\t\t<h2 class=\"elementor-heading-title elementor-size-default\">Solicitar presupuesto<\/h2>\t\t\t\t<\/div>\n\t\t\t\t<div class=\"elementor-element elementor-element-1f32fea7 elementor-widget elementor-widget-heading\" data-id=\"1f32fea7\" data-element_type=\"widget\" data-e-type=\"widget\" data-widget_type=\"heading.default\">\n\t\t\t\t\t<h2 class=\"elementor-heading-title elementor-size-default\">\u00bfListo para transformar su evento privado en una experiencia inolvidable?<\/h2>\t\t\t\t<\/div>\n\t\t\t\t<div class=\"elementor-element elementor-element-467b1282 elementor-widget elementor-widget-text-editor\" data-id=\"467b1282\" data-element_type=\"widget\" data-e-type=\"widget\" data-widget_type=\"text-editor.default\">\n\t\t\t\t\t\t\t\t\t<p>Reserve ahora nuestro exclusivo espacio para eventos privados y deje que Food Room eleve sus celebraciones. Reserva tu fecha hoy mismo y disfruta de la tranquilidad de saber que tu evento estar\u00e1 en perfectas manos. Tu evento perfecto empieza aqu\u00ed<\/p>\n\t\t\t\t\t\t\t\t<\/div>\n\t\t\t\t<section class=\"elementor-section elementor-inner-section elementor-element elementor-element-42fdb84a elementor-section-boxed elementor-section-height-default elementor-section-height-default\" data-id=\"42fdb84a\" data-element_type=\"section\" data-e-type=\"section\">\n\t\t\t\t\t\t<div class=\"elementor-container elementor-column-gap-default\">\n\t\t\t\t\t<div class=\"elementor-column elementor-col-100 elementor-inner-column elementor-element elementor-element-145bf4f9\" data-id=\"145bf4f9\" data-element_type=\"column\" data-e-type=\"column\">\n\t\t\t<div class=\"elementor-widget-wrap elementor-element-populated\">\n\t\t\t\t\t\t<div class=\"elementor-element elementor-element-5f86a31a elementor-align-center elementor-widget elementor-widget-button\" data-id=\"5f86a31a\" data-element_type=\"widget\" data-e-type=\"widget\" data-widget_type=\"button.default\">\n\t\t\t\t\t\t\t\t\t\t<a class=\"elementor-button elementor-button-link elementor-size-lg\" href=\"https:\/\/www.foodroom.es\/es\/?page_id=2611\">\n\t\t\t\t\t\t<span class=\"elementor-button-content-wrapper\">\n\t\t\t\t\t\t\t\t\t<span class=\"elementor-button-text\">Env\u00edanos tu consulta<\/span>\n\t\t\t\t\t<\/span>\n\t\t\t\t\t<\/a>\n\t\t\t\t\t\t\t\t<\/div>\n\t\t\t\t\t<\/div>\n\t\t<\/div>\n\t\t\t\t\t<\/div>\n\t\t<\/section>\n\t\t\t\t\t<\/div>\n\t\t<\/div>\n\t\t\t\t\t<\/div>\n\t\t<\/section>\n\t\t\t\t<\/div>\n\t\t","protected":false},"excerpt":{"rendered":"<p>Espacio para eventos privados El lugar perfecto para tu evento NETWORKING FIESTAS TEM\u00c1TICAS CENAS DE GRUPO NETWORKING FIESTAS TEM\u00c1TICAS CENAS DE GRUPO Donde los momentos se convierten en recuerdos Food Room: El escenario perfecto para crear momentos memorables. Bienvenido a Food Room, el lienzo perfecto para sus eventos privados en Marbella. Food Room: Un espacio [&hellip;]<\/p>\n","protected":false},"author":1,"featured_media":2487,"parent":0,"menu_order":12,"comment_status":"closed","ping_status":"closed","template":"elementor_header_footer","meta":{"footnotes":""},"class_list":["post-2653","page","type-page","status-publish","has-post-thumbnail","hentry"],"yoast_head":"<!-- This site is optimized with the Yoast SEO plugin v27.5 - https:\/\/yoast.com\/product\/yoast-seo-wordpress\/ -->\n<title>[Marbella Private Event Space] Celebraciones inolvidables<\/title>\n<meta name=\"description\" content=\"Convierte tu evento en una experiencia \u00fanica e irrepetible en Food Room. Food Room ofrece un espacio \u00fanico para eventos privados con excepcionales servicios de catering. Ideal para cumplea\u00f1os, bodas y mucho m\u00e1s. Explora y reserva tu fecha hoy mismo.\" \/>\n<meta name=\"robots\" content=\"index, follow, max-snippet:-1, max-image-preview:large, max-video-preview:-1\" \/>\n<link rel=\"canonical\" href=\"https:\/\/www.foodroom.es\/private-event-space-marbella\/\" \/>\n<meta property=\"og:locale\" content=\"es_ES\" \/>\n<meta property=\"og:type\" content=\"article\" \/>\n<meta property=\"og:title\" content=\"[Marbella Private Event Space] Celebraciones inolvidables\" \/>\n<meta property=\"og:description\" content=\"Convierte tu evento en una experiencia \u00fanica e irrepetible en Food Room. Food Room ofrece un espacio \u00fanico para eventos privados con excepcionales servicios de catering. Ideal para cumplea\u00f1os, bodas y mucho m\u00e1s. Explora y reserva tu fecha hoy mismo.\" \/>\n<meta property=\"og:url\" content=\"https:\/\/www.foodroom.es\/private-event-space-marbella\/\" \/>\n<meta property=\"og:site_name\" content=\"FOOD ROOM\" \/>\n<meta property=\"article:modified_time\" content=\"2024-05-09T14:50:09+00:00\" \/>\n<meta property=\"og:image\" content=\"https:\/\/www.foodroom.es\/wp-content\/uploads\/2023\/12\/FOOD-ROOM-5.jpg\" \/>\n\t<meta property=\"og:image:width\" content=\"1000\" \/>\n\t<meta property=\"og:image:height\" content=\"1500\" \/>\n\t<meta property=\"og:image:type\" content=\"image\/jpeg\" \/>\n<meta name=\"twitter:card\" content=\"summary_large_image\" \/>\n<meta name=\"twitter:label1\" content=\"Tiempo de lectura\" \/>\n\t<meta name=\"twitter:data1\" content=\"8 minutos\" \/>\n<script type=\"application\/ld+json\" class=\"yoast-schema-graph\">{\"@context\":\"https:\\\/\\\/schema.org\",\"@graph\":[{\"@type\":\"WebPage\",\"@id\":\"https:\\\/\\\/www.foodroom.es\\\/private-event-space-marbella\\\/\",\"url\":\"https:\\\/\\\/www.foodroom.es\\\/private-event-space-marbella\\\/\",\"name\":\"[Marbella Private Event Space] Celebraciones inolvidables\",\"isPartOf\":{\"@id\":\"https:\\\/\\\/www.foodroom.es\\\/#website\"},\"primaryImageOfPage\":{\"@id\":\"https:\\\/\\\/www.foodroom.es\\\/private-event-space-marbella\\\/#primaryimage\"},\"image\":{\"@id\":\"https:\\\/\\\/www.foodroom.es\\\/private-event-space-marbella\\\/#primaryimage\"},\"thumbnailUrl\":\"https:\\\/\\\/www.foodroom.es\\\/wp-content\\\/uploads\\\/2023\\\/12\\\/FOOD-ROOM-5.jpg\",\"datePublished\":\"2023-10-29T14:49:10+00:00\",\"dateModified\":\"2024-05-09T14:50:09+00:00\",\"description\":\"Convierte tu evento en una experiencia \u00fanica e irrepetible en Food Room. Food Room ofrece un espacio \u00fanico para eventos privados con excepcionales servicios de catering. Ideal para cumplea\u00f1os, bodas y mucho m\u00e1s. Explora y reserva tu fecha hoy mismo.\",\"breadcrumb\":{\"@id\":\"https:\\\/\\\/www.foodroom.es\\\/private-event-space-marbella\\\/#breadcrumb\"},\"inLanguage\":\"es\",\"potentialAction\":[{\"@type\":\"ReadAction\",\"target\":[\"https:\\\/\\\/www.foodroom.es\\\/private-event-space-marbella\\\/\"]}]},{\"@type\":\"ImageObject\",\"inLanguage\":\"es\",\"@id\":\"https:\\\/\\\/www.foodroom.es\\\/private-event-space-marbella\\\/#primaryimage\",\"url\":\"https:\\\/\\\/www.foodroom.es\\\/wp-content\\\/uploads\\\/2023\\\/12\\\/FOOD-ROOM-5.jpg\",\"contentUrl\":\"https:\\\/\\\/www.foodroom.es\\\/wp-content\\\/uploads\\\/2023\\\/12\\\/FOOD-ROOM-5.jpg\",\"width\":1000,\"height\":1500},{\"@type\":\"BreadcrumbList\",\"@id\":\"https:\\\/\\\/www.foodroom.es\\\/private-event-space-marbella\\\/#breadcrumb\",\"itemListElement\":[{\"@type\":\"ListItem\",\"position\":1,\"name\":\"Home\",\"item\":\"https:\\\/\\\/www.foodroom.es\\\/\"},{\"@type\":\"ListItem\",\"position\":2,\"name\":\"Alquiler para fiestas privadas\"}]},{\"@type\":\"WebSite\",\"@id\":\"https:\\\/\\\/www.foodroom.es\\\/#website\",\"url\":\"https:\\\/\\\/www.foodroom.es\\\/\",\"name\":\"FOOD ROOM\",\"description\":\"Private and Corporate Catering Services, Private Chef and Cooking Workshops in Marbella\",\"publisher\":{\"@id\":\"https:\\\/\\\/www.foodroom.es\\\/#organization\"},\"potentialAction\":[{\"@type\":\"SearchAction\",\"target\":{\"@type\":\"EntryPoint\",\"urlTemplate\":\"https:\\\/\\\/www.foodroom.es\\\/?s={search_term_string}\"},\"query-input\":{\"@type\":\"PropertyValueSpecification\",\"valueRequired\":true,\"valueName\":\"search_term_string\"}}],\"inLanguage\":\"es\"},{\"@type\":\"Organization\",\"@id\":\"https:\\\/\\\/www.foodroom.es\\\/#organization\",\"name\":\"FOOD ROOM\",\"url\":\"https:\\\/\\\/www.foodroom.es\\\/\",\"logo\":{\"@type\":\"ImageObject\",\"inLanguage\":\"es\",\"@id\":\"https:\\\/\\\/www.foodroom.es\\\/#\\\/schema\\\/logo\\\/image\\\/\",\"url\":\"https:\\\/\\\/www.foodroom.es\\\/wp-content\\\/uploads\\\/2023\\\/10\\\/FoodRoom-1.png\",\"contentUrl\":\"https:\\\/\\\/www.foodroom.es\\\/wp-content\\\/uploads\\\/2023\\\/10\\\/FoodRoom-1.png\",\"width\":922,\"height\":476,\"caption\":\"FOOD ROOM\"},\"image\":{\"@id\":\"https:\\\/\\\/www.foodroom.es\\\/#\\\/schema\\\/logo\\\/image\\\/\"}}]}<\/script>\n<!-- \/ Yoast SEO plugin. -->","yoast_head_json":{"title":"[Marbella Private Event Space] Celebraciones inolvidables","description":"Convierte tu evento en una experiencia \u00fanica e irrepetible en Food Room. Food Room ofrece un espacio \u00fanico para eventos privados con excepcionales servicios de catering. Ideal para cumplea\u00f1os, bodas y mucho m\u00e1s. Explora y reserva tu fecha hoy mismo.","robots":{"index":"index","follow":"follow","max-snippet":"max-snippet:-1","max-image-preview":"max-image-preview:large","max-video-preview":"max-video-preview:-1"},"canonical":"https:\/\/www.foodroom.es\/private-event-space-marbella\/","og_locale":"es_ES","og_type":"article","og_title":"[Marbella Private Event Space] Celebraciones inolvidables","og_description":"Convierte tu evento en una experiencia \u00fanica e irrepetible en Food Room. Food Room ofrece un espacio \u00fanico para eventos privados con excepcionales servicios de catering. Ideal para cumplea\u00f1os, bodas y mucho m\u00e1s. Explora y reserva tu fecha hoy mismo.","og_url":"https:\/\/www.foodroom.es\/private-event-space-marbella\/","og_site_name":"FOOD ROOM","article_modified_time":"2024-05-09T14:50:09+00:00","og_image":[{"width":1000,"height":1500,"url":"https:\/\/www.foodroom.es\/wp-content\/uploads\/2023\/12\/FOOD-ROOM-5.jpg","type":"image\/jpeg"}],"twitter_card":"summary_large_image","twitter_misc":{"Tiempo de lectura":"8 minutos"},"schema":{"@context":"https:\/\/schema.org","@graph":[{"@type":"WebPage","@id":"https:\/\/www.foodroom.es\/private-event-space-marbella\/","url":"https:\/\/www.foodroom.es\/private-event-space-marbella\/","name":"[Marbella Private Event Space] Celebraciones inolvidables","isPartOf":{"@id":"https:\/\/www.foodroom.es\/#website"},"primaryImageOfPage":{"@id":"https:\/\/www.foodroom.es\/private-event-space-marbella\/#primaryimage"},"image":{"@id":"https:\/\/www.foodroom.es\/private-event-space-marbella\/#primaryimage"},"thumbnailUrl":"https:\/\/www.foodroom.es\/wp-content\/uploads\/2023\/12\/FOOD-ROOM-5.jpg","datePublished":"2023-10-29T14:49:10+00:00","dateModified":"2024-05-09T14:50:09+00:00","description":"Convierte tu evento en una experiencia \u00fanica e irrepetible en Food Room. Food Room ofrece un espacio \u00fanico para eventos privados con excepcionales servicios de catering. Ideal para cumplea\u00f1os, bodas y mucho m\u00e1s. Explora y reserva tu fecha hoy mismo.","breadcrumb":{"@id":"https:\/\/www.foodroom.es\/private-event-space-marbella\/#breadcrumb"},"inLanguage":"es","potentialAction":[{"@type":"ReadAction","target":["https:\/\/www.foodroom.es\/private-event-space-marbella\/"]}]},{"@type":"ImageObject","inLanguage":"es","@id":"https:\/\/www.foodroom.es\/private-event-space-marbella\/#primaryimage","url":"https:\/\/www.foodroom.es\/wp-content\/uploads\/2023\/12\/FOOD-ROOM-5.jpg","contentUrl":"https:\/\/www.foodroom.es\/wp-content\/uploads\/2023\/12\/FOOD-ROOM-5.jpg","width":1000,"height":1500},{"@type":"BreadcrumbList","@id":"https:\/\/www.foodroom.es\/private-event-space-marbella\/#breadcrumb","itemListElement":[{"@type":"ListItem","position":1,"name":"Home","item":"https:\/\/www.foodroom.es\/"},{"@type":"ListItem","position":2,"name":"Alquiler para fiestas privadas"}]},{"@type":"WebSite","@id":"https:\/\/www.foodroom.es\/#website","url":"https:\/\/www.foodroom.es\/","name":"FOOD ROOM","description":"Private and Corporate Catering Services, Private Chef and Cooking Workshops in Marbella","publisher":{"@id":"https:\/\/www.foodroom.es\/#organization"},"potentialAction":[{"@type":"SearchAction","target":{"@type":"EntryPoint","urlTemplate":"https:\/\/www.foodroom.es\/?s={search_term_string}"},"query-input":{"@type":"PropertyValueSpecification","valueRequired":true,"valueName":"search_term_string"}}],"inLanguage":"es"},{"@type":"Organization","@id":"https:\/\/www.foodroom.es\/#organization","name":"FOOD ROOM","url":"https:\/\/www.foodroom.es\/","logo":{"@type":"ImageObject","inLanguage":"es","@id":"https:\/\/www.foodroom.es\/#\/schema\/logo\/image\/","url":"https:\/\/www.foodroom.es\/wp-content\/uploads\/2023\/10\/FoodRoom-1.png","contentUrl":"https:\/\/www.foodroom.es\/wp-content\/uploads\/2023\/10\/FoodRoom-1.png","width":922,"height":476,"caption":"FOOD ROOM"},"image":{"@id":"https:\/\/www.foodroom.es\/#\/schema\/logo\/image\/"}}]}},"jetpack_sharing_enabled":true,"_links":{"self":[{"href":"https:\/\/www.foodroom.es\/es\/wp-json\/wp\/v2\/pages\/2653","targetHints":{"allow":["GET"]}}],"collection":[{"href":"https:\/\/www.foodroom.es\/es\/wp-json\/wp\/v2\/pages"}],"about":[{"href":"https:\/\/www.foodroom.es\/es\/wp-json\/wp\/v2\/types\/page"}],"author":[{"embeddable":true,"href":"https:\/\/www.foodroom.es\/es\/wp-json\/wp\/v2\/users\/1"}],"replies":[{"embeddable":true,"href":"https:\/\/www.foodroom.es\/es\/wp-json\/wp\/v2\/comments?post=2653"}],"version-history":[{"count":0,"href":"https:\/\/www.foodroom.es\/es\/wp-json\/wp\/v2\/pages\/2653\/revisions"}],"wp:featuredmedia":[{"embeddable":true,"href":"https:\/\/www.foodroom.es\/es\/wp-json\/wp\/v2\/media\/2487"}],"wp:attachment":[{"href":"https:\/\/www.foodroom.es\/es\/wp-json\/wp\/v2\/media?parent=2653"}],"curies":[{"name":"wp","href":"https:\/\/api.w.org\/{rel}","templated":true}]}}