{"id":4330,"date":"2026-03-09T17:06:17","date_gmt":"2026-03-09T16:06:17","guid":{"rendered":"https:\/\/www.foodroom.es\/?post_type=product&#038;p=4330"},"modified":"2026-03-10T11:43:12","modified_gmt":"2026-03-10T10:43:12","slug":"taller-de-desayuno-turco-21-de-marzo","status":"publish","type":"product","link":"https:\/\/www.foodroom.es\/es\/producto\/taller-de-desayuno-turco-21-de-marzo\/","title":{"rendered":"Taller de Desayuno Turco \u2013 21 de marzo"},"content":{"rendered":"<p data-start=\"1720\" data-end=\"1794\"><strong data-start=\"1720\" data-end=\"1730\">Fecha:<\/strong> 21 de marzo, 10:30 h \u2013 13:30 h<br data-start=\"1761\" data-end=\"1764\" \/><strong data-start=\"1764\" data-end=\"1775\">Precio:<\/strong> 65 \u20ac por persona<\/p>\n<p data-start=\"1796\" data-end=\"2111\">Descubre la riqueza y hospitalidad de un aut\u00e9ntico desayuno turco, una experiencia gastron\u00f3mica que va mucho m\u00e1s all\u00e1 de la primera comida del d\u00eda. En este taller aprender\u00e1s a preparar una mesa llena de sabores, panes reci\u00e9n hechos, huevos, quesos y cremas tradicionales que reflejan el esp\u00edritu de la cocina turca.<\/p>\n<p data-start=\"2113\" data-end=\"2264\">De la mano de nuestra chef, descubrir\u00e1s recetas aut\u00e9nticas que combinan ingredientes sencillos con t\u00e9cnicas tradicionales y sabores llenos de car\u00e1cter.<\/p>\n<p data-start=\"2266\" data-end=\"2274\"><strong data-start=\"2266\" data-end=\"2274\">Men\u00fa<\/strong><\/p>\n<ul data-start=\"2276\" data-end=\"2843\">\n<li data-section-id=\"s5vh3g\" data-start=\"2348\" data-end=\"2450\">\n<p data-start=\"2350\" data-end=\"2450\"><strong data-start=\"2350\" data-end=\"2361\">Menemen<\/strong><br data-start=\"2361\" data-end=\"2364\" \/>Huevos revueltos con tomate y pimiento, uno de los desayunos m\u00e1s populares de Turqu\u00eda.<\/p>\n<\/li>\n<li data-section-id=\"47qbm5\" data-start=\"2452\" data-end=\"2523\">\n<p data-start=\"2454\" data-end=\"2523\"><strong data-start=\"2454\" data-end=\"2464\">\u00c7\u0131lb\u0131r<\/strong><br data-start=\"2464\" data-end=\"2467\" \/>Huevos escalfados sobre yogur con mantequilla especiada.<\/p>\n<\/li>\n<li data-section-id=\"1pyiw2v\" data-start=\"2525\" data-end=\"2598\">\n<p data-start=\"2527\" data-end=\"2598\"><strong data-start=\"2527\" data-end=\"2548\">Po\u011fa\u00e7a con eneldo<\/strong><br data-start=\"2548\" data-end=\"2551\" \/>Panecillos salados turcos, suaves y arom\u00e1ticos.<\/p>\n<\/li>\n<li data-section-id=\"q1jfv8\" data-start=\"2600\" data-end=\"2677\">\n<p data-start=\"2602\" data-end=\"2677\"><strong data-start=\"2602\" data-end=\"2613\">G\u00f6zleme<\/strong><br data-start=\"2613\" data-end=\"2616\" \/>Pan plano relleno tradicional, reci\u00e9n hecho y lleno de sabor.<\/p>\n<\/li>\n<li data-section-id=\"ciib21\" data-start=\"2679\" data-end=\"2764\">\n<p data-start=\"2681\" data-end=\"2764\"><strong data-start=\"2681\" data-end=\"2715\">Elaboraci\u00f3n de reques\u00f3n casero<\/strong><br data-start=\"2715\" data-end=\"2718\" \/>Aprender\u00e1s a preparar queso fresco desde cero.<\/p>\n<\/li>\n<li data-section-id=\"1b3iy9j\" data-start=\"2766\" data-end=\"2843\">\n<p data-start=\"2768\" data-end=\"2843\"><strong data-start=\"2768\" data-end=\"2777\">Acuka<\/strong><br data-start=\"2777\" data-end=\"2780\" \/>Crema untable turca elaborada con pimientos, nueces y especias.<\/p>\n<\/li>\n<\/ul>\n<p data-start=\"2845\" data-end=\"2950\">Un taller lleno de tradici\u00f3n, sabores intensos y esp\u00edritu de compartir, como un verdadero desayuno turco.<\/p>\n<p data-start=\"2952\" data-end=\"3019\"><strong data-start=\"2952\" data-end=\"3019\">Reserva tu plaza y descubre la magia de las ma\u00f1anas en Turqu\u00eda.<\/strong><\/p>\n","protected":false},"excerpt":{"rendered":"<p>Fecha: 21 de marzo, 10:30 h \u2013 13:30 hPrecio: 65 \u20ac por persona Descubre la riqueza y hospitalidad de un aut\u00e9ntico desayuno turco, una experiencia gastron\u00f3mica que va mucho m\u00e1s all\u00e1 de la primera comida del d\u00eda. En este taller aprender\u00e1s a preparar una mesa llena de sabores, panes reci\u00e9n hechos, huevos, quesos y cremas [&hellip;]<\/p>\n","protected":false},"featured_media":4327,"comment_status":"closed","ping_status":"closed","template":"","meta":[],"product_brand":[],"product_cat":[],"product_tag":[],"class_list":{"0":"post-4330","1":"product","2":"type-product","3":"status-publish","4":"has-post-thumbnail","7":"first","8":"instock","9":"virtual","10":"purchasable","11":"product-type-simple"},"yoast_head":"<!-- This site is optimized with the Yoast SEO plugin v27.5 - https:\/\/yoast.com\/product\/yoast-seo-wordpress\/ -->\n<title>Taller de Desayuno Turco \u2013 21 de marzo - FOOD ROOM<\/title>\n<meta name=\"robots\" content=\"index, follow, max-snippet:-1, max-image-preview:large, max-video-preview:-1\" \/>\n<link rel=\"canonical\" href=\"https:\/\/www.foodroom.es\/es\/producto\/taller-de-desayuno-turco-21-de-marzo\/\" \/>\n<meta property=\"og:locale\" content=\"es_ES\" \/>\n<meta property=\"og:type\" content=\"article\" \/>\n<meta property=\"og:title\" content=\"Taller de Desayuno Turco \u2013 21 de marzo - FOOD ROOM\" \/>\n<meta property=\"og:description\" content=\"Fecha: 21 de marzo, 10:30 h \u2013 13:30 hPrecio: 65 \u20ac por persona Descubre la riqueza y hospitalidad de un aut\u00e9ntico desayuno turco, una experiencia gastron\u00f3mica que va mucho m\u00e1s all\u00e1 de la primera comida del d\u00eda. En este taller aprender\u00e1s a preparar una mesa llena de sabores, panes reci\u00e9n hechos, huevos, quesos y cremas [&hellip;]\" \/>\n<meta property=\"og:url\" content=\"https:\/\/www.foodroom.es\/es\/producto\/taller-de-desayuno-turco-21-de-marzo\/\" \/>\n<meta property=\"og:site_name\" content=\"FOOD ROOM\" \/>\n<meta property=\"article:modified_time\" content=\"2026-03-10T10:43:12+00:00\" \/>\n<meta property=\"og:image\" content=\"https:\/\/www.foodroom.es\/wp-content\/uploads\/2026\/03\/traditionalturkishfoodinistanbulSureyaKahavlti.webp\" \/>\n\t<meta property=\"og:image:width\" content=\"1500\" \/>\n\t<meta property=\"og:image:height\" content=\"914\" \/>\n\t<meta property=\"og:image:type\" content=\"image\/webp\" \/>\n<meta name=\"twitter:card\" content=\"summary_large_image\" \/>\n<meta name=\"twitter:label1\" content=\"Tiempo de lectura\" \/>\n\t<meta name=\"twitter:data1\" content=\"2 minutos\" \/>\n<script type=\"application\/ld+json\" class=\"yoast-schema-graph\">{\"@context\":\"https:\\\/\\\/schema.org\",\"@graph\":[{\"@type\":[\"WebPage\",\"ItemPage\"],\"@id\":\"https:\\\/\\\/www.foodroom.es\\\/es\\\/producto\\\/taller-de-desayuno-turco-21-de-marzo\\\/\",\"url\":\"https:\\\/\\\/www.foodroom.es\\\/es\\\/producto\\\/taller-de-desayuno-turco-21-de-marzo\\\/\",\"name\":\"Taller de Desayuno Turco \u2013 21 de marzo - FOOD ROOM\",\"isPartOf\":{\"@id\":\"https:\\\/\\\/www.foodroom.es\\\/es\\\/#website\"},\"primaryImageOfPage\":{\"@id\":\"https:\\\/\\\/www.foodroom.es\\\/es\\\/producto\\\/taller-de-desayuno-turco-21-de-marzo\\\/#primaryimage\"},\"image\":{\"@id\":\"https:\\\/\\\/www.foodroom.es\\\/es\\\/producto\\\/taller-de-desayuno-turco-21-de-marzo\\\/#primaryimage\"},\"thumbnailUrl\":\"https:\\\/\\\/www.foodroom.es\\\/wp-content\\\/uploads\\\/2026\\\/03\\\/traditionalturkishfoodinistanbulSureyaKahavlti.webp\",\"datePublished\":\"2026-03-09T16:06:17+00:00\",\"dateModified\":\"2026-03-10T10:43:12+00:00\",\"breadcrumb\":{\"@id\":\"https:\\\/\\\/www.foodroom.es\\\/es\\\/producto\\\/taller-de-desayuno-turco-21-de-marzo\\\/#breadcrumb\"},\"inLanguage\":\"es\",\"potentialAction\":[{\"@type\":\"ReadAction\",\"target\":[\"https:\\\/\\\/www.foodroom.es\\\/es\\\/producto\\\/taller-de-desayuno-turco-21-de-marzo\\\/\"]}]},{\"@type\":\"ImageObject\",\"inLanguage\":\"es\",\"@id\":\"https:\\\/\\\/www.foodroom.es\\\/es\\\/producto\\\/taller-de-desayuno-turco-21-de-marzo\\\/#primaryimage\",\"url\":\"https:\\\/\\\/www.foodroom.es\\\/wp-content\\\/uploads\\\/2026\\\/03\\\/traditionalturkishfoodinistanbulSureyaKahavlti.webp\",\"contentUrl\":\"https:\\\/\\\/www.foodroom.es\\\/wp-content\\\/uploads\\\/2026\\\/03\\\/traditionalturkishfoodinistanbulSureyaKahavlti.webp\",\"width\":1500,\"height\":914},{\"@type\":\"BreadcrumbList\",\"@id\":\"https:\\\/\\\/www.foodroom.es\\\/es\\\/producto\\\/taller-de-desayuno-turco-21-de-marzo\\\/#breadcrumb\",\"itemListElement\":[{\"@type\":\"ListItem\",\"position\":1,\"name\":\"Home\",\"item\":\"https:\\\/\\\/www.foodroom.es\\\/es\\\/\"},{\"@type\":\"ListItem\",\"position\":2,\"name\":\"Tienda\",\"item\":\"https:\\\/\\\/www.foodroom.es\\\/es\\\/tienda\\\/\"},{\"@type\":\"ListItem\",\"position\":3,\"name\":\"Taller de Desayuno Turco \u2013 21 de marzo\"}]},{\"@type\":\"WebSite\",\"@id\":\"https:\\\/\\\/www.foodroom.es\\\/es\\\/#website\",\"url\":\"https:\\\/\\\/www.foodroom.es\\\/es\\\/\",\"name\":\"FOOD ROOM\",\"description\":\"Private and Corporate Catering Services, Private Chef and Cooking Workshops in Marbella\",\"publisher\":{\"@id\":\"https:\\\/\\\/www.foodroom.es\\\/es\\\/#organization\"},\"potentialAction\":[{\"@type\":\"SearchAction\",\"target\":{\"@type\":\"EntryPoint\",\"urlTemplate\":\"https:\\\/\\\/www.foodroom.es\\\/es\\\/?s={search_term_string}\"},\"query-input\":{\"@type\":\"PropertyValueSpecification\",\"valueRequired\":true,\"valueName\":\"search_term_string\"}}],\"inLanguage\":\"es\"},{\"@type\":\"Organization\",\"@id\":\"https:\\\/\\\/www.foodroom.es\\\/es\\\/#organization\",\"name\":\"FOOD ROOM\",\"url\":\"https:\\\/\\\/www.foodroom.es\\\/es\\\/\",\"logo\":{\"@type\":\"ImageObject\",\"inLanguage\":\"es\",\"@id\":\"https:\\\/\\\/www.foodroom.es\\\/es\\\/#\\\/schema\\\/logo\\\/image\\\/\",\"url\":\"https:\\\/\\\/www.foodroom.es\\\/wp-content\\\/uploads\\\/2023\\\/10\\\/FoodRoom-1.png\",\"contentUrl\":\"https:\\\/\\\/www.foodroom.es\\\/wp-content\\\/uploads\\\/2023\\\/10\\\/FoodRoom-1.png\",\"width\":922,\"height\":476,\"caption\":\"FOOD ROOM\"},\"image\":{\"@id\":\"https:\\\/\\\/www.foodroom.es\\\/es\\\/#\\\/schema\\\/logo\\\/image\\\/\"}}]}<\/script>\n<!-- \/ Yoast SEO plugin. -->","yoast_head_json":{"title":"Taller de Desayuno Turco \u2013 21 de marzo - FOOD ROOM","robots":{"index":"index","follow":"follow","max-snippet":"max-snippet:-1","max-image-preview":"max-image-preview:large","max-video-preview":"max-video-preview:-1"},"canonical":"https:\/\/www.foodroom.es\/es\/producto\/taller-de-desayuno-turco-21-de-marzo\/","og_locale":"es_ES","og_type":"article","og_title":"Taller de Desayuno Turco \u2013 21 de marzo - FOOD ROOM","og_description":"Fecha: 21 de marzo, 10:30 h \u2013 13:30 hPrecio: 65 \u20ac por persona Descubre la riqueza y hospitalidad de un aut\u00e9ntico desayuno turco, una experiencia gastron\u00f3mica que va mucho m\u00e1s all\u00e1 de la primera comida del d\u00eda. En este taller aprender\u00e1s a preparar una mesa llena de sabores, panes reci\u00e9n hechos, huevos, quesos y cremas [&hellip;]","og_url":"https:\/\/www.foodroom.es\/es\/producto\/taller-de-desayuno-turco-21-de-marzo\/","og_site_name":"FOOD ROOM","article_modified_time":"2026-03-10T10:43:12+00:00","og_image":[{"width":1500,"height":914,"url":"https:\/\/www.foodroom.es\/wp-content\/uploads\/2026\/03\/traditionalturkishfoodinistanbulSureyaKahavlti.webp","type":"image\/webp"}],"twitter_card":"summary_large_image","twitter_misc":{"Tiempo de lectura":"2 minutos"},"schema":{"@context":"https:\/\/schema.org","@graph":[{"@type":["WebPage","ItemPage"],"@id":"https:\/\/www.foodroom.es\/es\/producto\/taller-de-desayuno-turco-21-de-marzo\/","url":"https:\/\/www.foodroom.es\/es\/producto\/taller-de-desayuno-turco-21-de-marzo\/","name":"Taller de Desayuno Turco \u2013 21 de marzo - FOOD ROOM","isPartOf":{"@id":"https:\/\/www.foodroom.es\/es\/#website"},"primaryImageOfPage":{"@id":"https:\/\/www.foodroom.es\/es\/producto\/taller-de-desayuno-turco-21-de-marzo\/#primaryimage"},"image":{"@id":"https:\/\/www.foodroom.es\/es\/producto\/taller-de-desayuno-turco-21-de-marzo\/#primaryimage"},"thumbnailUrl":"https:\/\/www.foodroom.es\/wp-content\/uploads\/2026\/03\/traditionalturkishfoodinistanbulSureyaKahavlti.webp","datePublished":"2026-03-09T16:06:17+00:00","dateModified":"2026-03-10T10:43:12+00:00","breadcrumb":{"@id":"https:\/\/www.foodroom.es\/es\/producto\/taller-de-desayuno-turco-21-de-marzo\/#breadcrumb"},"inLanguage":"es","potentialAction":[{"@type":"ReadAction","target":["https:\/\/www.foodroom.es\/es\/producto\/taller-de-desayuno-turco-21-de-marzo\/"]}]},{"@type":"ImageObject","inLanguage":"es","@id":"https:\/\/www.foodroom.es\/es\/producto\/taller-de-desayuno-turco-21-de-marzo\/#primaryimage","url":"https:\/\/www.foodroom.es\/wp-content\/uploads\/2026\/03\/traditionalturkishfoodinistanbulSureyaKahavlti.webp","contentUrl":"https:\/\/www.foodroom.es\/wp-content\/uploads\/2026\/03\/traditionalturkishfoodinistanbulSureyaKahavlti.webp","width":1500,"height":914},{"@type":"BreadcrumbList","@id":"https:\/\/www.foodroom.es\/es\/producto\/taller-de-desayuno-turco-21-de-marzo\/#breadcrumb","itemListElement":[{"@type":"ListItem","position":1,"name":"Home","item":"https:\/\/www.foodroom.es\/es\/"},{"@type":"ListItem","position":2,"name":"Tienda","item":"https:\/\/www.foodroom.es\/es\/tienda\/"},{"@type":"ListItem","position":3,"name":"Taller de Desayuno Turco \u2013 21 de marzo"}]},{"@type":"WebSite","@id":"https:\/\/www.foodroom.es\/es\/#website","url":"https:\/\/www.foodroom.es\/es\/","name":"FOOD ROOM","description":"Private and Corporate Catering Services, Private Chef and Cooking Workshops in Marbella","publisher":{"@id":"https:\/\/www.foodroom.es\/es\/#organization"},"potentialAction":[{"@type":"SearchAction","target":{"@type":"EntryPoint","urlTemplate":"https:\/\/www.foodroom.es\/es\/?s={search_term_string}"},"query-input":{"@type":"PropertyValueSpecification","valueRequired":true,"valueName":"search_term_string"}}],"inLanguage":"es"},{"@type":"Organization","@id":"https:\/\/www.foodroom.es\/es\/#organization","name":"FOOD ROOM","url":"https:\/\/www.foodroom.es\/es\/","logo":{"@type":"ImageObject","inLanguage":"es","@id":"https:\/\/www.foodroom.es\/es\/#\/schema\/logo\/image\/","url":"https:\/\/www.foodroom.es\/wp-content\/uploads\/2023\/10\/FoodRoom-1.png","contentUrl":"https:\/\/www.foodroom.es\/wp-content\/uploads\/2023\/10\/FoodRoom-1.png","width":922,"height":476,"caption":"FOOD ROOM"},"image":{"@id":"https:\/\/www.foodroom.es\/es\/#\/schema\/logo\/image\/"}}]}},"jetpack_sharing_enabled":true,"_links":{"self":[{"href":"https:\/\/www.foodroom.es\/es\/wp-json\/wp\/v2\/product\/4330","targetHints":{"allow":["GET"]}}],"collection":[{"href":"https:\/\/www.foodroom.es\/es\/wp-json\/wp\/v2\/product"}],"about":[{"href":"https:\/\/www.foodroom.es\/es\/wp-json\/wp\/v2\/types\/product"}],"replies":[{"embeddable":true,"href":"https:\/\/www.foodroom.es\/es\/wp-json\/wp\/v2\/comments?post=4330"}],"wp:featuredmedia":[{"embeddable":true,"href":"https:\/\/www.foodroom.es\/es\/wp-json\/wp\/v2\/media\/4327"}],"wp:attachment":[{"href":"https:\/\/www.foodroom.es\/es\/wp-json\/wp\/v2\/media?parent=4330"}],"wp:term":[{"taxonomy":"product_brand","embeddable":true,"href":"https:\/\/www.foodroom.es\/es\/wp-json\/wp\/v2\/product_brand?post=4330"},{"taxonomy":"product_cat","embeddable":true,"href":"https:\/\/www.foodroom.es\/es\/wp-json\/wp\/v2\/product_cat?post=4330"},{"taxonomy":"product_tag","embeddable":true,"href":"https:\/\/www.foodroom.es\/es\/wp-json\/wp\/v2\/product_tag?post=4330"}],"curies":[{"name":"wp","href":"https:\/\/api.w.org\/{rel}","templated":true}]}}